{"id":248,"date":"2024-08-22T08:43:13","date_gmt":"2024-08-22T06:43:13","guid":{"rendered":"https:\/\/warynski.empressia.dev\/?page_id=248"},"modified":"2026-04-10T12:48:28","modified_gmt":"2026-04-10T10:48:28","slug":"o-nas","status":"publish","type":"page","link":"https:\/\/www.warynski.pl\/o-nas\/","title":{"rendered":"O nas"},"content":{"rendered":"\t<section class=\"hero alignfull relative\">\n\n\t\t\t\t\t<div class=\"pt-96 flex items-end pb-44 lg:h-[60vh] min-h-[20rem] sm:min-h-[30rem] lg:min-h-[40rem] lg:pb-80\">\n\t<div class=\"absolute left-0 top-0 size-full\">\n\t\t\n    \n       \n          \n\t<figure class=\"overflow-hidden h-full\">\n\n\t\t\n\t\t\t\t\t\t\t\t\t\n\t\t\t<img decoding=\"async\" src=\"https:\/\/www.warynski.pl\/wp-content\/uploads\/2024\/09\/pracownicy-w-biurze.jpeg\" srcset=\"https:\/\/www.warynski.pl\/wp-content\/uploads\/2024\/09\/pracownicy-w-biurze.jpeg 1920w, https:\/\/www.warynski.pl\/wp-content\/uploads\/2024\/09\/pracownicy-w-biurze-300x111.jpeg 300w, https:\/\/www.warynski.pl\/wp-content\/uploads\/2024\/09\/pracownicy-w-biurze-1024x380.jpeg 1024w, https:\/\/www.warynski.pl\/wp-content\/uploads\/2024\/09\/pracownicy-w-biurze-768x285.jpeg 768w, https:\/\/www.warynski.pl\/wp-content\/uploads\/2024\/09\/pracownicy-w-biurze-1536x570.jpeg 1536w, https:\/\/www.warynski.pl\/wp-content\/uploads\/2024\/09\/pracownicy-w-biurze-500x186.jpeg 500w\" sizes=\"(max-width: 1920px) 100vw, 1920px\" alt=\"pracownicy-w-biurze\" class=\"h-full w-full object-cover\" width=\"1920\" height=\"713\"  loading=\"lazy\" \/>\n\n\t\t\n\t<\/figure>\n\n\n       \n    \n\t<\/div>\n\t<div class=\"absolute left-0 top-0 size-full bg-page-hero\"><\/div>\n\t<div class=\"container relative z-[1] [&#038;_br]:hidden sm:[&#038;_br]:block\">\n\t\t\n\n\t\t<div>\n\t\t\t\n    <div class=\"heading default left white flex flex-col gap-clamp-32\">\n                \n        \n            <h1 class=\"   \">\n\n                    Poznaj nas\n\n            <\/h1>\n\n            <\/div>\n\n\t\t<\/div>\n\n\t<\/div>\n<\/div>\n\t\t\t<\/section>\n\n\t\t\t<div class=\"mt-clamp-24 alignfull\">\n\t\t\t<div class=\"container\">\n\t\t\t\t<div class=\"breadcrumbs overflow-x-auto\">\n\t<div class=\"breadcrumbs__inner flex w-max\">\n\t\t<span><span><a href=\"https:\/\/www.warynski.pl\/\">Strona g\u0142\u00f3wna<\/a><\/span><\/span>\n\t<\/div>\n<\/div>\n\t\t\t<\/div>\n\t\t<\/div>\n\t\n\n\n<section class=\"my-clamp-104 grid gap-clamp-40 grid-cols-1 lg:grid-cols-12\">\n    <div data-aos=\"fade-right\" class=\"lg:col-span-7 flex flex-col justify-center\">\n        \n    <div class=\"heading default left black flex flex-col gap-clamp-32\">\n                \n        \n            <h4 class=\"   mb-clamp-40 normal-case\">\n\n                    Wary\u0144ski S.A. Grupa Holdingowa to\u00a0aktywna, nowoczesna i dynamicznie rozwijaj\u0105ca si\u0119 grupa kapita\u0142owa\u00a0z bogat\u0105 tradycj\u0105.\u00a0\n\n            <\/h4>\n\n            <\/div>\n\n\n        <div class=\"text-md text-neutral-700 max-w-[66.3rem]\"><p>Od samego pocz\u0105tku firma jest istotnym filarem przemys\u0142owym warszawskiej Woli, gdzie aktualnie realizuje inwestycje mieszkaniowe i biurowe. Aktywno\u015b\u0107 na rynku deweloperskim i budowanie silnej pozycji na rynku nieruchomo\u015bci to obecnie kluczowe obszary dzia\u0142alno\u015bci ca\u0142ej Grupy.<\/p>\n<\/div>\n    <\/div>\n    <div data-aos=\"fade-left\" class=\"lg:col-span-5 flex justify-center\">\n        \n    \n       \n          \n\t<figure class=\"overflow-hidden max-w-[43.6rem]\">\n\n\t\t\n\t\t\t\t\t\t\t\t\t\n\t\t\t<img decoding=\"async\" src=\"https:\/\/www.warynski.pl\/wp-content\/uploads\/2024\/08\/logo-sygnet-1.svg\" srcset=\"\" sizes=\"\" alt=\"logo-sygnet\" class=\"h-full w-full object-cover\" width=\"442\" height=\"444\"  loading=\"lazy\" \/>\n\n\t\t\n\t<\/figure>\n\n\n       \n    \n    <\/div>\n<\/section>\n\n<section class=\"tile-slider splide alignfull bg-neutral-50 py-clamp-80\">\n    <div class=\"container grid grid-cols-1 lg:grid-cols-3 gap-40\">\n        <div class=\"flex flex-col justify-between\">\n            <div>\n                \n    <div class=\"heading default left black flex flex-col gap-clamp-32\">\n                    <div class=\"flex gap-[1.5rem] items-center\">\n                <div class=\"w-clamp-40 h-[.3rem] bg-primary-50\"><\/div>\n                <p class=\"text-label uppercase text-neutral-800\">W co wierzymy<\/p>\n            <\/div>\n                \n        \n            <h2 class=\"  uppercase mb-clamp-32 \">\n\n                    Nasze warto\u015bci\n\n            <\/h2>\n\n            <\/div>\n\n\n                            <\/div>\n\n            <div class=\"slider-arrows splide__arrows splide__arrows--ltr [&#038;_button]:size-56 [&#038;_button]:rounded-full [&#038;_button]:border-transparent [&#038;_button]:border-1 [&#038;_button]:flex [&#038;_button]:items-center [&#038;_button]:justify-center [&#038;_button]:transition-colors [&#038;_button]:duration-300 [&#038;_button]:easy-in-out [&#038;_button:hover]:border-neutral-100 [&#038;_button:disabled]:opacity-25 [&#038;_button:disabled]:pointer-events-none opacity-100 transition-all flex gap-8 text-primary-50\">\n    <button\n        class=\"splide__arrow splide__arrow--prev slider-prev -left-24\"\n        type=\"button\"\n        aria-label=\"Poprzedni slajd\"\n        aria-controls=\"splide01-track\"\n    >\n        <svg xmlns=\"http:\/\/www.w3.org\/2000\/svg\" width=\"56\" height=\"56\" viewBox=\"0 0 56 56\" fill=\"none\">\n<path d=\"M30.5 23L25.5 28L30.5 33\" stroke=\"currentColor\" stroke-width=\"4\" stroke-linecap=\"square\"\/>\n<\/svg>\n    <\/button>\n    <button\n        class=\"splide__arrow splide__arrow--next slider-next -right-24 [&#038;_svg]:rotate-180\"\n        type=\"button\"\n        aria-label=\"Nast\u0119pny slajd\"\n        aria-controls=\"splide01-track\"\n    >\n        <svg xmlns=\"http:\/\/www.w3.org\/2000\/svg\" width=\"56\" height=\"56\" viewBox=\"0 0 56 56\" fill=\"none\">\n<path d=\"M30.5 23L25.5 28L30.5 33\" stroke=\"currentColor\" stroke-width=\"4\" stroke-linecap=\"square\"\/>\n<\/svg>\n    <\/button>\n<\/div>\n        <\/div>\n        <div class=\"col-span-2\">\n            <div class=\"splide__track\">\n                <div class=\"splide__list\">\n                                            <div class=\"splide__slide bg-neutral-0 px-clamp-32 py-clamp-40 flex flex-col justify-between w-[25rem] lg:w-[32.4rem] gap-40 lg:gap-0 lg:aspect-square [&#038;_svg]:size-clamp-40\">\n\n            \n    \n       \n          <span class=\"svg-container inline-block\">\n    <?xml version=\"1.0\" encoding=\"UTF-8\"?>\n<svg xmlns=\"http:\/\/www.w3.org\/2000\/svg\" width=\"43\" height=\"43\" viewBox=\"0 0 43 43\" fill=\"none\">\n  <path d=\"M39.4375 18.9268L21 3.56223L2.5625 18.9268V40.4372H19\" stroke=\"#161616\" stroke-width=\"4\" stroke-miterlimit=\"10\" stroke-linecap=\"square\"><\/path>\n  <path d=\"M30.2187 27.2028C30.2187 27.2028 31.7675 24.8672 34.8281 24.8672C37.5569 24.8672 39.4375 27.265 39.4375 30.0573C39.4375 33.2894 36.874 37.1136 30.2187 40.4375C23.5635 37.1136 21 33.2894 21 30.0573C21 27.265 22.8806 24.8672 25.6094 24.8672C28.67 24.8672 30.2187 27.2028 30.2187 27.2028Z\" stroke=\"#161616\" stroke-width=\"4\" stroke-miterlimit=\"10\" stroke-linecap=\"square\"><\/path>\n<\/svg>\n\n<\/span>\n\n       \n    \n    \n    <p class=\"h6 text-neutral-1000\">Stawiamy nie tylko na funkcjonalno\u015b\u0107, ale te\u017c na estetyk\u0119<\/p>\n<\/div>                                            <div class=\"splide__slide bg-neutral-0 px-clamp-32 py-clamp-40 flex flex-col justify-between w-[25rem] lg:w-[32.4rem] gap-40 lg:gap-0 lg:aspect-square [&#038;_svg]:size-clamp-40\">\n\n            \n    \n       \n          <span class=\"svg-container inline-block\">\n    <?xml version=\"1.0\" encoding=\"UTF-8\"?>\n<svg xmlns=\"http:\/\/www.w3.org\/2000\/svg\" width=\"51\" height=\"45\" viewBox=\"0 0 51 45\" fill=\"none\">\n  <path d=\"M21.875 42.4375H28.125\" stroke=\"#161616\" stroke-width=\"4\" stroke-miterlimit=\"10\" stroke-linecap=\"square\"><\/path>\n  <path d=\"M25 6.78748C18.6486 6.78748 13.5 11.9361 13.5 18.2875C13.5 22.0616 15.3386 25.3782 18.1512 27.4678C18.8788 28.0083 19.25 28.9075 19.25 29.8138V32.0875C19.25 33.6753 20.5372 34.9625 22.125 34.9625H27.875C29.4628 34.9625 30.75 33.6753 30.75 32.0875V29.8139C30.75 28.9076 31.1212 28.0083 31.8488 27.4679C34.6614 25.3782 36.5 22.0616 36.5 18.2875C36.5 11.9361 31.3514 6.78748 25 6.78748Z\" stroke=\"#161616\" stroke-width=\"4\" stroke-miterlimit=\"10\" stroke-linecap=\"square\"><\/path>\n  <path d=\"M38.9998 5.81213L41.6143 3.19785\" stroke=\"#161616\" stroke-width=\"4\" stroke-miterlimit=\"10\" stroke-linecap=\"square\"><\/path>\n  <path d=\"M38.9998 30.1979L41.6143 32.8122\" stroke=\"#161616\" stroke-width=\"4\" stroke-miterlimit=\"10\" stroke-linecap=\"square\"><\/path>\n  <path d=\"M8.99982 3.19791L11.6143 5.81219\" stroke=\"#161616\" stroke-width=\"4\" stroke-miterlimit=\"10\" stroke-linecap=\"square\"><\/path>\n  <path d=\"M8.99933 32.8121L11.6139 30.1978\" stroke=\"#161616\" stroke-width=\"4\" stroke-miterlimit=\"10\" stroke-linecap=\"square\"><\/path>\n  <path d=\"M2.68424 19.1339H6.41634\" stroke=\"#161616\" stroke-width=\"4\" stroke-miterlimit=\"10\" stroke-linecap=\"square\"><\/path>\n  <path d=\"M43.9993 18.8948H48.2097\" stroke=\"#161616\" stroke-width=\"4\" stroke-miterlimit=\"10\" stroke-linecap=\"square\"><\/path>\n<\/svg>\n\n<\/span>\n\n       \n    \n    \n    <p class=\"h6 text-neutral-1000\">Innowacyjne rozwi\u0105zania projektowe s\u0105 dla nas priorytetem<\/p>\n<\/div>                                            <div class=\"splide__slide bg-neutral-0 px-clamp-32 py-clamp-40 flex flex-col justify-between w-[25rem] lg:w-[32.4rem] gap-40 lg:gap-0 lg:aspect-square [&#038;_svg]:size-clamp-40\">\n\n            \n    \n       \n          <span class=\"svg-container inline-block\">\n    <?xml version=\"1.0\" encoding=\"UTF-8\"?>\n<svg xmlns=\"http:\/\/www.w3.org\/2000\/svg\" width=\"40\" height=\"43\" viewBox=\"0 0 40 43\" fill=\"none\">\n  <path d=\"M16 21.125L19.125 24.25L25.375 18\" stroke=\"#161616\" stroke-width=\"4\" stroke-miterlimit=\"10\" stroke-linecap=\"square\"><\/path>\n  <path d=\"M36.8125 8.5C36.8125 36.625 20.4062 40.4453 20.4062 40.4453C20.4062 40.4453 4 36.625 4 8.5C12.5 7 20.4062 3 20.4062 3C20.4062 3 29 7 36.8125 8.5Z\" stroke=\"#161616\" stroke-width=\"4\" stroke-miterlimit=\"10\" stroke-linecap=\"square\"><\/path>\n<\/svg>\n\n<\/span>\n\n       \n    \n    \n    <p class=\"h6 text-neutral-1000\">Dbamy o wysok\u0105 jako\u015b\u0107 wykonania z dba\u0142o\u015bci\u0105 o detale<\/p>\n<\/div>                                            <div class=\"splide__slide bg-neutral-0 px-clamp-32 py-clamp-40 flex flex-col justify-between w-[25rem] lg:w-[32.4rem] gap-40 lg:gap-0 lg:aspect-square [&#038;_svg]:size-clamp-40\">\n\n            \n    \n       \n          <span class=\"svg-container inline-block\">\n    <?xml version=\"1.0\" encoding=\"UTF-8\"?>\n<svg xmlns=\"http:\/\/www.w3.org\/2000\/svg\" width=\"41\" height=\"41\" viewBox=\"0 0 41 41\" fill=\"none\">\n  <g id=\"leaf (1) 1\">\n    <g id=\"g291\">\n      <path id=\"path303\" d=\"M34.4736 2.53166C26.4089 1.52377 16.5932 2.26494 9.2691 9.58775C4.26707 14.5948 4.26707 22.7253 9.2691 27.7324C14.2773 32.7393 22.4111 32.7393 27.413 27.7324C34.7371 20.4089 24.5951 8.78135 34.4736 2.53166Z\" stroke=\"#161616\" stroke-width=\"4\" stroke-miterlimit=\"10\" stroke-linecap=\"round\"><\/path>\n      <path id=\"path307\" d=\"M11.2891 29.7482C11.2891 13.6202 24.3934 2.53164 34.4727 2.53164\" stroke=\"#161616\" stroke-width=\"4\" stroke-miterlimit=\"10\" stroke-linecap=\"round\"><\/path>\n      <path id=\"path311\" d=\"M11.2891 29.7482V39\" stroke=\"#161616\" stroke-width=\"4\" stroke-miterlimit=\"10\" stroke-linecap=\"square\"><\/path>\n    <\/g>\n  <\/g>\n<\/svg>\n\n<\/span>\n\n       \n    \n    \n    <p class=\"h6 text-neutral-1000\">Promujemy technologie przyjazne dla \u015brodowiska<\/p>\n<\/div>                                            <div class=\"splide__slide bg-neutral-0 px-clamp-32 py-clamp-40 flex flex-col justify-between w-[25rem] lg:w-[32.4rem] gap-40 lg:gap-0 lg:aspect-square [&#038;_svg]:size-clamp-40\">\n\n            \n    \n       \n          <span class=\"svg-container inline-block\">\n    <?xml version=\"1.0\" encoding=\"UTF-8\"?>\n<svg xmlns=\"http:\/\/www.w3.org\/2000\/svg\" width=\"40\" height=\"40\" viewBox=\"0 0 40 40\" fill=\"none\">\n  <g id=\"user (5) 1\">\n    <g id=\"g915\">\n      <g id=\"g917\">\n        <path id=\"path927\" d=\"M11 11C11 6.02947 15.0295 2 20 2C24.9705 2 29 6.02947 29 11C29 15.9705 24.9705 20 20 20C15.0295 20 11 15.9705 11 11Z\" stroke=\"#161616\" stroke-width=\"4\" stroke-miterlimit=\"10\" stroke-linecap=\"round\"><\/path>\n        <path id=\"path931\" d=\"M2 38C2 28.6112 9.61117 21 19 21\" stroke=\"#161616\" stroke-width=\"4\" stroke-miterlimit=\"10\" stroke-linecap=\"square\"><\/path>\n        <path id=\"path931_2\" d=\"M38 38C38 28.6112 30.3888 21 21 21\" stroke=\"#161616\" stroke-width=\"4\" stroke-miterlimit=\"10\" stroke-linecap=\"square\"><\/path>\n      <\/g>\n    <\/g>\n  <\/g>\n<\/svg>\n\n<\/span>\n\n       \n    \n    \n    <p class=\"h6 text-neutral-1000\">Dbamy o odpowiedzialno\u015b\u0107 spo\u0142eczn\u0105<\/p>\n<\/div>                                    <\/div>\n            <\/div>\n        <\/div>\n    <\/div>\n<\/section>\n\n<section class=\"text-with-image alignfull my-clamp-104\">\n  <div class=\"container container--tight grid grid-cols-1 lg:grid-cols-10\">\n    <div data-aos=\"fade-right\" class=\"lg:col-span-4 relative\">\n              <figure class=\"relative aspect-[.74]\">\n          <video class=\"object-cover h-full absolute\" autoplay muted loop playsinline preload=\"none\">\n            <source src=\"https:\/\/www.warynski.pl\/wp-content\/uploads\/2024\/10\/warynski-warszawa-2-1.mp4\" type=\"video\/mp4\">\n          <\/video>\n          <figcaption class=\"absolute left-24 right-24 bottom-24\">\n            <progress class=\"relative h-[.5rem] border-0 w-full\" id=\"progress\" max=\"100\" value=\"0\">Progress<\/progress>\n        <\/figcaption>\n      <\/figure>\n    \n    <div class=\"absolute bg-primary-50 -z-[1] w-[23.1rem] h-[32.3rem]  -left-10 lg:-left-20 -top-10 lg:-top-20 \"><\/div>\n      <\/div>\n  <div data-aos=\"fade-left\" class=\"lg:col-span-6 mt-clamp-40 lg:ml-clamp-130\">\n    \n    <div class=\"heading default left black flex flex-col gap-clamp-32\">\n                    <div class=\"flex gap-[1.5rem] items-center\">\n                <div class=\"w-clamp-40 h-[.3rem] bg-primary-50\"><\/div>\n                <p class=\"text-label uppercase text-neutral-800\">Nasze priorytety<\/p>\n            <\/div>\n                \n        \n            <h2 class=\"   mb-20 uppercase\">\n\n                    Stawiamy na nowoczesne i przyjazne przestrzenie mieszkaniowe\n\n            <\/h2>\n\n            <\/div>\n\n    <div class=\"text-sm text-neutral-700 space-y-24 \"><p>Koncentrujemy swoje plany g\u0142\u00f3wnie w segmencie mieszkaniowym stawiaj\u0105c na nowoczesne i przyjazne przestrzenie mieszkaniowe. Priorytetem s\u0105 innowacyjne rozwi\u0105zania projektowe, technologie przyjazne dla \u015brodowiska, wysoka jako\u015b\u0107 wykonania z dba\u0142o\u015bci\u0105 o detale. Zale\u017cy nam na tworzeniu idealnych przestrzeni do \u017cycia, wspieraj\u0105cych wzajemne dobre relacje mi\u0119dzy mieszka\u0144cami.<\/p>\n<\/div>\n  <\/div>\n<\/div><\/section>\n\n\n\n<div id=\"misja-i-wizja\" class=\"wp-block-group alignfull eplus-wrapper\"><div class=\"wp-block-group__inner-container is-layout-constrained wp-block-group-is-layout-constrained\"><section class=\"alignfull bg-neutral-50 pt-clamp-64 pb-clamp-80 overflow-hidden\">\n    <section class=\"easing-text alignfull relative [&#038;_h2]:text-neutral-1000 [&#038;_h2]:leading-[1.25] [&#038;_h2]:sm:text-[5rem] [&#038;_h2]:lg:text-[10rem] [&#038;_h2]:xl:text-[12rem] [&#038;_h2]:font-semibold\">\n    <div class=\"container\">\n        <h2 class=\"animate-heading-left\">Warto\u015b\u0107 z tradycji,<\/h2>\n        <h2 class=\"animate-heading-right text-right\">sukces w inwestycji<\/h2>\n    <\/div>\n<\/section>    <div class=\"mt-clamp-104\">\n        <section class=\"container container--tight grid grid-cols-1 lg:grid-cols-2 gap-40 lg:gap-[6.8rem]\">\n            <div data-aos=\"fade-up\" data-aos-delay=\"200\">\n            <div class=\"mb-clamp-36 flex items-center gap-16\">\n                <div class=\"w-40 h-[.3rem] bg-primary-50\"><\/div>\n                <p class=\"text-md font-semibold text-neutral-1000\">NASZ\u0104 MISJ\u0104 JEST&#8230;<\/p>\n            <\/div>\n            <div class=\"wysiwyg text-md text-neutral-700 space-y-24\"><p>Tworzenie nowego \u0142adu przestrzennego poprzez budow\u0119 nowoczesnych, ekologicznych, estetycznych, certyfikowanych i inteligentnych powierzchni mieszkaniowych i biurowych, a tak\u017ce takie zarz\u0105dzanie i dewelopowanie nieruchomo\u015bciami, w szczeg\u00f3lno\u015bci nieruchomo\u015bciami zb\u0119dnymi dla cel\u00f3w podstawowej dzia\u0142alno\u015bci Sp\u00f3\u0142ek z Grupy PGZ, aby najwi\u0119ksz\u0105 korzy\u015b\u0107 odni\u00f3s\u0142 Skarb Pa\u0144stwa.<\/p>\n<\/div>\n        <\/div>\n            <div data-aos=\"fade-up\" data-aos-delay=\"400\">\n            <div class=\"mb-clamp-36 flex items-center gap-16\">\n                <div class=\"w-40 h-[.3rem] bg-primary-50\"><\/div>\n                <p class=\"text-md font-semibold text-neutral-1000\">DBAMY O&#8230;<\/p>\n            <\/div>\n            <div class=\"wysiwyg text-md text-neutral-700 space-y-24\"><p>Obszar spo\u0142ecznej odpowiedzialno\u015bci biznesu (CSR), umacniaj\u0105c tym samym nazw\u0119 Sp\u00f3\u0142ki i kreuj\u0105c rozpoznawalno\u015b\u0107 marki uwzgl\u0119dniaj\u0105cej interesy spo\u0142eczne oraz dbaj\u0105cej o \u015brodowisko.<\/p>\n<p>Jeste\u015bmy przekonani, \u017ce wsp\u00f3\u0142odpowiedzialno\u015b\u0107 pracownik\u00f3w za przysz\u0142o\u015b\u0107 firmy oraz ich szacunek dla pracy to najlepsze\u00a0\u017ar\u00f3d\u0142a motywacji i lojalno\u015bci. Wierzymy, \u017ce tradycyjne warto\u015bci przek\u0142adaj\u0105 si\u0119 na sukces.<\/p>\n<\/div>\n        <\/div>\n    <\/section>    <\/div>\n<\/section><\/div><\/div>\n\n\n<section class=\"my-clamp-80 flex flex-col lg:flex-row gap-40 lg:gap-0\">\n    <div data-aos=\"fade-right\" data-aos-delay=\"200\" class=\"xxl:min-w-[45.3rem] lg:mr-64 xxl:mr-[9.8rem]\">\n        \n    <div class=\"heading default left black flex flex-col gap-clamp-32\">\n                    <div class=\"flex gap-[1.5rem] items-center\">\n                <div class=\"w-clamp-40 h-[.3rem] bg-primary-50\"><\/div>\n                <p class=\"text-label uppercase text-neutral-800\">Nasza wizja<\/p>\n            <\/div>\n                \n        \n            <h2 class=\"   uppercase\">\n\n                    Chcemy stworzy\u0107 zwart\u0105, efektywn\u0105 i nowoczesn\u0105 Grup\u0119 Kapita\u0142ow\u0105\n\n            <\/h2>\n\n            <\/div>\n\n    <\/div>\n    <div data-aos=\"fade-right\" data-aos-delay=\"400\" class=\"lg:max-w-[33rem] xxl:max-w-[43.7rem] lg:mt-56 text-md text-neutral-700 lg:mr-clamp-80 space-y-16\">\n        <p>Naszym celem jest stanie si\u0119 liderem rynku w zakresie jako\u015bci oferowanych produkt\u00f3w oraz \u015bwiadczonych us\u0142ug. Bogata historia oraz wsp\u00f3\u0142dzia\u0142anie i wzajemne wsparcie wszystkich podmiot\u00f3w Grupy, z Polsk\u0105 Grup\u0105 Zbrojeniow\u0105 S.A. na czele, pomagaj\u0105 nam w d\u0105\u017ceniu do tego celu i sprawiaj\u0105, \u017ce nasza efektywno\u015b\u0107 stale wzrasta.<\/p>\n<p>Bazuj\u0105c na wieloletniej i obfituj\u0105cej w do\u015bwiadczenie obecno\u015bci w szeroko rozumianym sektorze budownictwa oraz na silnych fundamentach kapita\u0142owych b\u0119dziemy konsekwentnie podejmowa\u0107 kolejne szanse rynkowe i rozwija\u0107 si\u0119.<\/p>\n\n    <\/div>\n\n    <div data-aos=\"fade-right\" data-aos-delay=\"600\" class=\"relative flex items-end\">\n        \n    \n       \n          \n\t<figure class=\"overflow-hidden aspect-square lg:aspect-[.54] mr-10 lg:mr-20\">\n\n\t\t\n\t\t\t\t\t\t\t\t\t\n\t\t\t<img decoding=\"async\" src=\"https:\/\/www.warynski.pl\/wp-content\/uploads\/2024\/09\/miast-warszawa.jpeg\" srcset=\"https:\/\/www.warynski.pl\/wp-content\/uploads\/2024\/09\/miast-warszawa.jpeg 1920w, https:\/\/www.warynski.pl\/wp-content\/uploads\/2024\/09\/miast-warszawa-300x200.jpeg 300w, https:\/\/www.warynski.pl\/wp-content\/uploads\/2024\/09\/miast-warszawa-1024x683.jpeg 1024w, https:\/\/www.warynski.pl\/wp-content\/uploads\/2024\/09\/miast-warszawa-768x512.jpeg 768w, https:\/\/www.warynski.pl\/wp-content\/uploads\/2024\/09\/miast-warszawa-1536x1025.jpeg 1536w, https:\/\/www.warynski.pl\/wp-content\/uploads\/2024\/09\/miast-warszawa-500x334.jpeg 500w\" sizes=\"(max-width: 1920px) 100vw, 1920px\" alt=\"miast-warszawa\" class=\"h-full w-full object-cover\" width=\"1920\" height=\"1281\"  loading=\"lazy\" \/>\n\n\t\t\n\t<\/figure>\n\n\n       \n    \n        <div class=\"bg-primary-50 w-4\/5 xl:w-[23.1rem] h-[32.3rem] absolute -z-[1] right-0 -bottom-10 lg:-bottom-24\"><\/div>\n    <\/div>\n<\/section>\n\n<section class=\"management my-clamp-80\">\n    <div data-aos=\"fade-up\">\n        \n    <div class=\"heading default center black flex flex-col gap-clamp-32\">\n                    <div class=\"flex gap-[1.5rem] items-center\">\n                <div class=\"w-clamp-40 h-[.3rem] bg-primary-50\"><\/div>\n                <p class=\"text-label uppercase text-neutral-800\">Poznaj<\/p>\n            <\/div>\n                \n        \n            <h2 class=\"  normal-case mb-clamp-80 uppercase\">\n\n                    ZARZ\u0104D <br> Wary\u0144ski S.A. Grupa Holdingowa\n\n            <\/h2>\n\n            <\/div>\n\n    <\/div>\n\n    <div class=\"grid grid-cols-1 lg:grid-cols-2 gap-32 sm:gap-16\">\n                    <div data-aos=\"fade-up\" data-aos-delay=\"200\">\n                <div class=\"flex flex-col sm:flex-row relative\">\n                    <div class=\"sm:max-w-[32.4rem] sm:min-w-[32.4rem] bg-neutral-50 aspect-square flex justify-center items-end\">\n                                                    \n    \n       \n          \n\t<figure class=\"overflow-hidden \">\n\n\t\t\n\t\t\t\t\t\t\t\t\t\n\t\t\t<img decoding=\"async\" src=\"https:\/\/www.warynski.pl\/wp-content\/uploads\/2024\/09\/Frame-192013.png\" srcset=\"https:\/\/www.warynski.pl\/wp-content\/uploads\/2024\/09\/Frame-192013.png 648w, https:\/\/www.warynski.pl\/wp-content\/uploads\/2024\/09\/Frame-192013-300x298.png 300w, https:\/\/www.warynski.pl\/wp-content\/uploads\/2024\/09\/Frame-192013-150x150.png 150w, https:\/\/www.warynski.pl\/wp-content\/uploads\/2024\/09\/Frame-192013-500x497.png 500w\" sizes=\"(max-width: 648px) 100vw, 648px\" alt=\"Wojciech Wilhelm Zhang-Czabanowski\" class=\"h-full w-full object-cover\" width=\"648\" height=\"644\"  loading=\"lazy\" \/>\n\n\t\t\n\t<\/figure>\n\n\n       \n    \n                                            <\/div>\n                    <p class=\"sm:hidden text-xs text-neutral-500 mt-8\">Fot. Adam Golec<\/p>\n                    <div class=\"sm:px-16 py-16 sm:py-0 relative \">\n                        <p class=\"text-16 text-neutral-800 leading-[1.5] mb-16 \">PREZES ZARZ\u0104DU<\/p>\n                        <p class=\"text-[2.6rem] leading-[1.48] text-neutral-1000 font-bold\">Wojciech Wilhelm Zhang-Czabanowski<\/p>\n                    <\/div>\n                    <div class=\"size-40 border-b-5 border-r-5 border-primary-50 absolute right-0 bottom-0\"><\/div>\n                <\/div>\n                <p class=\"hidden lg:block text-xs text-neutral-500 mt-8\">Fot. Adam Golec<\/p>\n            <\/div>\n            <p class=\"hidden sm:block lg:hidden text-xs text-neutral-500 -mt-8\">Fot. Adam Golec<\/p>\n                    <div data-aos=\"fade-up\" data-aos-delay=\"400\">\n                <div class=\"flex flex-col sm:flex-row relative\">\n                    <div class=\"sm:max-w-[32.4rem] sm:min-w-[32.4rem] bg-neutral-50 aspect-square flex justify-center items-end\">\n                                                    \n    \n       \n          \n\t<figure class=\"overflow-hidden \">\n\n\t\t\n\t\t\t\t\t\t\t\t\t\n\t\t\t<img decoding=\"async\" src=\"https:\/\/www.warynski.pl\/wp-content\/uploads\/2025\/02\/Tomasz-Czuchra-tlo.webp\" srcset=\"https:\/\/www.warynski.pl\/wp-content\/uploads\/2025\/02\/Tomasz-Czuchra-tlo.webp 648w, https:\/\/www.warynski.pl\/wp-content\/uploads\/2025\/02\/Tomasz-Czuchra-tlo-300x298.webp 300w, https:\/\/www.warynski.pl\/wp-content\/uploads\/2025\/02\/Tomasz-Czuchra-tlo-150x150.webp 150w, https:\/\/www.warynski.pl\/wp-content\/uploads\/2025\/02\/Tomasz-Czuchra-tlo-500x497.webp 500w\" sizes=\"(max-width: 648px) 100vw, 648px\" alt=\"Tomasz Czuchra t\u0142o\" class=\"h-full w-full object-cover\" width=\"648\" height=\"644\"  loading=\"lazy\" \/>\n\n\t\t\n\t<\/figure>\n\n\n       \n    \n                                            <\/div>\n                    <p class=\"sm:hidden text-xs text-neutral-500 mt-8\">Fot. Mariusz \u015amietanka<\/p>\n                    <div class=\"sm:px-16 py-16 sm:py-0 relative flex flex-col justify-end\">\n                        <p class=\"text-16 text-neutral-800 leading-[1.5] mb-16 \">WICEPREZES ZARZ\u0104DU<\/p>\n                        <p class=\"text-[2.6rem] leading-[1.48] text-neutral-1000 font-bold\">Tomasz Czuchra<\/p>\n                    <\/div>\n                    <div class=\"size-40 border-b-5 border-r-5 border-primary-50 absolute right-0 bottom-0 sm:top-0 sm:rotate-[270deg]\"><\/div>\n                <\/div>\n                <p class=\"hidden lg:block text-xs text-neutral-500 mt-8\">Fot. Mariusz \u015amietanka<\/p>\n            <\/div>\n            <p class=\"hidden sm:block lg:hidden text-xs text-neutral-500 -mt-8\">Fot. Mariusz \u015amietanka<\/p>\n            <\/div>\n<\/section>\n\n\n  <section class=\"tabs grid grid-cols-1 lg:grid-cols-2\">\n\n    <header class=\"tabs__header mt-clamp-40 lg:mt-0 flex flex-col gap-clamp-36 mb-24 lg:mb-0 \">\n      \n        <a role=\"button\" class=\"tabs__single-tab-button max-w-[34rem] flex gap-16 text-18 md:text-20 is-active\" aria-label=\"Rada Nadzorcza Wary\u0144ski S.A. Grupa Holdingowa\">\n          <span class=\"svg-container text-primary-50 min-w-16\">\n            <svg xmlns=\"http:\/\/www.w3.org\/2000\/svg\" width=\"16\" height=\"28\" viewBox=\"0 0 16 28\" fill=\"none\">\n<path d=\"M6 8.5L11 13.5L6 18.5\" stroke=\"currentColor\" stroke-width=\"5\" stroke-linecap=\"square\"\/>\n<\/svg>\n          <\/span>\n          Rada Nadzorcza Wary\u0144ski S.A. Grupa Holdingowa\n        <\/a>\n\n          <\/header>\n\n    <div class=\"tabs__contents \">\n                        <article class=\"tabs__single-tab-content flex flex-col gap-16 lg:max-w-[55rem] is-active\">\n                          <div class=\"py-clamp-40 px-clamp-32 border-1 border-neutral-100\">\n                <p class=\"text-18 md:text-22 font-bold text-neutral-1000 leading-[1.58] mb-12\">Mariusz Tomasz Strasz<\/p>\n                <p class=\"text-15 md:text-16 leading-[1.5] text-neutral-800\">PRZEWODNICZ\u0104CY RADY NADZORCZEJ<\/p>\n              <\/div>\n                          <div class=\"py-clamp-40 px-clamp-32 border-1 border-neutral-100\">\n                <p class=\"text-18 md:text-22 font-bold text-neutral-1000 leading-[1.58] mb-12\">Adam Mariusz Ludkiewicz<\/p>\n                <p class=\"text-15 md:text-16 leading-[1.5] text-neutral-800\">WICEPRZEWODNICZ\u0104CY RADY NADZORCZEJ<\/p>\n              <\/div>\n                          <div class=\"py-clamp-40 px-clamp-32 border-1 border-neutral-100\">\n                <p class=\"text-18 md:text-22 font-bold text-neutral-1000 leading-[1.58] mb-12\">Cezary Arkadiusz Kowalewski<\/p>\n                <p class=\"text-15 md:text-16 leading-[1.5] text-neutral-800\">SEKRETARZ RADY NADZORCZEJ<\/p>\n              <\/div>\n                      <\/article>\n\n              \n    <\/div>\n\n  <\/section>\n\n\n\n<section class=\"management my-clamp-80\">\n    <div data-aos=\"fade-up\">\n        \n    <div class=\"heading default center black flex flex-col gap-clamp-32\">\n                \n        \n            <h2 class=\"  normal-case mb-clamp-80 uppercase\">\n\n                    ZARZ\u0104D <br> MS Wary\u0144ski Development S.A.\n\n            <\/h2>\n\n            <\/div>\n\n    <\/div>\n\n    <div class=\"grid grid-cols-1 lg:grid-cols-2 gap-32 sm:gap-16\">\n                    <div data-aos=\"fade-up\" data-aos-delay=\"200\">\n                <div class=\"flex flex-col sm:flex-row relative\">\n                    <div class=\"sm:max-w-[32.4rem] sm:min-w-[32.4rem] bg-neutral-50 aspect-square flex justify-center items-end\">\n                                                    \n    \n       \n          \n\t<figure class=\"overflow-hidden \">\n\n\t\t\n\t\t\t\t\t\t\t\t\t\n\t\t\t<img decoding=\"async\" src=\"https:\/\/www.warynski.pl\/wp-content\/uploads\/2026\/04\/michalina-kulinska-3.webp\" srcset=\"https:\/\/www.warynski.pl\/wp-content\/uploads\/2026\/04\/michalina-kulinska-3.webp 600w, https:\/\/www.warynski.pl\/wp-content\/uploads\/2026\/04\/michalina-kulinska-3-300x298.webp 300w, https:\/\/www.warynski.pl\/wp-content\/uploads\/2026\/04\/michalina-kulinska-3-150x150.webp 150w, https:\/\/www.warynski.pl\/wp-content\/uploads\/2026\/04\/michalina-kulinska-3-500x497.webp 500w\" sizes=\"(max-width: 600px) 100vw, 600px\" alt=\"michalina-kulinska\" class=\"h-full w-full object-cover\" width=\"600\" height=\"596\"  loading=\"lazy\" \/>\n\n\t\t\n\t<\/figure>\n\n\n       \n    \n                                            <\/div>\n                    <p class=\"sm:hidden text-xs text-neutral-500 mt-8\"><\/p>\n                    <div class=\"sm:px-16 py-16 sm:py-0 relative \">\n                        <p class=\"text-16 text-neutral-800 leading-[1.5] mb-16 \">PREZES ZARZ\u0104DU<\/p>\n                        <p class=\"text-[2.6rem] leading-[1.48] text-neutral-1000 font-bold\">Michalina Kuli\u0144ska<\/p>\n                    <\/div>\n                    <div class=\"size-40 border-b-5 border-r-5 border-primary-50 absolute right-0 bottom-0\"><\/div>\n                <\/div>\n                <p class=\"hidden lg:block text-xs text-neutral-500 mt-8\"><\/p>\n            <\/div>\n            <p class=\"hidden sm:block lg:hidden text-xs text-neutral-500 -mt-8\"><\/p>\n                    <div data-aos=\"fade-up\" data-aos-delay=\"400\">\n                <div class=\"flex flex-col sm:flex-row relative\">\n                    <div class=\"sm:max-w-[32.4rem] sm:min-w-[32.4rem] bg-neutral-50 aspect-square flex justify-center items-end\">\n                                                    \n    \n       \n          \n\t<figure class=\"overflow-hidden \">\n\n\t\t\n\t\t\t\t\t\t\t\t\t\n\t\t\t<img decoding=\"async\" src=\"https:\/\/www.warynski.pl\/wp-content\/uploads\/2025\/03\/prezes-Kikolski.webp\" srcset=\"https:\/\/www.warynski.pl\/wp-content\/uploads\/2025\/03\/prezes-Kikolski.webp 648w, https:\/\/www.warynski.pl\/wp-content\/uploads\/2025\/03\/prezes-Kikolski-300x298.webp 300w, https:\/\/www.warynski.pl\/wp-content\/uploads\/2025\/03\/prezes-Kikolski-150x150.webp 150w, https:\/\/www.warynski.pl\/wp-content\/uploads\/2025\/03\/prezes-Kikolski-500x497.webp 500w\" sizes=\"(max-width: 648px) 100vw, 648px\" alt=\"prezes Kikolski\" class=\"h-full w-full object-cover\" width=\"648\" height=\"644\"  loading=\"lazy\" \/>\n\n\t\t\n\t<\/figure>\n\n\n       \n    \n                                            <\/div>\n                    <p class=\"sm:hidden text-xs text-neutral-500 mt-8\"><\/p>\n                    <div class=\"sm:px-16 py-16 sm:py-0 relative flex flex-col justify-end\">\n                        <p class=\"text-16 text-neutral-800 leading-[1.5] mb-16 \">CZ\u0141ONEK ZARZ\u0104DU<\/p>\n                        <p class=\"text-[2.6rem] leading-[1.48] text-neutral-1000 font-bold\">Witold Kikolski<\/p>\n                    <\/div>\n                    <div class=\"size-40 border-b-5 border-r-5 border-primary-50 absolute right-0 bottom-0 sm:top-0 sm:rotate-[270deg]\"><\/div>\n                <\/div>\n                <p class=\"hidden lg:block text-xs text-neutral-500 mt-8\"><\/p>\n            <\/div>\n            <p class=\"hidden sm:block lg:hidden text-xs text-neutral-500 -mt-8\"><\/p>\n            <\/div>\n<\/section>\n\n\n  <section class=\"tabs grid grid-cols-1 lg:grid-cols-2\">\n\n    <header class=\"tabs__header mt-clamp-40 lg:mt-0 flex flex-col gap-clamp-36 mb-24 lg:mb-0 \">\n      \n        <a role=\"button\" class=\"tabs__single-tab-button max-w-[34rem] flex gap-16 text-18 md:text-20 is-active\" aria-label=\"Rada Nadzorcza\u00a0MS WARY\u0143SKI DEVELOPMENT S.A.\">\n          <span class=\"svg-container text-primary-50 min-w-16\">\n            <svg xmlns=\"http:\/\/www.w3.org\/2000\/svg\" width=\"16\" height=\"28\" viewBox=\"0 0 16 28\" fill=\"none\">\n<path d=\"M6 8.5L11 13.5L6 18.5\" stroke=\"currentColor\" stroke-width=\"5\" stroke-linecap=\"square\"\/>\n<\/svg>\n          <\/span>\n          Rada Nadzorcza\u00a0MS WARY\u0143SKI DEVELOPMENT S.A.\n        <\/a>\n\n          <\/header>\n\n    <div class=\"tabs__contents \">\n                        <article class=\"tabs__single-tab-content flex flex-col gap-16 lg:max-w-[55rem] is-active\">\n                          <div class=\"py-clamp-40 px-clamp-32 border-1 border-neutral-100\">\n                <p class=\"text-18 md:text-22 font-bold text-neutral-1000 leading-[1.58] mb-12\">Grzegorz Barszcz<\/p>\n                <p class=\"text-15 md:text-16 leading-[1.5] text-neutral-800\">PRZEWODNICZ\u0104CY RADY NADZORCZEJ<\/p>\n              <\/div>\n                          <div class=\"py-clamp-40 px-clamp-32 border-1 border-neutral-100\">\n                <p class=\"text-18 md:text-22 font-bold text-neutral-1000 leading-[1.58] mb-12\">Wojciech Grzegorz Kowalik<\/p>\n                <p class=\"text-15 md:text-16 leading-[1.5] text-neutral-800\">WICEPRZEWODNICZ\u0104CY RADY NADZORCZEJ<\/p>\n              <\/div>\n                          <div class=\"py-clamp-40 px-clamp-32 border-1 border-neutral-100\">\n                <p class=\"text-18 md:text-22 font-bold text-neutral-1000 leading-[1.58] mb-12\">Cezary Roman Olejniczak<\/p>\n                <p class=\"text-15 md:text-16 leading-[1.5] text-neutral-800\">SEKRETARZ RADY NADZORCZEJ<\/p>\n              <\/div>\n                      <\/article>\n\n              \n    <\/div>\n\n  <\/section>\n\n\n\n<div style=\"height: clamp(8rem, 8vw, 16rem);\" aria-hidden=\"true\"><\/div>\n\n\n\n<p><\/p>\n","protected":false},"excerpt":{"rendered":"","protected":false},"author":1,"featured_media":0,"parent":0,"menu_order":0,"comment_status":"closed","ping_status":"closed","template":"","meta":{"_acf_changed":false,"inline_featured_image":false,"footnotes":""},"class_list":["post-248","page","type-page","status-publish","hentry"],"acf":[],"yoast_head":"<!-- This site is optimized with the Yoast SEO plugin v27.3 - https:\/\/yoast.com\/product\/yoast-seo-wordpress\/ -->\n<title>O nas - Wary\u0144ski S.A. Grupa Holdingowa<\/title>\n<meta name=\"robots\" content=\"index, follow, max-snippet:-1, max-image-preview:large, max-video-preview:-1\" \/>\n<link rel=\"canonical\" href=\"https:\/\/www.warynski.pl\/o-nas\/\" \/>\n<meta property=\"og:locale\" content=\"pl_PL\" \/>\n<meta property=\"og:type\" content=\"article\" \/>\n<meta property=\"og:title\" content=\"O nas - Wary\u0144ski S.A. Grupa Holdingowa\" \/>\n<meta property=\"og:url\" content=\"https:\/\/www.warynski.pl\/o-nas\/\" \/>\n<meta property=\"og:site_name\" content=\"Wary\u0144ski S.A. Grupa Holdingowa\" \/>\n<meta property=\"article:publisher\" content=\"https:\/\/www.facebook.com\/GrupaWarynski\" \/>\n<meta property=\"article:modified_time\" content=\"2026-04-10T10:48:28+00:00\" \/>\n<meta name=\"twitter:card\" content=\"summary_large_image\" \/>\n<script type=\"application\/ld+json\" class=\"yoast-schema-graph\">{\"@context\":\"https:\\\/\\\/schema.org\",\"@graph\":[{\"@type\":\"WebPage\",\"@id\":\"https:\\\/\\\/www.warynski.pl\\\/o-nas\\\/\",\"url\":\"https:\\\/\\\/www.warynski.pl\\\/o-nas\\\/\",\"name\":\"O nas - Wary\u0144ski S.A. Grupa Holdingowa\",\"isPartOf\":{\"@id\":\"https:\\\/\\\/www.warynski.pl\\\/#website\"},\"datePublished\":\"2024-08-22T06:43:13+00:00\",\"dateModified\":\"2026-04-10T10:48:28+00:00\",\"breadcrumb\":{\"@id\":\"https:\\\/\\\/www.warynski.pl\\\/o-nas\\\/#breadcrumb\"},\"inLanguage\":\"pl-PL\",\"potentialAction\":[{\"@type\":\"ReadAction\",\"target\":[\"https:\\\/\\\/www.warynski.pl\\\/o-nas\\\/\"]}]},{\"@type\":\"BreadcrumbList\",\"@id\":\"https:\\\/\\\/www.warynski.pl\\\/o-nas\\\/#breadcrumb\",\"itemListElement\":[{\"@type\":\"ListItem\",\"position\":1,\"name\":\"Strona g\u0142\u00f3wna\",\"item\":\"https:\\\/\\\/www.warynski.pl\\\/\"},{\"@type\":\"ListItem\",\"position\":2,\"name\":\"O nas\"}]},{\"@type\":\"WebSite\",\"@id\":\"https:\\\/\\\/www.warynski.pl\\\/#website\",\"url\":\"https:\\\/\\\/www.warynski.pl\\\/\",\"name\":\"Wary\u0144ski S.A. Grupa Holdingowa\",\"description\":\"\",\"publisher\":{\"@id\":\"https:\\\/\\\/www.warynski.pl\\\/#organization\"},\"potentialAction\":[{\"@type\":\"SearchAction\",\"target\":{\"@type\":\"EntryPoint\",\"urlTemplate\":\"https:\\\/\\\/www.warynski.pl\\\/?s={search_term_string}\"},\"query-input\":{\"@type\":\"PropertyValueSpecification\",\"valueRequired\":true,\"valueName\":\"search_term_string\"}}],\"inLanguage\":\"pl-PL\"},{\"@type\":\"Organization\",\"@id\":\"https:\\\/\\\/www.warynski.pl\\\/#organization\",\"name\":\"Wary\u0144ski S.A. Grupa Holdingowa\",\"url\":\"https:\\\/\\\/www.warynski.pl\\\/\",\"logo\":{\"@type\":\"ImageObject\",\"inLanguage\":\"pl-PL\",\"@id\":\"https:\\\/\\\/www.warynski.pl\\\/#\\\/schema\\\/logo\\\/image\\\/\",\"url\":\"https:\\\/\\\/www.warynski.pl\\\/wp-content\\\/uploads\\\/2024\\\/09\\\/logo-signet-1.svg\",\"contentUrl\":\"https:\\\/\\\/www.warynski.pl\\\/wp-content\\\/uploads\\\/2024\\\/09\\\/logo-signet-1.svg\",\"width\":56,\"height\":56,\"caption\":\"Wary\u0144ski S.A. Grupa Holdingowa\"},\"image\":{\"@id\":\"https:\\\/\\\/www.warynski.pl\\\/#\\\/schema\\\/logo\\\/image\\\/\"},\"sameAs\":[\"https:\\\/\\\/www.facebook.com\\\/GrupaWarynski\",\"https:\\\/\\\/www.instagram.com\\\/warynski_s_a\\\/\"]}]}<\/script>\n<!-- \/ Yoast SEO plugin. -->","yoast_head_json":{"title":"O nas - Wary\u0144ski S.A. Grupa Holdingowa","robots":{"index":"index","follow":"follow","max-snippet":"max-snippet:-1","max-image-preview":"max-image-preview:large","max-video-preview":"max-video-preview:-1"},"canonical":"https:\/\/www.warynski.pl\/o-nas\/","og_locale":"pl_PL","og_type":"article","og_title":"O nas - Wary\u0144ski S.A. Grupa Holdingowa","og_url":"https:\/\/www.warynski.pl\/o-nas\/","og_site_name":"Wary\u0144ski S.A. Grupa Holdingowa","article_publisher":"https:\/\/www.facebook.com\/GrupaWarynski","article_modified_time":"2026-04-10T10:48:28+00:00","twitter_card":"summary_large_image","schema":{"@context":"https:\/\/schema.org","@graph":[{"@type":"WebPage","@id":"https:\/\/www.warynski.pl\/o-nas\/","url":"https:\/\/www.warynski.pl\/o-nas\/","name":"O nas - Wary\u0144ski S.A. Grupa Holdingowa","isPartOf":{"@id":"https:\/\/www.warynski.pl\/#website"},"datePublished":"2024-08-22T06:43:13+00:00","dateModified":"2026-04-10T10:48:28+00:00","breadcrumb":{"@id":"https:\/\/www.warynski.pl\/o-nas\/#breadcrumb"},"inLanguage":"pl-PL","potentialAction":[{"@type":"ReadAction","target":["https:\/\/www.warynski.pl\/o-nas\/"]}]},{"@type":"BreadcrumbList","@id":"https:\/\/www.warynski.pl\/o-nas\/#breadcrumb","itemListElement":[{"@type":"ListItem","position":1,"name":"Strona g\u0142\u00f3wna","item":"https:\/\/www.warynski.pl\/"},{"@type":"ListItem","position":2,"name":"O nas"}]},{"@type":"WebSite","@id":"https:\/\/www.warynski.pl\/#website","url":"https:\/\/www.warynski.pl\/","name":"Wary\u0144ski S.A. Grupa Holdingowa","description":"","publisher":{"@id":"https:\/\/www.warynski.pl\/#organization"},"potentialAction":[{"@type":"SearchAction","target":{"@type":"EntryPoint","urlTemplate":"https:\/\/www.warynski.pl\/?s={search_term_string}"},"query-input":{"@type":"PropertyValueSpecification","valueRequired":true,"valueName":"search_term_string"}}],"inLanguage":"pl-PL"},{"@type":"Organization","@id":"https:\/\/www.warynski.pl\/#organization","name":"Wary\u0144ski S.A. Grupa Holdingowa","url":"https:\/\/www.warynski.pl\/","logo":{"@type":"ImageObject","inLanguage":"pl-PL","@id":"https:\/\/www.warynski.pl\/#\/schema\/logo\/image\/","url":"https:\/\/www.warynski.pl\/wp-content\/uploads\/2024\/09\/logo-signet-1.svg","contentUrl":"https:\/\/www.warynski.pl\/wp-content\/uploads\/2024\/09\/logo-signet-1.svg","width":56,"height":56,"caption":"Wary\u0144ski S.A. Grupa Holdingowa"},"image":{"@id":"https:\/\/www.warynski.pl\/#\/schema\/logo\/image\/"},"sameAs":["https:\/\/www.facebook.com\/GrupaWarynski","https:\/\/www.instagram.com\/warynski_s_a\/"]}]}},"gutenberg_blocks":[{"blockName":"custom-styles","attrs":{"styles":""}},{"blockName":"acf\/hero","attrs":{"name":"acf\/hero","data":{"bg_image":1387,"_bg_image":"field_66c4a64b85c23","title_label":"","_title_label":"field_66be02efc147b","title_heading_text":"Poznaj nas","_title_heading_text":"field_638627ccced84","title_heading_level":"h1","_title_heading_level":"field_638627e7ced85","title_heading_variant":"default","_title_heading_variant":"field_63862847ced86","title_heading_color":"white","_title_heading_color":"field_66be0317c147d","title_heading_alignment":"left","_title_heading_alignment":"field_66be0333c147e","title_extra_classes":"","_title_extra_classes":"field_638628eeced88","title":"","_title":"field_66c4a65685c24","variant":"page","_variant":"field_66c4a87485c2c"},"mode":"edit"},"innerBlocks":[],"innerHTML":"","innerContent":[]},{"blockName":"acf\/text-with-signet","attrs":{"name":"acf\/text-with-signet","data":{"title_label":"","_title_label":"field_66be02efc147b","title_heading_text":"Wary\u0144ski S.A. Grupa Holdingowa to\u00a0aktywna, nowoczesna i dynamicznie rozwijaj\u0105ca si\u0119 grupa kapita\u0142owa\u00a0z bogat\u0105 tradycj\u0105.\u00a0","_title_heading_text":"field_638627ccced84","title_heading_level":"h4","_title_heading_level":"field_638627e7ced85","title_heading_variant":"default","_title_heading_variant":"field_63862847ced86","title_heading_color":"black","_title_heading_color":"field_66be0317c147d","title_heading_alignment":"left","_title_heading_alignment":"field_66be0333c147e","title_extra_classes":"","_title_extra_classes":"field_638628eeced88","title":"","_title":"field_66cc767014352","text":"Od samego pocz\u0105tku firma jest istotnym filarem przemys\u0142owym warszawskiej Woli, gdzie aktualnie realizuje inwestycje mieszkaniowe i biurowe. Aktywno\u015b\u0107 na rynku deweloperskim i budowanie silnej pozycji na rynku nieruchomo\u015bci to obecnie kluczowe obszary dzia\u0142alno\u015bci ca\u0142ej Grupy.","_text":"field_66cc768d14353","signet":418,"_signet":"field_66cc769814354"},"mode":"edit"},"innerBlocks":[],"innerHTML":"","innerContent":[]},{"blockName":"acf\/tile-slider","attrs":{"name":"acf\/tile-slider","data":{"title_label":"W co wierzymy","_title_label":"field_66be02efc147b","title_heading_text":"Nasze warto\u015bci","_title_heading_text":"field_638627ccced84","title_heading_level":"h2","_title_heading_level":"field_638627e7ced85","title_heading_variant":"default","_title_heading_variant":"field_63862847ced86","title_heading_color":"black","_title_heading_color":"field_66be0317c147d","title_heading_alignment":"left","_title_heading_alignment":"field_66be0333c147e","title_extra_classes":"uppercase","_title_extra_classes":"field_638628eeced88","title":"","_title":"field_66c6e605a5a4a","text":"","_text":"field_66dacf7345411","slider_0_icon":263,"_slider_0_icon":"field_66c6e634a5a4d","slider_0_text":"Stawiamy nie tylko na funkcjonalno\u015b\u0107, ale te\u017c na estetyk\u0119","_slider_0_text":"field_66c6e63da5a4e","slider_1_icon":262,"_slider_1_icon":"field_66c6e634a5a4d","slider_1_text":"Innowacyjne rozwi\u0105zania projektowe s\u0105 dla nas priorytetem","_slider_1_text":"field_66c6e63da5a4e","slider_2_icon":261,"_slider_2_icon":"field_66c6e634a5a4d","slider_2_text":"Dbamy o wysok\u0105 jako\u015b\u0107 wykonania z dba\u0142o\u015bci\u0105 o detale","_slider_2_text":"field_66c6e63da5a4e","slider_3_icon":260,"_slider_3_icon":"field_66c6e634a5a4d","slider_3_text":"Promujemy technologie przyjazne dla \u015brodowiska","_slider_3_text":"field_66c6e63da5a4e","slider_4_icon":259,"_slider_4_icon":"field_66c6e634a5a4d","slider_4_text":"Dbamy o odpowiedzialno\u015b\u0107 spo\u0142eczn\u0105","_slider_4_text":"field_66c6e63da5a4e","slider":5,"_slider":"field_66c6e61fa5a4b"},"mode":"edit"},"innerBlocks":[],"innerHTML":"","innerContent":[]},{"blockName":"acf\/text-with-image","attrs":{"name":"acf\/text-with-image","data":{"title_label":"Nasze priorytety","_title_label":"field_66be02efc147b","title_heading_text":"Stawiamy na nowoczesne i przyjazne przestrzenie mieszkaniowe","_title_heading_text":"field_638627ccced84","title_heading_level":"h2","_title_heading_level":"field_638627e7ced85","title_heading_variant":"default","_title_heading_variant":"field_63862847ced86","title_heading_color":"black","_title_heading_color":"field_66be0317c147d","title_heading_alignment":"left","_title_heading_alignment":"field_66be0333c147e","title_extra_classes":"","_title_extra_classes":"field_638628eeced88","title":"","_title":"field_66cc511a11233","text":"Koncentrujemy swoje plany g\u0142\u00f3wnie w segmencie mieszkaniowym stawiaj\u0105c na nowoczesne i przyjazne przestrzenie mieszkaniowe. Priorytetem s\u0105 innowacyjne rozwi\u0105zania projektowe, technologie przyjazne dla \u015brodowiska, wysoka jako\u015b\u0107 wykonania z dba\u0142o\u015bci\u0105 o detale. Zale\u017cy nam na tworzeniu idealnych przestrzeni do \u017cycia, wspieraj\u0105cych wzajemne dobre relacje mi\u0119dzy mieszka\u0144cami.","_text":"field_66cc513611234","video":2297,"_video":"field_66cc517811239","variant":"video","_variant":"field_66cc515211237","image_decorator_position":"top-left","_image_decorator_position":"field_66cecfadc640c"},"mode":"edit"},"innerBlocks":[],"innerHTML":"","innerContent":[]},{"blockName":"core\/group","attrs":{"className":"alignfull eplus-wrapper","layout":{"type":"constrained"}},"innerBlocks":[{"blockName":"acf\/about-two-cols-with-text","attrs":{"name":"acf\/about-two-cols-with-text","data":{"easing_text_top_text":"Warto\u015b\u0107 z tradycji,","_easing_text_top_text":"field_66cd76d8b586f","easing_text_bottom_text":"sukces w inwestycji","_easing_text_bottom_text":"field_66cd76f5b5870","easing_text":"","_easing_text":"field_66cd8f50d0f7c","content_content_0_title":"NASZ\u0104 MISJ\u0104 JEST...","_content_content_0_title":"field_66d0807f36f88","content_content_0_content":"Tworzenie nowego \u0142adu przestrzennego poprzez budow\u0119 nowoczesnych, ekologicznych, estetycznych, certyfikowanych i inteligentnych powierzchni mieszkaniowych i biurowych, a tak\u017ce takie zarz\u0105dzanie i dewelopowanie nieruchomo\u015bciami, w szczeg\u00f3lno\u015bci nieruchomo\u015bciami zb\u0119dnymi dla cel\u00f3w podstawowej dzia\u0142alno\u015bci Sp\u00f3\u0142ek z Grupy PGZ, aby najwi\u0119ksz\u0105 korzy\u015b\u0107 odni\u00f3s\u0142 Skarb Pa\u0144stwa.","_content_content_0_content":"field_66d0809336f89","content_content_1_title":"DBAMY O...","_content_content_1_title":"field_66d0807f36f88","content_content_1_content":"Obszar spo\u0142ecznej odpowiedzialno\u015bci biznesu (CSR), umacniaj\u0105c tym samym nazw\u0119 Sp\u00f3\u0142ki i kreuj\u0105c rozpoznawalno\u015b\u0107 marki uwzgl\u0119dniaj\u0105cej interesy spo\u0142eczne oraz dbaj\u0105cej o \u015brodowisko.\r\n\r\nJeste\u015bmy przekonani, \u017ce wsp\u00f3\u0142odpowiedzialno\u015b\u0107 pracownik\u00f3w za przysz\u0142o\u015b\u0107 firmy oraz ich szacunek dla pracy to najlepsze\u00a0\u017ar\u00f3d\u0142a motywacji i lojalno\u015bci. Wierzymy, \u017ce tradycyjne warto\u015bci przek\u0142adaj\u0105 si\u0119 na sukces.","_content_content_1_content":"field_66d0809336f89","content_content":2,"_content_content":"field_66d0806636f86","content":"","_content":"field_66d080ccafca4"},"mode":"edit"},"innerBlocks":[],"innerHTML":"","innerContent":[]}],"innerHTML":"\n<div id=\"misja-i-wizja\" class=\"wp-block-group alignfull eplus-wrapper\"><\/div>\n","innerContent":["\n<div id=\"misja-i-wizja\" class=\"wp-block-group alignfull eplus-wrapper\">",null,"<\/div>\n"]},{"blockName":"acf\/three-cols-with-text-and-image","attrs":{"name":"acf\/three-cols-with-text-and-image","data":{"title_label":"Nasza wizja","_title_label":"field_66be02efc147b","title_heading_text":"Chcemy stworzy\u0107 zwart\u0105, efektywn\u0105 i nowoczesn\u0105 Grup\u0119 Kapita\u0142ow\u0105","_title_heading_text":"field_638627ccced84","title_heading_level":"h2","_title_heading_level":"field_638627e7ced85","title_heading_variant":"default","_title_heading_variant":"field_63862847ced86","title_heading_color":"black","_title_heading_color":"field_66be0317c147d","title_heading_alignment":"left","_title_heading_alignment":"field_66be0333c147e","title_extra_classes":"","_title_extra_classes":"field_638628eeced88","title":"","_title":"field_66cc7bfa2fd15","text":"Naszym celem jest stanie si\u0119 liderem rynku w zakresie jako\u015bci oferowanych produkt\u00f3w oraz \u015bwiadczonych us\u0142ug. Bogata historia oraz wsp\u00f3\u0142dzia\u0142anie i wzajemne wsparcie wszystkich podmiot\u00f3w Grupy, z Polsk\u0105 Grup\u0105 Zbrojeniow\u0105 S.A. na czele, pomagaj\u0105 nam w d\u0105\u017ceniu do tego celu i sprawiaj\u0105, \u017ce nasza efektywno\u015b\u0107 stale wzrasta.\r\n\r\nBazuj\u0105c na wieloletniej i obfituj\u0105cej w do\u015bwiadczenie obecno\u015bci w szeroko rozumianym sektorze budownictwa oraz na silnych fundamentach kapita\u0142owych b\u0119dziemy konsekwentnie podejmowa\u0107 kolejne szanse rynkowe i rozwija\u0107 si\u0119.","_text":"field_66cc7c0f2fd16","image":1375,"_image":"field_66cc7c222fd17"},"mode":"edit"},"innerBlocks":[],"innerHTML":"","innerContent":[]},{"blockName":"acf\/management","attrs":{"name":"acf\/management","data":{"title_label":"Poznaj","_title_label":"field_66be02efc147b","title_heading_text":"ZARZ\u0104D <br> Wary\u0144ski S.A. Grupa Holdingowa","_title_heading_text":"field_638627ccced84","title_heading_level":"h2","_title_heading_level":"field_638627e7ced85","title_heading_variant":"default","_title_heading_variant":"field_63862847ced86","title_heading_color":"black","_title_heading_color":"field_66be0317c147d","title_heading_alignment":"center","_title_heading_alignment":"field_66be0333c147e","title_extra_classes":"normal-case","_title_extra_classes":"field_638628eeced88","title":"","_title":"field_66cc8be460f87","management_0_position":"PREZES ZARZ\u0104DU","_management_0_position":"field_66cc8c1660f8a","management_0_name":"Wojciech Wilhelm Zhang-Czabanowski","_management_0_name":"field_66cc8c2e60f8b","management_0_image":1449,"_management_0_image":"field_66cc8c3760f8c","management_0_author":"Fot. Adam Golec","_management_0_author":"field_66fd609b302af","management_1_position":"WICEPREZES ZARZ\u0104DU","_management_1_position":"field_66cc8c1660f8a","management_1_name":"Tomasz Czuchra","_management_1_name":"field_66cc8c2e60f8b","management_1_image":2920,"_management_1_image":"field_66cc8c3760f8c","management_1_author":"Fot. Mariusz \u015amietanka","_management_1_author":"field_66fd609b302af","management":2,"_management":"field_66cc8bfb60f88"},"mode":"edit"},"innerBlocks":[],"innerHTML":"","innerContent":[]},{"blockName":"acf\/tabs","attrs":{"name":"acf\/tabs","data":{"variant":"management","_variant":"field_66cc9687ebe5a","tabs_0_heading":"Rada Nadzorcza Wary\u0144ski S.A. Grupa Holdingowa","_tabs_0_heading":"field_646c83b3ff5b7","tabs_0_management_content_0_name":"Mariusz Tomasz Strasz","_tabs_0_management_content_0_name":"field_66cc96d7ebe5c","tabs_0_management_content_0_position":"PRZEWODNICZ\u0104CY RADY NADZORCZEJ","_tabs_0_management_content_0_position":"field_66cc96e1ebe5d","tabs_0_management_content_1_name":"Adam Mariusz Ludkiewicz","_tabs_0_management_content_1_name":"field_66cc96d7ebe5c","tabs_0_management_content_1_position":"WICEPRZEWODNICZ\u0104CY RADY NADZORCZEJ","_tabs_0_management_content_1_position":"field_66cc96e1ebe5d","tabs_0_management_content_2_name":"Cezary Arkadiusz Kowalewski","_tabs_0_management_content_2_name":"field_66cc96d7ebe5c","tabs_0_management_content_2_position":"SEKRETARZ RADY NADZORCZEJ","_tabs_0_management_content_2_position":"field_66cc96e1ebe5d","tabs_0_management_content":3,"_tabs_0_management_content":"field_66cc96c2ebe5b","tabs":1,"_tabs":"field_642c2279b12b0"},"mode":"edit"},"innerBlocks":[],"innerHTML":"","innerContent":[]},{"blockName":"acf\/management","attrs":{"name":"acf\/management","data":{"title_label":"","_title_label":"field_66be02efc147b","title_heading_text":"ZARZ\u0104D <br> MS Wary\u0144ski Development S.A.","_title_heading_text":"field_638627ccced84","title_heading_level":"h2","_title_heading_level":"field_638627e7ced85","title_heading_variant":"default","_title_heading_variant":"field_63862847ced86","title_heading_color":"black","_title_heading_color":"field_66be0317c147d","title_heading_alignment":"center","_title_heading_alignment":"field_66be0333c147e","title_extra_classes":"normal-case","_title_extra_classes":"field_638628eeced88","title":"","_title":"field_66cc8be460f87","management_0_position":"PREZES ZARZ\u0104DU","_management_0_position":"field_66cc8c1660f8a","management_0_name":"Michalina Kuli\u0144ska","_management_0_name":"field_66cc8c2e60f8b","management_0_image":3468,"_management_0_image":"field_66cc8c3760f8c","management_0_author":"","_management_0_author":"field_66fd609b302af","management_1_position":"CZ\u0141ONEK ZARZ\u0104DU","_management_1_position":"field_66cc8c1660f8a","management_1_name":"Witold Kikolski","_management_1_name":"field_66cc8c2e60f8b","management_1_image":3031,"_management_1_image":"field_66cc8c3760f8c","management_1_author":"","_management_1_author":"field_66fd609b302af","management":2,"_management":"field_66cc8bfb60f88"},"mode":"edit"},"innerBlocks":[],"innerHTML":"","innerContent":[]},{"blockName":"acf\/tabs","attrs":{"name":"acf\/tabs","data":{"variant":"management","_variant":"field_66cc9687ebe5a","tabs_0_heading":"Rada Nadzorcza\u00a0MS WARY\u0143SKI DEVELOPMENT S.A.","_tabs_0_heading":"field_646c83b3ff5b7","tabs_0_management_content_0_name":"Grzegorz Barszcz","_tabs_0_management_content_0_name":"field_66cc96d7ebe5c","tabs_0_management_content_0_position":"PRZEWODNICZ\u0104CY RADY NADZORCZEJ","_tabs_0_management_content_0_position":"field_66cc96e1ebe5d","tabs_0_management_content_1_name":"Wojciech Grzegorz Kowalik","_tabs_0_management_content_1_name":"field_66cc96d7ebe5c","tabs_0_management_content_1_position":"WICEPRZEWODNICZ\u0104CY RADY NADZORCZEJ","_tabs_0_management_content_1_position":"field_66cc96e1ebe5d","tabs_0_management_content_2_name":"Cezary Roman Olejniczak","_tabs_0_management_content_2_name":"field_66cc96d7ebe5c","tabs_0_management_content_2_position":"SEKRETARZ RADY NADZORCZEJ","_tabs_0_management_content_2_position":"field_66cc96e1ebe5d","tabs_0_management_content":3,"_tabs_0_management_content":"field_66cc96c2ebe5b","tabs":1,"_tabs":"field_642c2279b12b0"},"mode":"edit"},"innerBlocks":[],"innerHTML":"","innerContent":[]},{"blockName":"acf\/separator","attrs":{"name":"acf\/separator","data":{"separator_values_min":"80","_separator_values_min":"field_659d1d0e47ee6","separator_values_max":"160","_separator_values_max":"field_659d1d4547ee7","separator_values":"","_separator_values":"field_659d261a7f4e0"},"mode":"edit"},"innerBlocks":[],"innerHTML":"","innerContent":[]},{"blockName":"core\/paragraph","attrs":[],"innerBlocks":[],"innerHTML":"\n<p><\/p>\n","innerContent":["\n<p><\/p>\n"]}],"meta_data":{"container":"","menu_theme":"light"},"_links":{"self":[{"href":"https:\/\/www.warynski.pl\/index.php\/wp-json\/wp\/v2\/pages\/248","targetHints":{"allow":["GET"]}}],"collection":[{"href":"https:\/\/www.warynski.pl\/index.php\/wp-json\/wp\/v2\/pages"}],"about":[{"href":"https:\/\/www.warynski.pl\/index.php\/wp-json\/wp\/v2\/types\/page"}],"author":[{"embeddable":true,"href":"https:\/\/www.warynski.pl\/index.php\/wp-json\/wp\/v2\/users\/1"}],"replies":[{"embeddable":true,"href":"https:\/\/www.warynski.pl\/index.php\/wp-json\/wp\/v2\/comments?post=248"}],"version-history":[{"count":27,"href":"https:\/\/www.warynski.pl\/index.php\/wp-json\/wp\/v2\/pages\/248\/revisions"}],"predecessor-version":[{"id":3469,"href":"https:\/\/www.warynski.pl\/index.php\/wp-json\/wp\/v2\/pages\/248\/revisions\/3469"}],"wp:attachment":[{"href":"https:\/\/www.warynski.pl\/index.php\/wp-json\/wp\/v2\/media?parent=248"}],"curies":[{"name":"wp","href":"https:\/\/api.w.org\/{rel}","templated":true}]}}