{"id":618,"date":"2024-08-30T16:12:59","date_gmt":"2024-08-30T14:12:59","guid":{"rendered":"https:\/\/warynski.empressia.dev\/?page_id=618"},"modified":"2025-04-23T12:49:03","modified_gmt":"2025-04-23T10:49:03","slug":"akcjonariusze","status":"publish","type":"page","link":"https:\/\/www.warynski.pl\/o-nas\/akcjonariusze\/","title":{"rendered":"Akcjonariusze"},"content":{"rendered":"\t<section class=\"hero alignfull relative\">\n\n\t\t\t\t\t<div class=\"pt-96 flex items-end pb-44 lg:h-[60vh] min-h-[20rem] sm:min-h-[30rem] lg:min-h-[40rem] lg:pb-80\">\n\t<div class=\"absolute left-0 top-0 size-full\">\n\t\t\n    \n       \n          \n\t<figure class=\"overflow-hidden h-full\">\n\n\t\t\n\t\t\t\t\t\t\t\t\t\n\t\t\t<img decoding=\"async\" src=\"https:\/\/www.warynski.pl\/wp-content\/uploads\/2024\/09\/akcjonariusze.jpeg\" srcset=\"https:\/\/www.warynski.pl\/wp-content\/uploads\/2024\/09\/akcjonariusze.jpeg 1919w, https:\/\/www.warynski.pl\/wp-content\/uploads\/2024\/09\/akcjonariusze-300x113.jpeg 300w, https:\/\/www.warynski.pl\/wp-content\/uploads\/2024\/09\/akcjonariusze-1024x387.jpeg 1024w, https:\/\/www.warynski.pl\/wp-content\/uploads\/2024\/09\/akcjonariusze-768x291.jpeg 768w, https:\/\/www.warynski.pl\/wp-content\/uploads\/2024\/09\/akcjonariusze-1536x581.jpeg 1536w, https:\/\/www.warynski.pl\/wp-content\/uploads\/2024\/09\/akcjonariusze-500x189.jpeg 500w\" sizes=\"(max-width: 1919px) 100vw, 1919px\" alt=\"akcjonariusze\" class=\"h-full w-full object-cover\" width=\"1919\" height=\"726\"  loading=\"lazy\" \/>\n\n\t\t\n\t<\/figure>\n\n\n       \n    \n\t<\/div>\n\t<div class=\"absolute left-0 top-0 size-full bg-page-hero\"><\/div>\n\t<div class=\"container relative z-[1] [&#038;_br]:hidden sm:[&#038;_br]:block\">\n\t\t\n\n\t\t<div>\n\t\t\t\n    <div class=\"heading default left white flex flex-col gap-clamp-32\">\n                \n        \n            <h1 class=\"   \">\n\n                    Akcjonariusze\n\n            <\/h1>\n\n            <\/div>\n\n\t\t<\/div>\n\n\t<\/div>\n<\/div>\n\t\t\t<\/section>\n\n\t\t\t<div class=\"mt-clamp-24 alignfull\">\n\t\t\t<div class=\"container\">\n\t\t\t\t<div class=\"breadcrumbs overflow-x-auto\">\n\t<div class=\"breadcrumbs__inner flex w-max\">\n\t\t<span><span><a href=\"https:\/\/www.warynski.pl\/\">Strona g\u0142\u00f3wna<\/a><\/span><\/span>\n\t<\/div>\n<\/div>\n\t\t\t<\/div>\n\t\t<\/div>\n\t\n\n\n<div style=\"height: clamp(4rem, 8vw, 8rem);\" aria-hidden=\"true\"><\/div>\n\n\n<section class=\"shareholders grid grid-cols-1 lg:grid-cols-12 gap-16\">\n    <div class=\"lg:col-span-3\">\n        \n    <div class=\"heading default left black flex flex-col gap-clamp-32\">\n                    <div class=\"flex gap-[1.5rem] items-center\">\n                <div class=\"w-clamp-40 h-[.3rem] bg-primary-50\"><\/div>\n                <p class=\"text-label uppercase text-neutral-800\">Wary\u0144ski S.A.<\/p>\n            <\/div>\n                \n        \n            <h2 class=\"   mb-clamp-24 uppercase\">\n\n                    Akcjonariat\n\n            <\/h2>\n\n            <\/div>\n\n    <\/div>\n    <div class=\"lg:col-start-6 lg:col-span-6 lg:mr-58\">\n        <p class=\"text-[1.5rem] leading-[1.8] text-neutral-700 mb-clamp-40 -tracking-[.015rem]\">Akcjonariusze\u00a0Wary\u0144ski\u00a0S.A. Grupa Holdingowa ujawnieni w rejestrze akcjonariuszy.<\/p>\n        <div class=\"space-y-14\">\n                            <div class=\"flex items-center justify-between w-full gap-8\">\n                    <div class=\"flex items-center gap-16 justify-between text-neutral-1000\">\n                        <span class=\"min-w-16\">\n                            <svg xmlns=\"http:\/\/www.w3.org\/2000\/svg\" width=\"16\" height=\"24\" viewBox=\"0 0 16 24\" fill=\"none\">\n<path d=\"M6 6.5L11 11.5L6 16.5\" stroke=\"currentColor\" stroke-width=\"5\" stroke-linecap=\"square\"\/>\n<\/svg>\n                        <\/span>\n                        <p class=\"text-16 lg:text-20 text-neutral-1000 font-semibold leading-[1.4]\">Polska Grupa Zbrojeniowa Sp\u00f3\u0142ka Akcyjna<\/p>\n                    <\/div>\n                    <p class=\"text-16 lg:text-20 text-neutral-1000 font-semibold leading-[1.4]\"><span data-counter-value=\"9798\">0<\/span>%<\/p>\n                <\/div>\n                            <div class=\"flex items-center justify-between w-full gap-8\">\n                    <div class=\"flex items-center gap-16 justify-between text-neutral-1000\">\n                        <span class=\"min-w-16\">\n                            <svg xmlns=\"http:\/\/www.w3.org\/2000\/svg\" width=\"16\" height=\"24\" viewBox=\"0 0 16 24\" fill=\"none\">\n<path d=\"M6 6.5L11 11.5L6 16.5\" stroke=\"currentColor\" stroke-width=\"5\" stroke-linecap=\"square\"\/>\n<\/svg>\n                        <\/span>\n                        <p class=\"text-16 lg:text-20 text-neutral-1000 font-semibold leading-[1.4]\">Uprawnieni pracownicy<\/p>\n                    <\/div>\n                    <p class=\"text-16 lg:text-20 text-neutral-1000 font-semibold leading-[1.4]\"><span data-counter-value=\"035\">0<\/span>%<\/p>\n                <\/div>\n                            <div class=\"flex items-center justify-between w-full gap-8\">\n                    <div class=\"flex items-center gap-16 justify-between text-neutral-1000\">\n                        <span class=\"min-w-16\">\n                            <svg xmlns=\"http:\/\/www.w3.org\/2000\/svg\" width=\"16\" height=\"24\" viewBox=\"0 0 16 24\" fill=\"none\">\n<path d=\"M6 6.5L11 11.5L6 16.5\" stroke=\"currentColor\" stroke-width=\"5\" stroke-linecap=\"square\"\/>\n<\/svg>\n                        <\/span>\n                        <p class=\"text-16 lg:text-20 text-neutral-1000 font-semibold leading-[1.4]\">Pozostali<\/p>\n                    <\/div>\n                    <p class=\"text-16 lg:text-20 text-neutral-1000 font-semibold leading-[1.4]\"><span data-counter-value=\"167\">0<\/span>%<\/p>\n                <\/div>\n                    <\/div>\n    <\/div>\n<\/section>\n\n<div style=\"height: clamp(4rem, 8vw, 8rem);\" aria-hidden=\"true\"><\/div>\n\n\n<section class=\"posts-with-pagination alignfull bg-neutral-50 py-clamp-80 \">\n    <div class=\"container\">\n        \n    <div class=\"heading default left black flex flex-col gap-clamp-32\">\n                    <div class=\"flex gap-[1.5rem] items-center\">\n                <div class=\"w-clamp-40 h-[.3rem] bg-primary-50\"><\/div>\n                <p class=\"text-label uppercase text-neutral-800\">Akcjonariusze<\/p>\n            <\/div>\n                \n        \n            <h2 class=\"   mb-clamp-64 uppercase\">\n\n                    Og\u0142oszenia\n\n            <\/h2>\n\n            <\/div>\n\n        <div class=\"posts-with-pagination__list grid grid-cols-1 gap-x-16 gap-y-24 lg:grid-cols-2 lg:gap-y-48 mb-clamp-88\">\n                                            \n                                    <article class=\"group\">\n\n\t<a href=\"https:\/\/www.warynski.pl\/akcjonariat\/zwolanie-zwyczajnego-walnego-zgromadzenia-adextra-s-a-w-likwidacji-2\/\" class=\"flex flex-col lg:flex-row gap-24 lg:gap-clamp-48 items-start lg:items-center lg:pr-clamp-40\">\n\t\t<div class=\"[&#038;_figure]:aspect-video [&#038;_figure]:lg:aspect-square w-full lg:w-[22.6rem] lg:min-w-[22.6rem] overflow-hidden group-hover:[&#038;_figure]:scale-105 [&#038;_figure]:transition-transform [&#038;_figure]:duration-500 [&#038;_img]:absolute [&#038;_img]:top-0 [&#038;_img]:h-full [&#038;_img]:object-cover\">\n\t\t\t\t\t\t\t\n    \n       \n          \n\t<figure class=\"overflow-hidden relative\">\n\n\t\t\n\t\t\t\t\t\t<img decoding=\"async\" src=\"https:\/\/www.warynski.pl\/wp-content\/uploads\/2025\/06\/Bez-nazwy-A4-orientacja-pozioma-e1750687530456.png\" alt=\"Obraz\"  loading=\"lazy\"  width=\"2000\" height=\"737\"\/>\n\n\t\t\n\t<\/figure>\n\n\n       \n    \n\t\t\t\t\t<\/div>\n\n\t\t<div>\n\t\t\t<h3 class=\"leading-[1.48] text-neutral-1100 text-16 lg:text-20 font-medium mb-24 group-hover:underline lg:min-h-[5.9rem] line-clamp-3 -tracking-[.02rem]\">Zwo\u0142anie Nadzwyczajnego Walnego Zgromadzenia Adextra S.A. w likwidacji<\/h3>\n\t\t\t<time class=\"text-md text-neutral-500\" datetime=\"2026-03-16\">16 marca 2026<\/time>\n\t\t<\/div>\n\t<\/a>\n\n<\/article>\n                                                            \n                                    <article class=\"group\">\n\n\t<a href=\"https:\/\/www.warynski.pl\/akcjonariat\/informacja-dla-akcjonariuszy-spolki-adextra-s-a-w-likwidacji-oraz-spolki-warynski-s-a-grupa-holdingowa-6\/\" class=\"flex flex-col lg:flex-row gap-24 lg:gap-clamp-48 items-start lg:items-center lg:pr-clamp-40\">\n\t\t<div class=\"[&#038;_figure]:aspect-video [&#038;_figure]:lg:aspect-square w-full lg:w-[22.6rem] lg:min-w-[22.6rem] overflow-hidden group-hover:[&#038;_figure]:scale-105 [&#038;_figure]:transition-transform [&#038;_figure]:duration-500 [&#038;_img]:absolute [&#038;_img]:top-0 [&#038;_img]:h-full [&#038;_img]:object-cover\">\n\t\t\t\t\t\t\t\n    \n       \n          \n\t<figure class=\"overflow-hidden relative\">\n\n\t\t\n\t\t\t\t\t\t<img decoding=\"async\" src=\"https:\/\/www.warynski.pl\/wp-content\/uploads\/2024\/10\/aaron-burden-xG8IQMqMITM-unsplash-scaled-1.jpg\" alt=\"Obraz\"  loading=\"lazy\"  width=\"2560\" height=\"1922\"\/>\n\n\t\t\n\t<\/figure>\n\n\n       \n    \n\t\t\t\t\t<\/div>\n\n\t\t<div>\n\t\t\t<h3 class=\"leading-[1.48] text-neutral-1100 text-16 lg:text-20 font-medium mb-24 group-hover:underline lg:min-h-[5.9rem] line-clamp-3 -tracking-[.02rem]\">Informacja dla Akcjonariuszy sp\u00f3\u0142ki Adextra S.A. w likwidacji oraz sp\u00f3\u0142ki Wary\u0144ski S.A. Grupa Holdingowa<\/h3>\n\t\t\t<time class=\"text-md text-neutral-500\" datetime=\"2026-03-09\">09 marca 2026<\/time>\n\t\t<\/div>\n\t<\/a>\n\n<\/article>\n                                                            \n                                    <article class=\"group\">\n\n\t<a href=\"https:\/\/www.warynski.pl\/akcjonariat\/informacja-dla-akcjonariuszy-spolki-adextra-s-a-w-likwidacji-oraz-spolki-warynski-s-a-grupa-holdingowa-5\/\" class=\"flex flex-col lg:flex-row gap-24 lg:gap-clamp-48 items-start lg:items-center lg:pr-clamp-40\">\n\t\t<div class=\"[&#038;_figure]:aspect-video [&#038;_figure]:lg:aspect-square w-full lg:w-[22.6rem] lg:min-w-[22.6rem] overflow-hidden group-hover:[&#038;_figure]:scale-105 [&#038;_figure]:transition-transform [&#038;_figure]:duration-500 [&#038;_img]:absolute [&#038;_img]:top-0 [&#038;_img]:h-full [&#038;_img]:object-cover\">\n\t\t\t\t\t\t\t\n    \n       \n          \n\t<figure class=\"overflow-hidden relative\">\n\n\t\t\n\t\t\t\t\t\t<img decoding=\"async\" src=\"https:\/\/www.warynski.pl\/wp-content\/uploads\/2020\/09\/3.png\" alt=\"Obraz\"  loading=\"lazy\"  width=\"2000\" height=\"1414\"\/>\n\n\t\t\n\t<\/figure>\n\n\n       \n    \n\t\t\t\t\t<\/div>\n\n\t\t<div>\n\t\t\t<h3 class=\"leading-[1.48] text-neutral-1100 text-16 lg:text-20 font-medium mb-24 group-hover:underline lg:min-h-[5.9rem] line-clamp-3 -tracking-[.02rem]\">Informacja dla Akcjonariuszy sp\u00f3\u0142ki Adextra S.A. w likwidacji oraz sp\u00f3\u0142ki Wary\u0144ski S.A. Grupa Holdingowa<\/h3>\n\t\t\t<time class=\"text-md text-neutral-500\" datetime=\"2025-12-17\">17 grudnia 2025<\/time>\n\t\t<\/div>\n\t<\/a>\n\n<\/article>\n                                                            \n                                    <article class=\"group\">\n\n\t<a href=\"https:\/\/www.warynski.pl\/akcjonariat\/informacja-dla-akcjonariuszy-spolki-adextra-s-a-w-likwidacji-oraz-spolki-warynski-s-a-grupa-holdingowa-4\/\" class=\"flex flex-col lg:flex-row gap-24 lg:gap-clamp-48 items-start lg:items-center lg:pr-clamp-40\">\n\t\t<div class=\"[&#038;_figure]:aspect-video [&#038;_figure]:lg:aspect-square w-full lg:w-[22.6rem] lg:min-w-[22.6rem] overflow-hidden group-hover:[&#038;_figure]:scale-105 [&#038;_figure]:transition-transform [&#038;_figure]:duration-500 [&#038;_img]:absolute [&#038;_img]:top-0 [&#038;_img]:h-full [&#038;_img]:object-cover\">\n\t\t\t\t\t\t\t\n    \n       \n          \n\t<figure class=\"overflow-hidden relative\">\n\n\t\t\n\t\t\t\t\t\t<img decoding=\"async\" src=\"https:\/\/www.warynski.pl\/wp-content\/uploads\/2020\/09\/1.png\" alt=\"Obraz\"  loading=\"lazy\"  width=\"2000\" height=\"1414\"\/>\n\n\t\t\n\t<\/figure>\n\n\n       \n    \n\t\t\t\t\t<\/div>\n\n\t\t<div>\n\t\t\t<h3 class=\"leading-[1.48] text-neutral-1100 text-16 lg:text-20 font-medium mb-24 group-hover:underline lg:min-h-[5.9rem] line-clamp-3 -tracking-[.02rem]\">Informacja dla Akcjonariuszy sp\u00f3\u0142ki Adextra S.A. w likwidacji oraz sp\u00f3\u0142ki Wary\u0144ski S.A. Grupa Holdingowa<\/h3>\n\t\t\t<time class=\"text-md text-neutral-500\" datetime=\"2025-10-28\">28 pa\u017adziernika 2025<\/time>\n\t\t<\/div>\n\t<\/a>\n\n<\/article>\n                                                            \n                                    <article class=\"group\">\n\n\t<a href=\"https:\/\/www.warynski.pl\/akcjonariat\/informacja-dla-akcjonariuszy-spolki-adextra-s-a-w-likwidacji-oraz-spolki-warynski-s-a-grupa-holdingowa-3\/\" class=\"flex flex-col lg:flex-row gap-24 lg:gap-clamp-48 items-start lg:items-center lg:pr-clamp-40\">\n\t\t<div class=\"[&#038;_figure]:aspect-video [&#038;_figure]:lg:aspect-square w-full lg:w-[22.6rem] lg:min-w-[22.6rem] overflow-hidden group-hover:[&#038;_figure]:scale-105 [&#038;_figure]:transition-transform [&#038;_figure]:duration-500 [&#038;_img]:absolute [&#038;_img]:top-0 [&#038;_img]:h-full [&#038;_img]:object-cover\">\n\t\t\t\t\t\t\t\n    \n       \n          \n\t<figure class=\"overflow-hidden relative\">\n\n\t\t\n\t\t\t\t\t\t<img decoding=\"async\" src=\"https:\/\/www.warynski.pl\/wp-content\/uploads\/2024\/10\/jud-mackrill-wWK72o_zUkI-unsplash-scaled-1.jpg\" alt=\"Obraz\"  loading=\"lazy\"  width=\"2560\" height=\"1707\"\/>\n\n\t\t\n\t<\/figure>\n\n\n       \n    \n\t\t\t\t\t<\/div>\n\n\t\t<div>\n\t\t\t<h3 class=\"leading-[1.48] text-neutral-1100 text-16 lg:text-20 font-medium mb-24 group-hover:underline lg:min-h-[5.9rem] line-clamp-3 -tracking-[.02rem]\">Informacja dla Akcjonariuszy sp\u00f3\u0142ki Adextra S.A. w likwidacji oraz sp\u00f3\u0142ki Wary\u0144ski S.A. Grupa Holdingowa<\/h3>\n\t\t\t<time class=\"text-md text-neutral-500\" datetime=\"2025-08-01\">01 sierpnia 2025<\/time>\n\t\t<\/div>\n\t<\/a>\n\n<\/article>\n                                                            \n                                    <article class=\"group\">\n\n\t<a href=\"https:\/\/www.warynski.pl\/akcjonariat\/informacja-dla-akcjonariuszy-spolki-adextra-s-a-w-likwidacji-oraz-spolki-warynski-s-a-grupa-holdingowa-2\/\" class=\"flex flex-col lg:flex-row gap-24 lg:gap-clamp-48 items-start lg:items-center lg:pr-clamp-40\">\n\t\t<div class=\"[&#038;_figure]:aspect-video [&#038;_figure]:lg:aspect-square w-full lg:w-[22.6rem] lg:min-w-[22.6rem] overflow-hidden group-hover:[&#038;_figure]:scale-105 [&#038;_figure]:transition-transform [&#038;_figure]:duration-500 [&#038;_img]:absolute [&#038;_img]:top-0 [&#038;_img]:h-full [&#038;_img]:object-cover\">\n\t\t\t\t\t\t\t\n    \n       \n          \n\t<figure class=\"overflow-hidden relative\">\n\n\t\t\n\t\t\t\t\t\t<img decoding=\"async\" src=\"https:\/\/www.warynski.pl\/wp-content\/uploads\/2024\/10\/01_EQ_007.jpg\" alt=\"Obraz\"  loading=\"lazy\"  width=\"1500\" height=\"1000\"\/>\n\n\t\t\n\t<\/figure>\n\n\n       \n    \n\t\t\t\t\t<\/div>\n\n\t\t<div>\n\t\t\t<h3 class=\"leading-[1.48] text-neutral-1100 text-16 lg:text-20 font-medium mb-24 group-hover:underline lg:min-h-[5.9rem] line-clamp-3 -tracking-[.02rem]\">Informacja dla Akcjonariuszy sp\u00f3\u0142ki Adextra S.A. w likwidacji oraz sp\u00f3\u0142ki Wary\u0144ski S.A. Grupa Holdingowa.<\/h3>\n\t\t\t<time class=\"text-md text-neutral-500\" datetime=\"2025-06-30\">30 czerwca 2025<\/time>\n\t\t<\/div>\n\t<\/a>\n\n<\/article>\n                                    <\/div>\n        <div class=\"pagination flex text-center items-center flex-wrap justify-center gap-12 lg:gap-clamp-32\">\n\t\n\t<nav class=\"flex flex-wrap items-center gap-12 lg:gap-clamp-24\">\n\t\t\n\t\t\t\n\t\t\t\t<a href=\"\" data-page=\"1\" class=\"page-number page-numbers current pagination__page-number--current border-b-neutral-1000 !font-bold pagination__page-number grid place-content-center border-b-2 border-b-transparent size-clamp-40 font-medium text-neutral-1000 text-16 lg:text-18\">\n\n\t\t\t\t\t\t\t\t\t\t\t1\n\t\t\t\t\t\n\t\t\t\t<\/a>\n\n\t\t\t\n\t\t\t\n\t\t\n\t\t\t\n\t\t\t\t<a href=\"https:\/\/www.warynski.pl\/wp-json\/wp\/v2\/pages\/618\/page\/2\/\" data-page=\"2\" class=\"page-number page-numbers  pagination__page-number grid place-content-center border-b-2 border-b-transparent size-clamp-40 font-medium text-neutral-1000 text-16 lg:text-18\">\n\n\t\t\t\t\t\t\t\t\t\t\t2\n\t\t\t\t\t\n\t\t\t\t<\/a>\n\n\t\t\t\n\t\t\t\n\t\t\n\t\t\t\n\t\t\t\t\t\t\t<div class=\"pagination__dots font-medium flex items-center justify-center text-neutral-1000\">&#8230;<\/div>\n\t\t\t\n\t\t\n\t\t\t\n\t\t\t\t<a href=\"https:\/\/www.warynski.pl\/wp-json\/wp\/v2\/pages\/618\/page\/5\/\" data-page=\"5\" class=\"page-number page-numbers  pagination__page-number grid place-content-center border-b-2 border-b-transparent size-clamp-40 font-medium text-neutral-1000 text-16 lg:text-18\">\n\n\t\t\t\t\t\t\t\t\t\t\t5\n\t\t\t\t\t\n\t\t\t\t<\/a>\n\n\t\t\t\n\t\t\t\n\t\t\t<\/nav>\n\n\t\t\t<a href=\"https:\/\/www.warynski.pl\/wp-json\/wp\/v2\/pages\/618\/page\/2\/\" title=\"Przejd\u017a do nast\u0119pnej strony\" class=\"button primary\">\n\t\t\t<span class=\"button__icon\">\n\t\t\t\t<span>\n\t\t\t\t\t<svg xmlns=\"http:\/\/www.w3.org\/2000\/svg\" width=\"24\" height=\"24\" viewBox=\"0 0 24 24\" fill=\"none\">\n<path d=\"M10 7L15 12L10 17\" stroke=\"currentColor\" stroke-width=\"4\" stroke-linecap=\"square\"\/>\n<\/svg>\n\t\t\t\t<\/span>\n\t\t\t<\/span>\n\t\t<\/a>\n\t<\/div>\n    <\/div>\n<\/section>","protected":false},"excerpt":{"rendered":"","protected":false},"author":1,"featured_media":0,"parent":248,"menu_order":0,"comment_status":"closed","ping_status":"closed","template":"","meta":{"_acf_changed":false,"inline_featured_image":false,"footnotes":""},"class_list":["post-618","page","type-page","status-publish","hentry"],"acf":[],"yoast_head":"<!-- This site is optimized with the Yoast SEO plugin v27.3 - https:\/\/yoast.com\/product\/yoast-seo-wordpress\/ -->\n<title>Akcjonariusze - Wary\u0144ski S.A. Grupa Holdingowa<\/title>\n<meta name=\"robots\" content=\"index, follow, max-snippet:-1, max-image-preview:large, max-video-preview:-1\" \/>\n<link rel=\"canonical\" href=\"https:\/\/www.warynski.pl\/o-nas\/akcjonariusze\/\" \/>\n<meta property=\"og:locale\" content=\"pl_PL\" \/>\n<meta property=\"og:type\" content=\"article\" \/>\n<meta property=\"og:title\" content=\"Akcjonariusze - Wary\u0144ski S.A. Grupa Holdingowa\" \/>\n<meta property=\"og:url\" content=\"https:\/\/www.warynski.pl\/o-nas\/akcjonariusze\/\" \/>\n<meta property=\"og:site_name\" content=\"Wary\u0144ski S.A. Grupa Holdingowa\" \/>\n<meta property=\"article:publisher\" content=\"https:\/\/www.facebook.com\/GrupaWarynski\" \/>\n<meta property=\"article:modified_time\" content=\"2025-04-23T10:49:03+00:00\" \/>\n<meta name=\"twitter:card\" content=\"summary_large_image\" \/>\n<script type=\"application\/ld+json\" class=\"yoast-schema-graph\">{\"@context\":\"https:\\\/\\\/schema.org\",\"@graph\":[{\"@type\":\"WebPage\",\"@id\":\"https:\\\/\\\/www.warynski.pl\\\/o-nas\\\/akcjonariusze\\\/\",\"url\":\"https:\\\/\\\/www.warynski.pl\\\/o-nas\\\/akcjonariusze\\\/\",\"name\":\"Akcjonariusze - Wary\u0144ski S.A. Grupa Holdingowa\",\"isPartOf\":{\"@id\":\"https:\\\/\\\/www.warynski.pl\\\/#website\"},\"datePublished\":\"2024-08-30T14:12:59+00:00\",\"dateModified\":\"2025-04-23T10:49:03+00:00\",\"breadcrumb\":{\"@id\":\"https:\\\/\\\/www.warynski.pl\\\/o-nas\\\/akcjonariusze\\\/#breadcrumb\"},\"inLanguage\":\"pl-PL\",\"potentialAction\":[{\"@type\":\"ReadAction\",\"target\":[\"https:\\\/\\\/www.warynski.pl\\\/o-nas\\\/akcjonariusze\\\/\"]}]},{\"@type\":\"BreadcrumbList\",\"@id\":\"https:\\\/\\\/www.warynski.pl\\\/o-nas\\\/akcjonariusze\\\/#breadcrumb\",\"itemListElement\":[{\"@type\":\"ListItem\",\"position\":1,\"name\":\"Strona g\u0142\u00f3wna\",\"item\":\"https:\\\/\\\/www.warynski.pl\\\/\"},{\"@type\":\"ListItem\",\"position\":2,\"name\":\"O nas\",\"item\":\"https:\\\/\\\/www.warynski.pl\\\/o-nas\\\/\"},{\"@type\":\"ListItem\",\"position\":3,\"name\":\"Akcjonariusze\"}]},{\"@type\":\"WebSite\",\"@id\":\"https:\\\/\\\/www.warynski.pl\\\/#website\",\"url\":\"https:\\\/\\\/www.warynski.pl\\\/\",\"name\":\"Wary\u0144ski S.A. Grupa Holdingowa\",\"description\":\"\",\"publisher\":{\"@id\":\"https:\\\/\\\/www.warynski.pl\\\/#organization\"},\"potentialAction\":[{\"@type\":\"SearchAction\",\"target\":{\"@type\":\"EntryPoint\",\"urlTemplate\":\"https:\\\/\\\/www.warynski.pl\\\/?s={search_term_string}\"},\"query-input\":{\"@type\":\"PropertyValueSpecification\",\"valueRequired\":true,\"valueName\":\"search_term_string\"}}],\"inLanguage\":\"pl-PL\"},{\"@type\":\"Organization\",\"@id\":\"https:\\\/\\\/www.warynski.pl\\\/#organization\",\"name\":\"Wary\u0144ski S.A. Grupa Holdingowa\",\"url\":\"https:\\\/\\\/www.warynski.pl\\\/\",\"logo\":{\"@type\":\"ImageObject\",\"inLanguage\":\"pl-PL\",\"@id\":\"https:\\\/\\\/www.warynski.pl\\\/#\\\/schema\\\/logo\\\/image\\\/\",\"url\":\"https:\\\/\\\/www.warynski.pl\\\/wp-content\\\/uploads\\\/2024\\\/09\\\/logo-signet-1.svg\",\"contentUrl\":\"https:\\\/\\\/www.warynski.pl\\\/wp-content\\\/uploads\\\/2024\\\/09\\\/logo-signet-1.svg\",\"width\":56,\"height\":56,\"caption\":\"Wary\u0144ski S.A. Grupa Holdingowa\"},\"image\":{\"@id\":\"https:\\\/\\\/www.warynski.pl\\\/#\\\/schema\\\/logo\\\/image\\\/\"},\"sameAs\":[\"https:\\\/\\\/www.facebook.com\\\/GrupaWarynski\",\"https:\\\/\\\/www.instagram.com\\\/warynski_s_a\\\/\"]}]}<\/script>\n<!-- \/ Yoast SEO plugin. -->","yoast_head_json":{"title":"Akcjonariusze - Wary\u0144ski S.A. Grupa Holdingowa","robots":{"index":"index","follow":"follow","max-snippet":"max-snippet:-1","max-image-preview":"max-image-preview:large","max-video-preview":"max-video-preview:-1"},"canonical":"https:\/\/www.warynski.pl\/o-nas\/akcjonariusze\/","og_locale":"pl_PL","og_type":"article","og_title":"Akcjonariusze - Wary\u0144ski S.A. Grupa Holdingowa","og_url":"https:\/\/www.warynski.pl\/o-nas\/akcjonariusze\/","og_site_name":"Wary\u0144ski S.A. Grupa Holdingowa","article_publisher":"https:\/\/www.facebook.com\/GrupaWarynski","article_modified_time":"2025-04-23T10:49:03+00:00","twitter_card":"summary_large_image","schema":{"@context":"https:\/\/schema.org","@graph":[{"@type":"WebPage","@id":"https:\/\/www.warynski.pl\/o-nas\/akcjonariusze\/","url":"https:\/\/www.warynski.pl\/o-nas\/akcjonariusze\/","name":"Akcjonariusze - Wary\u0144ski S.A. Grupa Holdingowa","isPartOf":{"@id":"https:\/\/www.warynski.pl\/#website"},"datePublished":"2024-08-30T14:12:59+00:00","dateModified":"2025-04-23T10:49:03+00:00","breadcrumb":{"@id":"https:\/\/www.warynski.pl\/o-nas\/akcjonariusze\/#breadcrumb"},"inLanguage":"pl-PL","potentialAction":[{"@type":"ReadAction","target":["https:\/\/www.warynski.pl\/o-nas\/akcjonariusze\/"]}]},{"@type":"BreadcrumbList","@id":"https:\/\/www.warynski.pl\/o-nas\/akcjonariusze\/#breadcrumb","itemListElement":[{"@type":"ListItem","position":1,"name":"Strona g\u0142\u00f3wna","item":"https:\/\/www.warynski.pl\/"},{"@type":"ListItem","position":2,"name":"O nas","item":"https:\/\/www.warynski.pl\/o-nas\/"},{"@type":"ListItem","position":3,"name":"Akcjonariusze"}]},{"@type":"WebSite","@id":"https:\/\/www.warynski.pl\/#website","url":"https:\/\/www.warynski.pl\/","name":"Wary\u0144ski S.A. Grupa Holdingowa","description":"","publisher":{"@id":"https:\/\/www.warynski.pl\/#organization"},"potentialAction":[{"@type":"SearchAction","target":{"@type":"EntryPoint","urlTemplate":"https:\/\/www.warynski.pl\/?s={search_term_string}"},"query-input":{"@type":"PropertyValueSpecification","valueRequired":true,"valueName":"search_term_string"}}],"inLanguage":"pl-PL"},{"@type":"Organization","@id":"https:\/\/www.warynski.pl\/#organization","name":"Wary\u0144ski S.A. Grupa Holdingowa","url":"https:\/\/www.warynski.pl\/","logo":{"@type":"ImageObject","inLanguage":"pl-PL","@id":"https:\/\/www.warynski.pl\/#\/schema\/logo\/image\/","url":"https:\/\/www.warynski.pl\/wp-content\/uploads\/2024\/09\/logo-signet-1.svg","contentUrl":"https:\/\/www.warynski.pl\/wp-content\/uploads\/2024\/09\/logo-signet-1.svg","width":56,"height":56,"caption":"Wary\u0144ski S.A. Grupa Holdingowa"},"image":{"@id":"https:\/\/www.warynski.pl\/#\/schema\/logo\/image\/"},"sameAs":["https:\/\/www.facebook.com\/GrupaWarynski","https:\/\/www.instagram.com\/warynski_s_a\/"]}]}},"gutenberg_blocks":[{"blockName":"custom-styles","attrs":{"styles":""}},{"blockName":"acf\/hero","attrs":{"name":"acf\/hero","data":{"bg_image":1416,"_bg_image":"field_66c4a64b85c23","title_label":"","_title_label":"field_66be02efc147b","title_heading_text":"Akcjonariusze","_title_heading_text":"field_638627ccced84","title_heading_level":"h1","_title_heading_level":"field_638627e7ced85","title_heading_variant":"default","_title_heading_variant":"field_63862847ced86","title_heading_color":"white","_title_heading_color":"field_66be0317c147d","title_heading_alignment":"left","_title_heading_alignment":"field_66be0333c147e","title_extra_classes":"","_title_extra_classes":"field_638628eeced88","title":"","_title":"field_66c4a65685c24","variant":"page","_variant":"field_66c4a87485c2c"},"mode":"edit"},"innerBlocks":[],"innerHTML":"","innerContent":[]},{"blockName":"acf\/separator","attrs":{"name":"acf\/separator","data":{"separator_values_min":"40","_separator_values_min":"field_659d1d0e47ee6","separator_values_max":"80","_separator_values_max":"field_659d1d4547ee7","separator_values":"","_separator_values":"field_659d261a7f4e0"},"mode":"edit"},"innerBlocks":[],"innerHTML":"","innerContent":[]},{"blockName":"acf\/shareholders","attrs":{"name":"acf\/shareholders","data":{"title_label":"Wary\u0144ski S.A.","_title_label":"field_66be02efc147b","title_heading_text":"Akcjonariat","_title_heading_text":"field_638627ccced84","title_heading_level":"h2","_title_heading_level":"field_638627e7ced85","title_heading_variant":"default","_title_heading_variant":"field_63862847ced86","title_heading_color":"black","_title_heading_color":"field_66be0317c147d","title_heading_alignment":"left","_title_heading_alignment":"field_66be0333c147e","title_extra_classes":"","_title_extra_classes":"field_638628eeced88","title":"","_title":"field_66d579e9cc5a2","text":"Akcjonariusze\u00a0Wary\u0144ski\u00a0S.A. Grupa Holdingowa ujawnieni w rejestrze akcjonariuszy.","_text":"field_66d579f6cc5a3","shareholders_0_name":"Polska Grupa Zbrojeniowa Sp\u00f3\u0142ka Akcyjna","_shareholders_0_name":"field_66d57a14cc5a6","shareholders_0_participation":"97.98","_shareholders_0_participation":"field_66d57a21cc5a7","shareholders_1_name":"Uprawnieni pracownicy","_shareholders_1_name":"field_66d57a14cc5a6","shareholders_1_participation":"0.35","_shareholders_1_participation":"field_66d57a21cc5a7","shareholders_2_name":"Pozostali","_shareholders_2_name":"field_66d57a14cc5a6","shareholders_2_participation":"1.67","_shareholders_2_participation":"field_66d57a21cc5a7","shareholders":3,"_shareholders":"field_66d579fecc5a4"},"mode":"edit"},"innerBlocks":[],"innerHTML":"","innerContent":[]},{"blockName":"acf\/separator","attrs":{"name":"acf\/separator","data":{"separator_values_min":"40","_separator_values_min":"field_659d1d0e47ee6","separator_values_max":"80","_separator_values_max":"field_659d1d4547ee7","separator_values":"","_separator_values":"field_659d261a7f4e0"},"mode":"edit"},"innerBlocks":[],"innerHTML":"","innerContent":[]},{"blockName":"acf\/posts-with-pagination","attrs":{"name":"acf\/posts-with-pagination","data":{"title_label":"Akcjonariusze","_title_label":"field_66be02efc147b","title_heading_text":"Og\u0142oszenia","_title_heading_text":"field_638627ccced84","title_heading_level":"h2","_title_heading_level":"field_638627e7ced85","title_heading_variant":"default","_title_heading_variant":"field_63862847ced86","title_heading_color":"black","_title_heading_color":"field_66be0317c147d","title_heading_alignment":"left","_title_heading_alignment":"field_66be0333c147e","title_extra_classes":"","_title_extra_classes":"field_638628eeced88","title":"","_title":"field_66d1db9dd8698","post_type":"war_shareholders","_post_type":"field_66d1db3bd8697","background":"gray","_background":"field_66d1dc0277310"},"mode":"edit"},"innerBlocks":[],"innerHTML":"","innerContent":[]}],"meta_data":{"container":"","menu_theme":"light"},"_links":{"self":[{"href":"https:\/\/www.warynski.pl\/index.php\/wp-json\/wp\/v2\/pages\/618","targetHints":{"allow":["GET"]}}],"collection":[{"href":"https:\/\/www.warynski.pl\/index.php\/wp-json\/wp\/v2\/pages"}],"about":[{"href":"https:\/\/www.warynski.pl\/index.php\/wp-json\/wp\/v2\/types\/page"}],"author":[{"embeddable":true,"href":"https:\/\/www.warynski.pl\/index.php\/wp-json\/wp\/v2\/users\/1"}],"replies":[{"embeddable":true,"href":"https:\/\/www.warynski.pl\/index.php\/wp-json\/wp\/v2\/comments?post=618"}],"version-history":[{"count":11,"href":"https:\/\/www.warynski.pl\/index.php\/wp-json\/wp\/v2\/pages\/618\/revisions"}],"predecessor-version":[{"id":3067,"href":"https:\/\/www.warynski.pl\/index.php\/wp-json\/wp\/v2\/pages\/618\/revisions\/3067"}],"up":[{"embeddable":true,"href":"https:\/\/www.warynski.pl\/index.php\/wp-json\/wp\/v2\/pages\/248"}],"wp:attachment":[{"href":"https:\/\/www.warynski.pl\/index.php\/wp-json\/wp\/v2\/media?parent=618"}],"curies":[{"name":"wp","href":"https:\/\/api.w.org\/{rel}","templated":true}]}}