{"id":970,"date":"2024-09-05T09:23:38","date_gmt":"2024-09-05T07:23:38","guid":{"rendered":"https:\/\/warynski.empressia.dev\/?page_id=970"},"modified":"2026-02-09T13:43:24","modified_gmt":"2026-02-09T12:43:24","slug":"warszawa","status":"publish","type":"page","link":"https:\/\/www.warynski.pl\/inwestycje-biurowe\/warszawa\/","title":{"rendered":"Warszawa"},"content":{"rendered":"\t<section class=\"hero alignfull relative\">\n\n\t\t\t\t\t<div class=\"pt-96 flex items-end pb-44 lg:h-[60vh] min-h-[20rem] sm:min-h-[30rem] lg:min-h-[40rem] lg:pb-80\">\n\t<div class=\"absolute left-0 top-0 size-full\">\n\t\t\n    \n       \n          \n\t<figure class=\"overflow-hidden h-full\">\n\n\t\t\n\t\t\t\t\t\t\t\t\t\n\t\t\t<img decoding=\"async\" src=\"https:\/\/www.warynski.pl\/wp-content\/uploads\/2024\/09\/poznaj-nasze-inwestycje-mieszkaniowe.png\" srcset=\"https:\/\/www.warynski.pl\/wp-content\/uploads\/2024\/09\/poznaj-nasze-inwestycje-mieszkaniowe.png 1000w, https:\/\/www.warynski.pl\/wp-content\/uploads\/2024\/09\/poznaj-nasze-inwestycje-mieszkaniowe-300x110.png 300w, https:\/\/www.warynski.pl\/wp-content\/uploads\/2024\/09\/poznaj-nasze-inwestycje-mieszkaniowe-768x280.png 768w, https:\/\/www.warynski.pl\/wp-content\/uploads\/2024\/09\/poznaj-nasze-inwestycje-mieszkaniowe-500x183.png 500w\" sizes=\"(max-width: 1000px) 100vw, 1000px\" alt=\"poznaj-nasze-inwestycje-mieszkaniowe\" class=\"h-full w-full object-cover\" width=\"1000\" height=\"365\"  loading=\"lazy\" \/>\n\n\t\t\n\t<\/figure>\n\n\n       \n    \n\t<\/div>\n\t<div class=\"absolute left-0 top-0 size-full bg-page-hero\"><\/div>\n\t<div class=\"container relative z-[1] [&#038;_br]:hidden sm:[&#038;_br]:block\">\n\t\t\n\n\t\t<div>\n\t\t\t\n    <div class=\"heading default left white flex flex-col gap-clamp-32\">\n                \n        \n            <h1 class=\"   \">\n\n                    Inwestycje biurowe\n\n            <\/h1>\n\n            <\/div>\n\n\t\t<\/div>\n\n\t<\/div>\n<\/div>\n\t\t\t<\/section>\n\n\t\t\t<div class=\"mt-clamp-24 alignfull\">\n\t\t\t<div class=\"container\">\n\t\t\t\t<div class=\"breadcrumbs overflow-x-auto\">\n\t<div class=\"breadcrumbs__inner flex w-max\">\n\t\t<span><span><a href=\"https:\/\/www.warynski.pl\/\">Strona g\u0142\u00f3wna<\/a><\/span><\/span>\n\t<\/div>\n<\/div>\n\t\t\t<\/div>\n\t\t<\/div>\n\t\n\n\n<div style=\"height: clamp(4rem, 8vw, 8rem);\" aria-hidden=\"true\"><\/div>\n\n\n<section class=\"grid grid-cols-1 lg:grid-cols-12 gap-32 lg:gap-0\">\n\t<div data-aos=\"fade-right\" class=\"lg:col-span-4\">\n\t\t\n    <div class=\"heading default left black flex flex-col gap-clamp-32\">\n                    <div class=\"flex gap-[1.5rem] items-center\">\n                <div class=\"w-clamp-40 h-[.3rem] bg-primary-50\"><\/div>\n                <p class=\"text-label uppercase text-neutral-800\">Poznaj<\/p>\n            <\/div>\n                \n        \n            <h2 class=\"   \">\n\n                    NASZE BIURA W WARSZAWIE\n\n            <\/h2>\n\n            <\/div>\n\n\t<\/div>\n\t<div data-aos=\"fade-left\" class=\"wysiwyg space-y-24 text-md lg:col-start-6 lg:col-span-6  lg:mt-clamp-61\">\n\t\t<p>Potwierdzeniem osi\u0105gni\u0119cia przez Grup\u0119 Wary\u0144ski statusu profesjonalnego dewelopera jest realizacja budynku biurowego EQlibrium przy ul. Jana Kazimierza 3 oraz EQ2 przy ul. Wschowskiej 8 w Warszawie. Budynki tworz\u0105 kompleks biurowy usytuowany niemal w\u00a0centrum miasta, w otoczeniu zieleni i miejsc stworzonych do wypoczynku oraz rekreacji.<\/p>\n\n\n        \t<\/div>\n\n\n<\/section>\n\n\n<div style=\"height: clamp(4rem, 8vw, 8rem);\" aria-hidden=\"true\"><\/div>\n\n\n<section class=\"office-investments-listing\">\n\n\t\t\t<nav class=\"mb-clamp-80\">\n\t\t\t<ul class=\"flex flex-row flex-wrap gap-y-clamp-12 gap-clamp-40\">\n\t\t\t\t\t\t\t\t\t\t\t\t\t\n\t\t\t\t\t\t\t<li class=\" menu-item menu-item-type-post_type menu-item-object-page menu-item-972\">\n\n\t\t\t\t\t<a class=\"flex items-center gap-16 group\" href=\"https:\/\/www.warynski.pl\/inwestycje-biurowe\/warszawa\/\" >\n\n\t<span class=\"text-main group-hover:translate-x-4 duration-500\"><svg xmlns=\"http:\/\/www.w3.org\/2000\/svg\" width=\"16\" height=\"28\" viewBox=\"0 0 16 28\" fill=\"none\">\n<path d=\"M6 8.5L11 13.5L6 18.5\" stroke=\"currentColor\" stroke-width=\"5\" stroke-linecap=\"square\"\/>\n<\/svg><\/span>\n\n\t<span class=\"text-tab text-neutral-1100  [.active_&#038;]:text-neutral-1100 [.no-active_&#038;]:text-neutral-800 duration-300\">\n\t\tWarszawa\n\t<\/span>\n\n<\/a>\n\t\t\t\t<\/li>\n\t\t\t\t\t<\/ul>\n\t<\/nav>\n\t\n\t\t\t<header class=\"mb-clamp-40\">\n\t\t\t\n    <div class=\"heading default left black flex flex-col gap-clamp-32\">\n                    <div class=\"flex gap-[1.5rem] items-center\">\n                <div class=\"w-clamp-40 h-[.3rem] bg-primary-50\"><\/div>\n                <p class=\"text-label uppercase text-neutral-800\">Inwestycje Zrealizowane<\/p>\n            <\/div>\n                \n            <\/div>\n\n\t\t<\/header>\n\t\n\t\t\t<div class=\"grid grid-cols-1 md:grid-cols-2 lg:grid-cols-3 gap-x-16 gap-y-clamp-104\" data-group=\"\">\n\n\t\t\t\t\t\t\t<article class=\"pr-14 group relative before:content-[''] before:absolute before:-top-14 before:right-0 before:w-[12.4rem] before:h-[17.8rem] before:bg-primary-50\">\n  <a class=\"relative z-10\" href=\"https:\/\/www.warynski.pl\/inwestycja-biurowa\/eq2\/\">\n\n    <div class=\"overflow-hidden aspect-square lg:aspect-[.79] max-h-[52.2rem] w-full  group-hover:[&#038;_figure]:scale-105 [&#038;_figure]:transition-transform [&#038;_figure]:h-full [&#038;_figure]:duration-500 [&#038;_img]:absolute [&#038;_img]:top-0 [&#038;_img]:h-full [&#038;_img]:object-cover relative\">\n\n      \n              \n    \n       \n          \n\t<figure class=\"overflow-hidden relative\">\n\n\t\t\n\t\t\t\t\t\t<img decoding=\"async\" src=\"https:\/\/www.warynski.pl\/wp-content\/uploads\/2024\/09\/msg_22_000008_DJI_0310-HDR-888x1024.jpg\" alt=\"Obraz\"  loading=\"lazy\"  width=\"888\" height=\"1024\"\/>\n\n\t\t\n\t<\/figure>\n\n\n       \n    \n      \n              <div class=\"absolute z-10 inset-0 bg-black\/[0.54] opacity-0 group-hover:opacity-100 duration-300 flex justify-center items-center p-clamp-80\">\n          <div class=\"[&#038;_img]:max-w-[90%] [&#038;_img]:relative translate-y-8 group-hover:translate-y-0 duration-500\">\n            \n    \n       \n          \n\t<figure class=\"overflow-hidden \">\n\n\t\t\n\t\t\t\t\t\t\t\t\t\n\t\t\t<img decoding=\"async\" src=\"https:\/\/www.warynski.pl\/wp-content\/uploads\/2024\/09\/EQ2.svg\" srcset=\"\" sizes=\"\" alt=\"EQ2\" class=\"h-full w-full object-cover\" width=\"260\" height=\"260\"  loading=\"lazy\" \/>\n\n\t\t\n\t<\/figure>\n\n\n       \n    \n          <\/div>\n        <\/div>\n\n          <\/div>\n\n\n    <div class=\"mt-clamp-24\">\n      <h3 class=\"h6 text-neutral-1100\">EQ2<\/h3>\n              <p class=\"text-md text-neutral-700 mt-8\">Warszawa, ul. Wschowska 8<\/p>\n          <\/div>\n  <\/a>\n<\/article>\n\t\t\t\t\t\t\t<article class=\"pr-14 group relative before:content-[''] before:absolute before:-top-14 before:right-0 before:w-[12.4rem] before:h-[17.8rem] before:bg-primary-50\">\n  <a class=\"relative z-10\" href=\"https:\/\/www.warynski.pl\/inwestycja-biurowa\/eqlibrium\/\">\n\n    <div class=\"overflow-hidden aspect-square lg:aspect-[.79] max-h-[52.2rem] w-full  group-hover:[&#038;_figure]:scale-105 [&#038;_figure]:transition-transform [&#038;_figure]:h-full [&#038;_figure]:duration-500 [&#038;_img]:absolute [&#038;_img]:top-0 [&#038;_img]:h-full [&#038;_img]:object-cover relative\">\n\n      \n              \n    \n       \n          \n\t<figure class=\"overflow-hidden relative\">\n\n\t\t\n\t\t\t\t\t\t<img decoding=\"async\" src=\"https:\/\/www.warynski.pl\/wp-content\/uploads\/2024\/09\/EQlibrium-1024x683.png\" alt=\"Obraz\"  loading=\"lazy\"  width=\"1024\" height=\"683\"\/>\n\n\t\t\n\t<\/figure>\n\n\n       \n    \n      \n              <div class=\"absolute z-10 inset-0 bg-black\/[0.54] opacity-0 group-hover:opacity-100 duration-300 flex justify-center items-center p-clamp-80\">\n          <div class=\"[&#038;_img]:max-w-[90%] [&#038;_img]:relative translate-y-8 group-hover:translate-y-0 duration-500\">\n            \n    \n       \n          \n\t<figure class=\"overflow-hidden \">\n\n\t\t\n\t\t\t\t\t\t\t\t\t\n\t\t\t<img decoding=\"async\" src=\"https:\/\/www.warynski.pl\/wp-content\/uploads\/2024\/09\/EQlibrium-1.svg\" srcset=\"\" sizes=\"\" alt=\"EQlibrium\" class=\"h-full w-full object-cover\" width=\"260\" height=\"260\"  loading=\"lazy\" \/>\n\n\t\t\n\t<\/figure>\n\n\n       \n    \n          <\/div>\n        <\/div>\n\n          <\/div>\n\n\n    <div class=\"mt-clamp-24\">\n      <h3 class=\"h6 text-neutral-1100\">EQlibrium<\/h3>\n              <p class=\"text-md text-neutral-700 mt-8\">Warszawa, ul. Jana Kazimierza 3<\/p>\n          <\/div>\n  <\/a>\n<\/article>\n\t\t\t\t\t<\/div>\n\t<\/section>\n\n\n<dialog class=\"popup [&#038;::backdrop]:bg-black\/70\" data-trigger-class=\"spaces-for-rent-popup\">\n  <div class=\"relative bg-neutral-0 px-24 sm:px-clamp-72 py-clamp-56 lg:max-w-[66.2rem]\">\n    \n    <div class=\"heading h4 left black flex flex-col gap-clamp-32\">\n                \n        \n            <h2 class=\"h4   mb-8\">\n\n                    Zapytaj o cen\u0119\n\n            <\/h2>\n\n            <\/div>\n\n\n    \n    <div class=\"mt-clamp-32\">\n\n                \n<div class=\"wpcf7 no-js\" id=\"wpcf7-f1531-o2\" lang=\"pl-PL\" dir=\"ltr\" data-wpcf7-id=\"1531\">\n<div class=\"screen-reader-response\"><p role=\"status\" aria-live=\"polite\" aria-atomic=\"true\"><\/p> <ul><\/ul><\/div>\n<form action=\"\/index.php\/wp-json\/wp\/v2\/pages\/970#wpcf7-f1531-o2\" method=\"post\" class=\"wpcf7-form init\" aria-label=\"Formularz kontaktowy\" novalidate=\"novalidate\" data-status=\"init\">\n<fieldset class=\"hidden-fields-container\"><input type=\"hidden\" name=\"_wpcf7\" value=\"1531\" \/><input type=\"hidden\" name=\"_wpcf7_version\" value=\"6.1.5\" \/><input type=\"hidden\" name=\"_wpcf7_locale\" value=\"pl_PL\" \/><input type=\"hidden\" name=\"_wpcf7_unit_tag\" value=\"wpcf7-f1531-o2\" \/><input type=\"hidden\" name=\"_wpcf7_container_post\" value=\"0\" \/><input type=\"hidden\" name=\"_wpcf7_posted_data_hash\" value=\"\" \/><input type=\"hidden\" name=\"_wpcf7_recaptcha_response\" value=\"\" \/>\n<\/fieldset>\n<div class=\"form-row\">\n<label>Imi\u0119 i nazwisko<\/label>\n<span class=\"wpcf7-form-control-wrap\" data-name=\"your-name\"><input size=\"40\" maxlength=\"400\" class=\"wpcf7-form-control wpcf7-text wpcf7-validates-as-required\" autocomplete=\"name\" aria-required=\"true\" aria-invalid=\"false\" value=\"\" type=\"text\" name=\"your-name\" \/><\/span>\n<\/div>\n\n<div class=\"form-row\">\n<label>Adres e-mail<\/label>\n<span class=\"wpcf7-form-control-wrap\" data-name=\"your-email\"><input size=\"40\" maxlength=\"400\" class=\"wpcf7-form-control wpcf7-email wpcf7-validates-as-required wpcf7-text wpcf7-validates-as-email\" autocomplete=\"email\" aria-required=\"true\" aria-invalid=\"false\" value=\"\" type=\"email\" name=\"your-email\" \/><\/span>\n<\/div>\n\n<div class=\"form-row\">\n<label>Numer telefonu (opcjonalnie)<\/label>\n<span class=\"wpcf7-form-control-wrap\" data-name=\"your-phone-number\"><input size=\"40\" maxlength=\"400\" class=\"wpcf7-form-control wpcf7-tel wpcf7-text wpcf7-validates-as-tel\" aria-invalid=\"false\" value=\"\" type=\"tel\" name=\"your-phone-number\" \/><\/span>\n<\/div>\n\n<div class=\"form-row\">\n<label>Wiadomo\u015b\u0107<\/label>\n<span class=\"wpcf7-form-control-wrap\" data-name=\"your-message\"><textarea cols=\"40\" rows=\"1\" maxlength=\"2000\" class=\"wpcf7-form-control wpcf7-textarea wpcf7-validates-as-required\" aria-required=\"true\" aria-invalid=\"false\" name=\"your-message\"><\/textarea><\/span> \n<\/div>\n\n<span class=\"wpcf7-form-control-wrap\" data-name=\"acceptance-gdpr\"><span class=\"wpcf7-form-control wpcf7-acceptance\"><span class=\"wpcf7-list-item\"><label><input type=\"checkbox\" name=\"acceptance-gdpr\" value=\"1\" aria-invalid=\"false\" \/><span class=\"wpcf7-list-item-label\">Administratorem Twoich danych jest Wary\u0144ski S.A. Grupa Holdingowa (kontakt: <a href=\"mailto:biuro@warynski.pl\">biuro@warynski.pl<\/a>). Twoje dane podane w formularzu przetwarzamy w celu kontaktu z Tob\u0105 i udzielenia odpowiedzi na Twoj\u0105 wiadomo\u015b\u0107. Masz prawo do: dost\u0119pu do swoich danych, ich sprostowania, usuni\u0119cia, ograniczenia przetwarzania oraz przenoszenia, sprzeciwu wobec przetwarzania danych, a tak\u017ce z\u0142o\u017cenia skargi dotycz\u0105cej przetwarzania danych. Wi\u0119cej informacji na temat przetwarzania danych osobowych znajdziesz <a href=\"\/klauzula-informacyjna\/\">tutaj<\/a>.<\/span><\/label><\/span><\/span><\/span>\n\n<div class=\"flex justify-end\">\n<div class=\"flex items-center relative\">\n<input class=\"wpcf7-form-control wpcf7-submit has-spinner button\" type=\"submit\" value=\"Wy\u015blij wiadomo\u015b\u0107\" \/>\n<\/div>\n<\/div>\n\n<input class=\"wpcf7-form-control wpcf7-hidden\" value=\"\" type=\"hidden\" name=\"investment-number\" \/><input type='hidden' class='wpcf7-pum' value='{\"closepopup\":false,\"closedelay\":0,\"openpopup\":false,\"openpopup_id\":0}' \/><div class=\"wpcf7-response-output\" aria-hidden=\"true\"><\/div>\n<\/form>\n<\/div>\n\n        \n    <\/div>\n\n    <button type=\"button\"\n        autofocus\n        class=\"absolute top-12 lg:top-clamp-24 right-12 lg:right-clamp-24 cursor-pointer hover:rotate-[360deg] transition-transform\"\n        data-close-button>\n        <span class=\"svg-container block size-clamp-56\"><svg width=\"56\" height=\"56\" viewbox=\"0 0 56 56\" fill=\"none\" xmlns=\"http:\/\/www.w3.org\/2000\/svg\">\n\t<path d=\"M15.2721 15.2721L40.7279 40.7279\" stroke=\"#161616\" stroke-width=\"4\"\/>\n\t<path d=\"M40.7283 15.2721L15.2725 40.7279\" stroke=\"#161616\" stroke-width=\"4\"\/>\n<\/svg><\/span>\n    <\/button>\n  <\/div>\n<\/dialog>\n\n<div style=\"height: clamp(8rem, 8vw, 16rem);\" aria-hidden=\"true\"><\/div>\n\n\n\n\n\n<h2 class=\"wp-block-heading has-text-align-center\" style=\"color: #161616;\">Aktualne powierzchnie<br>do wynaj\u0119cia<\/h2>\n\n\n<div style=\"height: clamp(5.2rem, 8vw, 10.4rem);\" aria-hidden=\"true\"><\/div>\n\n\n\n<p class=\"has-text-align-center\">Obecnie wszystkie nasze powierzchnie biurowe s\u0105 wynaj\u0119te.<\/p>\n\n\n<div style=\"height: clamp(5.2rem, 8vw, 10.4rem);\" aria-hidden=\"true\"><\/div>\n\n\n<section class=\"cta alignfull py-clamp-80 bg-neutral-50 \">\n\t<div class=\"container\">\n\t\t<div class=\"max-w-[110rem] mx-auto flex flex-col lg:flex-row items-center gap-clamp-80 relative before:content-[''] before:absolute before:bottom-0 before:right-0 before:size-40 before:border-r-2 before:border-b-2 before:border-primary-50\">\n\n\t\t\t\t\t\t\t<div class=\"flex-none lg:w-[26rem]\">\n\t\t\t\t\t\n    \n       \n          \n\t<figure class=\"overflow-hidden \">\n\n\t\t\n\t\t\t\t\t\t\t\t\t\n\t\t\t<img decoding=\"async\" src=\"https:\/\/www.warynski.pl\/wp-content\/uploads\/2024\/09\/Zobacz-takze-nasze-inwestycje-mieszkaniowe.jpg\" srcset=\"https:\/\/www.warynski.pl\/wp-content\/uploads\/2024\/09\/Zobacz-takze-nasze-inwestycje-mieszkaniowe.jpg 260w, https:\/\/www.warynski.pl\/wp-content\/uploads\/2024\/09\/Zobacz-takze-nasze-inwestycje-mieszkaniowe-150x150.jpg 150w\" sizes=\"(max-width: 260px) 100vw, 260px\" alt=\"Zobacz tak\u017ce nasze inwestycje mieszkaniowe\" class=\"h-full w-full object-cover\" width=\"260\" height=\"260\"  loading=\"lazy\" \/>\n\n\t\t\n\t<\/figure>\n\n\n       \n    \n\t\t\t\t<\/div>\n\t\t\t\n\t\t\t<div class=\"flex-1 lg:max-w-[38.9rem]\">\n\t\t\t\t\n    <div class=\"heading h4 left black flex flex-col gap-clamp-32\">\n                \n        \n            <h2 class=\"h4   \">\n\n                    Zobacz tak\u017ce nasze inwestycje mieszkaniowe\n\n            <\/h2>\n\n            <\/div>\n\n\t\t\t<\/div>\n\n\t\t\t\n\n\n\t\n\t\t<a href=\"\/inwestycje-mieszkaniowe\/\" target=\"_self\"  class=\"button primary pr-clamp-24 flex-none \">\n\n\t\t\t<span class=\"button__icon\">\n\t\t\t\t<span>\n\t\t\t\t\t\t\t\t\t\t\t<svg xmlns=\"http:\/\/www.w3.org\/2000\/svg\" width=\"24\" height=\"24\" viewBox=\"0 0 24 24\" fill=\"none\">\n<path d=\"M10 7L15 12L10 17\" stroke=\"currentColor\" stroke-width=\"4\" stroke-linecap=\"square\"\/>\n<\/svg>\n\t\t\t\t\t\n\t\t\t\t<\/span>\n\t\t\t<\/span>\n\n\t\t\t\t\t\t\t<span class=\"button__text\">\n\t\t\t\t\tInwestycje mieszkaniowe\n\t\t\t\t<\/span>\n\t\t\t\t\t<\/a>\n\n\t\n\n\t\t<\/div>\n\t<\/div>\n<\/section>\n\n\n<div style=\"height: clamp(3.2rem, 8vw, 9.6rem);\" aria-hidden=\"true\"><\/div>\n\n\n<section class=\"seo-section\">\n    <div class=\"max-w-[86.5rem] mx-auto\">\n        \n    <div class=\"heading default left black flex flex-col gap-clamp-32\">\n                \n        \n            <h2 class=\"   normal-case mb-clamp-32\">\n\n                    Mieszkania w Warszawie od dewelopera, kt\u00f3ry rozumie potrzeby mieszka\u0144c\u00f3w\n\n            <\/h2>\n\n            <\/div>\n\n\n        <div class=\"flex flex-col\">\n            <div data-seo-content class=\"seo-section__content\">\n                <div data-seo-content-inner>\n                    <ul>\n<li aria-level=\"1\"><b>Doskona\u0142a lokalizacja<\/b><span style=\"font-weight: 400;\">. Starannie wybieramy przestrze\u0144 pod inwestycje mieszkaniowe w Warszawie \u2013 stawiamy na dzielnice dynamicznie si\u0119 rozwijaj\u0105ce i z du\u017cym potencja\u0142em. Wybierz osiedle dobrze skomunikowane z centrum miasta, bogate w punkty us\u0142ugowe i handlowe, plac\u00f3wki edukacyjne i medyczne.<\/span><\/li>\n<\/ul>\n<ul>\n<li aria-level=\"1\"><b>Bezpiecze\u0144stwo, prywatno\u015b\u0107 i spok\u00f3j<\/b><span style=\"font-weight: 400;\">. W atrakcyjnej lokalizacji budujemy co\u015b wi\u0119cej ni\u017c nowe mieszkania w Warszawie. Tworzymy azyl \u2013 bezpieczne i spokojne miejsca do \u017cycia czy pracy. Dbamy o przyjazn\u0105 przestrze\u0144, kt\u00f3ra sprzyja wypoczynkowi, rekreacji i integracji z s\u0105siadami. Zapewniamy mieszka\u0144com poczucie prywatno\u015bci i swobody.<\/span><\/li>\n<\/ul>\n<ul>\n<li aria-level=\"1\"><b>Ergonomiczne nowoczesne mieszkania<\/b><span style=\"font-weight: 400;\">. Projektujemy lokale mieszkalne \u0142atwe do zaaran\u017cowania, a tak\u017ce przystosowane do najmu kr\u00f3tko- i d\u0142ugoterminowego. Nasze mieszkania w Warszawie wyr\u00f3\u017cniaj\u0105 si\u0119 funkcjonalnym rozk\u0142adem pomieszcze\u0144 i du\u017c\u0105 ilo\u015bci\u0105 naturalnego \u015bwiat\u0142a. Inwestujemy w liczne innowacje, kt\u00f3re przynosz\u0105 korzy\u015bci nabywcom i mieszka\u0144com.<\/span><\/li>\n<\/ul>\n<ul>\n<li aria-level=\"1\"><b>Nowoczesna estetyka<\/b><span style=\"font-weight: 400;\">. Projektujemy nieruchomo\u015bci w Warszawie, kt\u00f3re zaspokajaj\u0105 potrzeby nie tylko fizyczne, lecz r\u00f3wnie\u017c estetyczne. Kreujemy przestrzenie, kt\u00f3re inspiruj\u0105, dbaj\u0105 o dobre samopoczucie i podnosz\u0105 jako\u015b\u0107 codziennego \u017cycia. \u0141\u0105czymy nowoczesny minimalizm i klasyczn\u0105 elegancj\u0119, wpisuj\u0105c si\u0119 w r\u00f3\u017cnorodne oczekiwania.<\/span><\/li>\n<\/ul>\n<ul>\n<li aria-level=\"1\"><b>Najwy\u017csze standardy jako\u015bci<\/b><span style=\"font-weight: 400;\">. Nie tylko ich przestrzegamy, lecz tak\u017ce je wsp\u00f3\u0142tworzymy. Dbamy o solidne fundamenty \u2013 dos\u0142ownie i w przeno\u015bni, zapewniaj\u0105c wysok\u0105 jako\u015b\u0107 wykonania i wyko\u0144czenia budynk\u00f3w i mieszka\u0144. D\u0105\u017cymy do tego, aby nowe mieszkanie z rynku pierwotnego \u2013 tak\u017ce poza \u015bcis\u0142ym centrum Warszawy \u2013 by\u0142o korzystn\u0105 inwestycj\u0105 w przysz\u0142o\u015b\u0107.<\/span><\/li>\n<\/ul>\n<ul>\n<li aria-level=\"1\"><b>Sprawny zakup nowego mieszkania<\/b><span style=\"font-weight: 400;\">. Zapewniamy profesjonalne wsparcie w zakupie mieszkania \u2013 na ka\u017cdym etapie, pocz\u0105wszy od wyboru odpowiedniego lokalu, a sko\u0144czywszy na kwestiach formalnych. U\u0142atwiamy i przyspieszamy ca\u0142y proces, a zarazem dbamy o spok\u00f3j inwestora. D\u0105\u017cymy do tego, aby zakup mieszkania by\u0142 przyjemn\u0105 chwil\u0105.<\/span><\/li>\n<\/ul>\n<h2><span style=\"font-weight: 400;\">Warszawa: mieszkania od dewelopera godnego zaufania<\/span><\/h2>\n<p><span style=\"font-weight: 400;\">Aktywnie budujemy zaufanie Klient\u00f3w, zapewniaj\u0105c profesjonalne doradztwo i wsparcie. Wsp\u00f3\u0142tworzymy tkank\u0119 miejsk\u0105, kt\u00f3ra oferuje mieszka\u0144com bezpiecze\u0144stwo, codzienny komfort \u017cycia i mo\u017cliwo\u015b\u0107 zr\u00f3wnowa\u017conego rozwoju.\u00a0<\/span><\/p>\n<p><b>Jako do\u015bwiadczony deweloper <\/b><b>\u2013 <\/b><b>o stabilnej i silnej pozycji <\/b><b>\u2013 <\/b><b>jeste\u015bmy pewnym partnerem <\/b><span style=\"font-weight: 400;\">na warszawskim rynku<\/span> <span style=\"font-weight: 400;\">pierwotnym nieruchomo\u015bci, dlatego aktywnie dzia\u0142amy r\u00f3wnie\u017c na rzecz mieszka\u0144c\u00f3w. Przyjmujemy odpowiedzialno\u015b\u0107 spo\u0142eczn\u0105 i ekologiczn\u0105 biznesu \u2013 anga\u017cujemy si\u0119 w pomoc wielu grupom spo\u0142ecznym oraz w dzia\u0142ania \u015brodowiskowe, inwestujemy w przysz\u0142o\u015b\u0107 miasta i ca\u0142ej aglomeracji.<\/span><\/p>\n<h2><span style=\"font-weight: 400;\">Inwestycja w nowe mieszkania od dewelopera w Warszawie<\/span><\/h2>\n<p><span style=\"font-weight: 400;\">Mieszkania na sprzeda\u017c w Warszawie tworzymy z my\u015bl\u0105 o tym, by w zar\u00f3wno bliskiej, jak i dalszej przysz\u0142o\u015bci zapewni\u0142y ich nabywcom korzy\u015bci inwestycyjne. St\u0105d troska o atrakcyjn\u0105 lokalizacj\u0119, rozbudowan\u0105 infrastruktur\u0119, solidno\u015b\u0107 oraz estetyk\u0119 wykonania.\u00a0<\/span><\/p>\n<p><span style=\"font-weight: 400;\">Mieszkania gotowe do urz\u0105dzania <\/span><b>zaaran\u017cujesz zgodnie ze swoimi potrzebami lub planami biznesowymi<\/b><span style=\"font-weight: 400;\">. Inwestuj\u0105c w rynek pierwotny w Warszawie, zyskujesz niezale\u017cno\u015b\u0107 wraz z nowymi mo\u017cliwo\u015bciami oraz zabezpieczasz przysz\u0142o\u015b\u0107 swoj\u0105 i bliskich \u2013 a my z przyjemno\u015bci\u0105 pomo\u017cemy zrealizowa\u0107 to wa\u017cne przedsi\u0119wzi\u0119cie.\u00a0<\/span><\/p>\n<p><span style=\"font-weight: 400;\">Zach\u0119camy do \u015bledzenia naszej oferty. Wype\u0142nij formularz, aby otrzymywa\u0107 powiadomienia o naszych inwestycjach \u2013 i znajd\u017a <\/span><i><span style=\"font-weight: 400;\">swoje<\/span><\/i><span style=\"font-weight: 400;\"> miejsce do \u017cycia czy pracy.<\/span><\/p>\n\n                <\/div>\n            <\/div>\n\n            <button data-toggle-content-button type=\"button\" class=\"seo-section__toggle-button flex text-neutral-1100 font-medium text-14 lg:text-16 items-center gap-12 py-10 ml-auto !hidden\">\n                <span data-toggle-button-text class=\"leading-[normal]\">Czytaj dalej<\/span>\n                <span class=\"button-arrow\"><svg xmlns=\"http:\/\/www.w3.org\/2000\/svg\" width=\"16\" height=\"16\" viewbox=\"0 0 16 16\" fill=\"none\">\n\t<path d=\"M13 6.5L8 11.5L3 6.5\" stroke=\"currentColor\" stroke-width=\"4\" stroke-linecap=\"square\"\/>\n<\/svg>\n<\/span>\n            <\/button>\n        <\/div>\n    <\/div>\n<\/section>\n\n<div style=\"height: clamp(3.2rem, 8vw, 9.6rem);\" aria-hidden=\"true\"><\/div>\n","protected":false},"excerpt":{"rendered":"<p>Aktualne powierzchniedo wynaj\u0119cia Obecnie wszystkie nasze powierzchnie biurowe s\u0105 wynaj\u0119te.<\/p>\n","protected":false},"author":1,"featured_media":0,"parent":836,"menu_order":0,"comment_status":"closed","ping_status":"closed","template":"","meta":{"_acf_changed":false,"inline_featured_image":false,"footnotes":""},"class_list":["post-970","page","type-page","status-publish","hentry"],"acf":[],"yoast_head":"<!-- This site is optimized with the Yoast SEO plugin v27.3 - https:\/\/yoast.com\/product\/yoast-seo-wordpress\/ -->\n<title>Warszawa - Wary\u0144ski S.A. Grupa Holdingowa<\/title>\n<meta name=\"robots\" content=\"index, follow, max-snippet:-1, max-image-preview:large, max-video-preview:-1\" \/>\n<link rel=\"canonical\" href=\"https:\/\/www.warynski.pl\/inwestycje-biurowe\/warszawa\/\" \/>\n<meta property=\"og:locale\" content=\"pl_PL\" \/>\n<meta property=\"og:type\" content=\"article\" \/>\n<meta property=\"og:title\" content=\"Warszawa - Wary\u0144ski S.A. Grupa Holdingowa\" \/>\n<meta property=\"og:description\" content=\"Aktualne powierzchniedo wynaj\u0119cia Obecnie wszystkie nasze powierzchnie biurowe s\u0105 wynaj\u0119te.\" \/>\n<meta property=\"og:url\" content=\"https:\/\/www.warynski.pl\/inwestycje-biurowe\/warszawa\/\" \/>\n<meta property=\"og:site_name\" content=\"Wary\u0144ski S.A. Grupa Holdingowa\" \/>\n<meta property=\"article:publisher\" content=\"https:\/\/www.facebook.com\/GrupaWarynski\" \/>\n<meta property=\"article:modified_time\" content=\"2026-02-09T12:43:24+00:00\" \/>\n<meta name=\"twitter:card\" content=\"summary_large_image\" \/>\n<meta name=\"twitter:label1\" content=\"Szacowany czas czytania\" \/>\n\t<meta name=\"twitter:data1\" content=\"1 minuta\" \/>\n<script type=\"application\/ld+json\" class=\"yoast-schema-graph\">{\"@context\":\"https:\\\/\\\/schema.org\",\"@graph\":[{\"@type\":\"WebPage\",\"@id\":\"https:\\\/\\\/www.warynski.pl\\\/inwestycje-biurowe\\\/warszawa\\\/\",\"url\":\"https:\\\/\\\/www.warynski.pl\\\/inwestycje-biurowe\\\/warszawa\\\/\",\"name\":\"Warszawa - Wary\u0144ski S.A. Grupa Holdingowa\",\"isPartOf\":{\"@id\":\"https:\\\/\\\/www.warynski.pl\\\/#website\"},\"datePublished\":\"2024-09-05T07:23:38+00:00\",\"dateModified\":\"2026-02-09T12:43:24+00:00\",\"breadcrumb\":{\"@id\":\"https:\\\/\\\/www.warynski.pl\\\/inwestycje-biurowe\\\/warszawa\\\/#breadcrumb\"},\"inLanguage\":\"pl-PL\",\"potentialAction\":[{\"@type\":\"ReadAction\",\"target\":[\"https:\\\/\\\/www.warynski.pl\\\/inwestycje-biurowe\\\/warszawa\\\/\"]}]},{\"@type\":\"BreadcrumbList\",\"@id\":\"https:\\\/\\\/www.warynski.pl\\\/inwestycje-biurowe\\\/warszawa\\\/#breadcrumb\",\"itemListElement\":[{\"@type\":\"ListItem\",\"position\":1,\"name\":\"Strona g\u0142\u00f3wna\",\"item\":\"https:\\\/\\\/www.warynski.pl\\\/\"},{\"@type\":\"ListItem\",\"position\":2,\"name\":\"Inwestycje biurowe\",\"item\":\"https:\\\/\\\/www.warynski.pl\\\/inwestycje-biurowe\\\/\"},{\"@type\":\"ListItem\",\"position\":3,\"name\":\"Warszawa\"}]},{\"@type\":\"WebSite\",\"@id\":\"https:\\\/\\\/www.warynski.pl\\\/#website\",\"url\":\"https:\\\/\\\/www.warynski.pl\\\/\",\"name\":\"Wary\u0144ski S.A. Grupa Holdingowa\",\"description\":\"\",\"publisher\":{\"@id\":\"https:\\\/\\\/www.warynski.pl\\\/#organization\"},\"potentialAction\":[{\"@type\":\"SearchAction\",\"target\":{\"@type\":\"EntryPoint\",\"urlTemplate\":\"https:\\\/\\\/www.warynski.pl\\\/?s={search_term_string}\"},\"query-input\":{\"@type\":\"PropertyValueSpecification\",\"valueRequired\":true,\"valueName\":\"search_term_string\"}}],\"inLanguage\":\"pl-PL\"},{\"@type\":\"Organization\",\"@id\":\"https:\\\/\\\/www.warynski.pl\\\/#organization\",\"name\":\"Wary\u0144ski S.A. Grupa Holdingowa\",\"url\":\"https:\\\/\\\/www.warynski.pl\\\/\",\"logo\":{\"@type\":\"ImageObject\",\"inLanguage\":\"pl-PL\",\"@id\":\"https:\\\/\\\/www.warynski.pl\\\/#\\\/schema\\\/logo\\\/image\\\/\",\"url\":\"https:\\\/\\\/www.warynski.pl\\\/wp-content\\\/uploads\\\/2024\\\/09\\\/logo-signet-1.svg\",\"contentUrl\":\"https:\\\/\\\/www.warynski.pl\\\/wp-content\\\/uploads\\\/2024\\\/09\\\/logo-signet-1.svg\",\"width\":56,\"height\":56,\"caption\":\"Wary\u0144ski S.A. Grupa Holdingowa\"},\"image\":{\"@id\":\"https:\\\/\\\/www.warynski.pl\\\/#\\\/schema\\\/logo\\\/image\\\/\"},\"sameAs\":[\"https:\\\/\\\/www.facebook.com\\\/GrupaWarynski\",\"https:\\\/\\\/www.instagram.com\\\/warynski_s_a\\\/\"]}]}<\/script>\n<!-- \/ Yoast SEO plugin. -->","yoast_head_json":{"title":"Warszawa - Wary\u0144ski S.A. Grupa Holdingowa","robots":{"index":"index","follow":"follow","max-snippet":"max-snippet:-1","max-image-preview":"max-image-preview:large","max-video-preview":"max-video-preview:-1"},"canonical":"https:\/\/www.warynski.pl\/inwestycje-biurowe\/warszawa\/","og_locale":"pl_PL","og_type":"article","og_title":"Warszawa - Wary\u0144ski S.A. Grupa Holdingowa","og_description":"Aktualne powierzchniedo wynaj\u0119cia Obecnie wszystkie nasze powierzchnie biurowe s\u0105 wynaj\u0119te.","og_url":"https:\/\/www.warynski.pl\/inwestycje-biurowe\/warszawa\/","og_site_name":"Wary\u0144ski S.A. Grupa Holdingowa","article_publisher":"https:\/\/www.facebook.com\/GrupaWarynski","article_modified_time":"2026-02-09T12:43:24+00:00","twitter_card":"summary_large_image","twitter_misc":{"Szacowany czas czytania":"1 minuta"},"schema":{"@context":"https:\/\/schema.org","@graph":[{"@type":"WebPage","@id":"https:\/\/www.warynski.pl\/inwestycje-biurowe\/warszawa\/","url":"https:\/\/www.warynski.pl\/inwestycje-biurowe\/warszawa\/","name":"Warszawa - Wary\u0144ski S.A. Grupa Holdingowa","isPartOf":{"@id":"https:\/\/www.warynski.pl\/#website"},"datePublished":"2024-09-05T07:23:38+00:00","dateModified":"2026-02-09T12:43:24+00:00","breadcrumb":{"@id":"https:\/\/www.warynski.pl\/inwestycje-biurowe\/warszawa\/#breadcrumb"},"inLanguage":"pl-PL","potentialAction":[{"@type":"ReadAction","target":["https:\/\/www.warynski.pl\/inwestycje-biurowe\/warszawa\/"]}]},{"@type":"BreadcrumbList","@id":"https:\/\/www.warynski.pl\/inwestycje-biurowe\/warszawa\/#breadcrumb","itemListElement":[{"@type":"ListItem","position":1,"name":"Strona g\u0142\u00f3wna","item":"https:\/\/www.warynski.pl\/"},{"@type":"ListItem","position":2,"name":"Inwestycje biurowe","item":"https:\/\/www.warynski.pl\/inwestycje-biurowe\/"},{"@type":"ListItem","position":3,"name":"Warszawa"}]},{"@type":"WebSite","@id":"https:\/\/www.warynski.pl\/#website","url":"https:\/\/www.warynski.pl\/","name":"Wary\u0144ski S.A. Grupa Holdingowa","description":"","publisher":{"@id":"https:\/\/www.warynski.pl\/#organization"},"potentialAction":[{"@type":"SearchAction","target":{"@type":"EntryPoint","urlTemplate":"https:\/\/www.warynski.pl\/?s={search_term_string}"},"query-input":{"@type":"PropertyValueSpecification","valueRequired":true,"valueName":"search_term_string"}}],"inLanguage":"pl-PL"},{"@type":"Organization","@id":"https:\/\/www.warynski.pl\/#organization","name":"Wary\u0144ski S.A. Grupa Holdingowa","url":"https:\/\/www.warynski.pl\/","logo":{"@type":"ImageObject","inLanguage":"pl-PL","@id":"https:\/\/www.warynski.pl\/#\/schema\/logo\/image\/","url":"https:\/\/www.warynski.pl\/wp-content\/uploads\/2024\/09\/logo-signet-1.svg","contentUrl":"https:\/\/www.warynski.pl\/wp-content\/uploads\/2024\/09\/logo-signet-1.svg","width":56,"height":56,"caption":"Wary\u0144ski S.A. Grupa Holdingowa"},"image":{"@id":"https:\/\/www.warynski.pl\/#\/schema\/logo\/image\/"},"sameAs":["https:\/\/www.facebook.com\/GrupaWarynski","https:\/\/www.instagram.com\/warynski_s_a\/"]}]}},"gutenberg_blocks":[{"blockName":"custom-styles","attrs":{"styles":""}},{"blockName":"acf\/hero","attrs":{"name":"acf\/hero","data":{"bg_image":940,"_bg_image":"field_66c4a64b85c23","title_label":"","_title_label":"field_66be02efc147b","title_heading_text":"Inwestycje biurowe","_title_heading_text":"field_638627ccced84","title_heading_level":"h1","_title_heading_level":"field_638627e7ced85","title_heading_variant":"default","_title_heading_variant":"field_63862847ced86","title_heading_color":"white","_title_heading_color":"field_66be0317c147d","title_heading_alignment":"left","_title_heading_alignment":"field_66be0333c147e","title_extra_classes":"","_title_extra_classes":"field_638628eeced88","title":"","_title":"field_66c4a65685c24","variant":"page","_variant":"field_66c4a87485c2c"},"mode":"edit"},"innerBlocks":[],"innerHTML":"","innerContent":[]},{"blockName":"acf\/separator","attrs":{"name":"acf\/separator","data":{"separator_values_min":"40","_separator_values_min":"field_659d1d0e47ee6","separator_values_max":"80","_separator_values_max":"field_659d1d4547ee7","separator_values":"","_separator_values":"field_659d261a7f4e0"},"mode":"edit"},"innerBlocks":[],"innerHTML":"","innerContent":[]},{"blockName":"acf\/two-cols-with-text","attrs":{"name":"acf\/two-cols-with-text","data":{"title_label":"Poznaj","_title_label":"field_66be02efc147b","title_heading_text":"NASZE BIURA W WARSZAWIE","_title_heading_text":"field_638627ccced84","title_heading_level":"h2","_title_heading_level":"field_638627e7ced85","title_heading_variant":"default","_title_heading_variant":"field_63862847ced86","title_heading_color":"black","_title_heading_color":"field_66be0317c147d","title_heading_alignment":"left","_title_heading_alignment":"field_66be0333c147e","title_extra_classes":"","_title_extra_classes":"field_638628eeced88","title":"","_title":"field_66cedb8a59921","text":"Potwierdzeniem osi\u0105gni\u0119cia przez Grup\u0119 Wary\u0144ski statusu profesjonalnego dewelopera jest realizacja budynku biurowego EQlibrium przy ul. Jana Kazimierza 3 oraz EQ2 przy ul. Wschowskiej 8 w Warszawie. Budynki tworz\u0105 kompleks biurowy usytuowany niemal w\u00a0centrum miasta, w otoczeniu zieleni i miejsc stworzonych do wypoczynku oraz rekreacji.","_text":"field_66cedba359922","button_title":"","_button_title":"field_61d40397c2f0a","button_button_type":"link","_button_button_type":"field_63bbde3b8f0d0","button_url":"","_button_url":"field_61d4039bc2f0b","button_icon":"","_button_icon":"field_66be1c7b32422","button_button_style":"primary","_button_button_style":"field_63872d045d0f0","button_target":"_self","_button_target":"field_63872c705d0ef","button_button_extra_classes":"","_button_button_extra_classes":"field_642beab6a97de","button":"","_button":"field_66d9bbbb3c7b2","width_variant":"4-8","_width_variant":"field_66cef13955586"},"mode":"edit"},"innerBlocks":[],"innerHTML":"","innerContent":[]},{"blockName":"acf\/separator","attrs":{"name":"acf\/separator","data":{"separator_values_min":"40","_separator_values_min":"field_659d1d0e47ee6","separator_values_max":"80","_separator_values_max":"field_659d1d4547ee7","separator_values":"","_separator_values":"field_659d261a7f4e0"},"mode":"edit"},"innerBlocks":[],"innerHTML":"","innerContent":[]},{"blockName":"acf\/office-investments-listing","attrs":{"name":"acf\/office-investments-listing","data":{"heading_label":"Inwestycje Zrealizowane","_heading_label":"field_66be02efc147b","heading_heading_text":"","_heading_heading_text":"field_638627ccced84","heading_heading_level":"h2","_heading_heading_level":"field_638627e7ced85","heading_heading_variant":"default","_heading_heading_variant":"field_63862847ced86","heading_heading_color":"black","_heading_heading_color":"field_66be0317c147d","heading_heading_alignment":"left","_heading_heading_alignment":"field_66be0333c147e","heading_extra_classes":"","_heading_extra_classes":"field_638628eeced88","heading":"","_heading":"field_66d9515fb8d49","selected_city":"9","_selected_city":"field_66d94dcf63a16","stage":"all","_stage":"field_66d950a41cf6a","hide_menu":"0","_hide_menu":"field_66d951dfb8d4b"},"mode":"edit"},"innerBlocks":[],"innerHTML":"","innerContent":[]},{"blockName":"core\/block","attrs":[{"blockName":"custom-styles","attrs":{"styles":""}},{"blockName":"acf\/popup","attrs":{"name":"acf\/popup","data":{"contact_form":["1531"],"_contact_form":"field_66daa2b25afad","title_label":"","_title_label":"field_66be02efc147b","title_heading_text":"Zapytaj o cen\u0119","_title_heading_text":"field_638627ccced84","title_heading_level":"h2","_title_heading_level":"field_638627e7ced85","title_heading_variant":"h4","_title_heading_variant":"field_63862847ced86","title_heading_color":"black","_title_heading_color":"field_66be0317c147d","title_heading_alignment":"left","_title_heading_alignment":"field_66be0333c147e","title_extra_classes":"","_title_extra_classes":"field_638628eeced88","title":"","_title":"field_66daaa39f2ffe","text":"","_text":"field_66daaa60f2fff","trigger_class":"spaces-for-rent-popup","_trigger_class":"field_66daaa7df3001"},"mode":"edit"},"innerBlocks":[],"innerHTML":"","innerContent":[]}],"innerBlocks":[],"innerHTML":"","innerContent":[]},{"blockName":"acf\/separator","attrs":{"name":"acf\/separator","data":{"separator_values_min":"80","_separator_values_min":"field_659d1d0e47ee6","separator_values_max":"160","_separator_values_max":"field_659d1d4547ee7","separator_values":"","_separator_values":"field_659d261a7f4e0"},"mode":"edit"},"innerBlocks":[],"innerHTML":"","innerContent":[]},{"blockName":"core\/block","attrs":[{"blockName":"custom-styles","attrs":{"styles":""}},{"blockName":"core\/group","attrs":{"className":"eplus-wrapper","layout":{"type":"constrained"}},"innerBlocks":[{"blockName":"acf\/office-investment-table","attrs":{"name":"acf\/office-investment-table","data":{"heading_label":"","_heading_label":"field_66be02efc147b","heading_heading_text":"Aktualne powierzchnie<br> do wynaj\u0119cia","_heading_heading_text":"field_638627ccced84","heading_heading_level":"h2","_heading_heading_level":"field_638627e7ced85","heading_heading_variant":"default","_heading_heading_variant":"field_63862847ced86","heading_heading_color":"black","_heading_heading_color":"field_66be0317c147d","heading_heading_alignment":"center","_heading_heading_alignment":"field_66be0333c147e","heading_extra_classes":"","_heading_extra_classes":"field_638628eeced88","heading":"","_heading":"field_66d974209a48f","spaces_for_rent_0_investment_name":"EQ2","_spaces_for_rent_0_investment_name":"field_6702c9ebb4a36","spaces_for_rent_0_size":"136,22 m\u00b2","_spaces_for_rent_0_size":"field_6702ca09b4a37","spaces_for_rent_0_floor":"1","_spaces_for_rent_0_floor":"field_6702ca3fb4a38","spaces_for_rent_0_type":"biurowa","_spaces_for_rent_0_type":"field_6702ca49b4a39","spaces_for_rent_0_number":"EQ2\/B01","_spaces_for_rent_0_number":"field_6702ca85b4a3a","spaces_for_rent":1,"_spaces_for_rent":"field_66d973ea9a48e"},"mode":"preview"},"innerBlocks":[],"innerHTML":"","innerContent":[]}],"innerHTML":"\n<div id=\"lista-inwestycji\" class=\"wp-block-group eplus-wrapper\"><\/div>\n","innerContent":["\n<div id=\"lista-inwestycji\" class=\"wp-block-group eplus-wrapper\">",null,"<\/div>\n"]}],"innerBlocks":[],"innerHTML":"","innerContent":[]},{"blockName":"core\/heading","attrs":{"textAlign":"center","className":"  "},"innerBlocks":[],"innerHTML":"\n<h2 class=\"wp-block-heading has-text-align-center\" style=\"color: #161616;\">Aktualne powierzchnie<br>do wynaj\u0119cia<\/h2>\n","innerContent":["\n<h2 class=\"wp-block-heading has-text-align-center\" style=\"color: #161616;\">Aktualne powierzchnie<br>do wynaj\u0119cia<\/h2>\n"]},{"blockName":"acf\/separator","attrs":{"name":"acf\/separator","data":{"separator_values_min":"52","_separator_values_min":"field_659d1d0e47ee6","separator_values_max":"104","_separator_values_max":"field_659d1d4547ee7","separator_values":"","_separator_values":"field_659d261a7f4e0"},"mode":"edit"},"innerBlocks":[],"innerHTML":"","innerContent":[]},{"blockName":"core\/paragraph","attrs":{"align":"center"},"innerBlocks":[],"innerHTML":"\n<p class=\"has-text-align-center\">Obecnie wszystkie nasze powierzchnie biurowe s\u0105 wynaj\u0119te.<\/p>\n","innerContent":["\n<p class=\"has-text-align-center\">Obecnie wszystkie nasze powierzchnie biurowe s\u0105 wynaj\u0119te.<\/p>\n"]},{"blockName":"acf\/separator","attrs":{"name":"acf\/separator","data":{"separator_values_min":"52","_separator_values_min":"field_659d1d0e47ee6","separator_values_max":"104","_separator_values_max":"field_659d1d4547ee7","separator_values":"","_separator_values":"field_659d261a7f4e0"},"mode":"edit"},"innerBlocks":[],"innerHTML":"","innerContent":[]},{"blockName":"core\/block","attrs":[{"blockName":"custom-styles","attrs":{"styles":""}},{"blockName":"acf\/cta","attrs":{"name":"acf\/cta","data":{"img":945,"_img":"field_66d83ae0353c5","title_label":"","_title_label":"field_66be02efc147b","title_heading_text":"Zobacz tak\u017ce nasze inwestycje mieszkaniowe","_title_heading_text":"field_638627ccced84","title_heading_level":"h2","_title_heading_level":"field_638627e7ced85","title_heading_variant":"h4","_title_heading_variant":"field_63862847ced86","title_heading_color":"black","_title_heading_color":"field_66be0317c147d","title_heading_alignment":"left","_title_heading_alignment":"field_66be0333c147e","title_extra_classes":"","_title_extra_classes":"field_638628eeced88","title":"","_title":"field_66d83af1353c6","button_title":"Inwestycje mieszkaniowe","_button_title":"field_61d40397c2f0a","button_button_type":"link","_button_button_type":"field_63bbde3b8f0d0","button_url":"\/inwestycje-mieszkaniowe\/","_button_url":"field_61d4039bc2f0b","button_icon":"","_button_icon":"field_66be1c7b32422","button_button_style":"primary","_button_button_style":"field_63872d045d0f0","button_target":"_self","_button_target":"field_63872c705d0ef","button_button_extra_classes":"","_button_button_extra_classes":"field_642beab6a97de","button":"","_button":"field_66d83bfe353c7"},"mode":"edit"},"innerBlocks":[],"innerHTML":"","innerContent":[]}],"innerBlocks":[],"innerHTML":"","innerContent":[]},{"blockName":"acf\/separator","attrs":{"name":"acf\/separator","data":{"separator_values_min":"32","_separator_values_min":"field_659d1d0e47ee6","separator_values_max":"96","_separator_values_max":"field_659d1d4547ee7","separator_values":"","_separator_values":"field_659d261a7f4e0"},"mode":"edit"},"innerBlocks":[],"innerHTML":"","innerContent":[]},{"blockName":"acf\/seo-section","attrs":{"name":"acf\/seo-section","data":{"title_label":"","_title_label":"field_66be02efc147b","title_heading_text":"Mieszkania w Warszawie od dewelopera, kt\u00f3ry rozumie potrzeby mieszka\u0144c\u00f3w","_title_heading_text":"field_638627ccced84","title_heading_level":"h2","_title_heading_level":"field_638627e7ced85","title_heading_variant":"default","_title_heading_variant":"field_63862847ced86","title_heading_color":"black","_title_heading_color":"field_66be0317c147d","title_heading_alignment":"left","_title_heading_alignment":"field_66be0333c147e","title_extra_classes":"","_title_extra_classes":"field_638628eeced88","title":"","_title":"field_655377aae484f","content":"<ul>\r\n \t<li aria-level=\"1\"><b>Doskona\u0142a lokalizacja<\/b><span style=\"font-weight: 400;\">. Starannie wybieramy przestrze\u0144 pod inwestycje mieszkaniowe w Warszawie \u2013 stawiamy na dzielnice dynamicznie si\u0119 rozwijaj\u0105ce i z du\u017cym potencja\u0142em. Wybierz osiedle dobrze skomunikowane z centrum miasta, bogate w punkty us\u0142ugowe i handlowe, plac\u00f3wki edukacyjne i medyczne.<\/span><\/li>\r\n<\/ul>\r\n<ul>\r\n \t<li aria-level=\"1\"><b>Bezpiecze\u0144stwo, prywatno\u015b\u0107 i spok\u00f3j<\/b><span style=\"font-weight: 400;\">. W atrakcyjnej lokalizacji budujemy co\u015b wi\u0119cej ni\u017c nowe mieszkania w Warszawie. Tworzymy azyl \u2013 bezpieczne i spokojne miejsca do \u017cycia czy pracy. Dbamy o przyjazn\u0105 przestrze\u0144, kt\u00f3ra sprzyja wypoczynkowi, rekreacji i integracji z s\u0105siadami. Zapewniamy mieszka\u0144com poczucie prywatno\u015bci i swobody.<\/span><\/li>\r\n<\/ul>\r\n<ul>\r\n \t<li aria-level=\"1\"><b>Ergonomiczne nowoczesne mieszkania<\/b><span style=\"font-weight: 400;\">. Projektujemy lokale mieszkalne \u0142atwe do zaaran\u017cowania, a tak\u017ce przystosowane do najmu kr\u00f3tko- i d\u0142ugoterminowego. Nasze mieszkania w Warszawie wyr\u00f3\u017cniaj\u0105 si\u0119 funkcjonalnym rozk\u0142adem pomieszcze\u0144 i du\u017c\u0105 ilo\u015bci\u0105 naturalnego \u015bwiat\u0142a. Inwestujemy w liczne innowacje, kt\u00f3re przynosz\u0105 korzy\u015bci nabywcom i mieszka\u0144com.<\/span><\/li>\r\n<\/ul>\r\n<ul>\r\n \t<li aria-level=\"1\"><b>Nowoczesna estetyka<\/b><span style=\"font-weight: 400;\">. Projektujemy nieruchomo\u015bci w Warszawie, kt\u00f3re zaspokajaj\u0105 potrzeby nie tylko fizyczne, lecz r\u00f3wnie\u017c estetyczne. Kreujemy przestrzenie, kt\u00f3re inspiruj\u0105, dbaj\u0105 o dobre samopoczucie i podnosz\u0105 jako\u015b\u0107 codziennego \u017cycia. \u0141\u0105czymy nowoczesny minimalizm i klasyczn\u0105 elegancj\u0119, wpisuj\u0105c si\u0119 w r\u00f3\u017cnorodne oczekiwania.<\/span><\/li>\r\n<\/ul>\r\n<ul>\r\n \t<li aria-level=\"1\"><b>Najwy\u017csze standardy jako\u015bci<\/b><span style=\"font-weight: 400;\">. Nie tylko ich przestrzegamy, lecz tak\u017ce je wsp\u00f3\u0142tworzymy. Dbamy o solidne fundamenty \u2013 dos\u0142ownie i w przeno\u015bni, zapewniaj\u0105c wysok\u0105 jako\u015b\u0107 wykonania i wyko\u0144czenia budynk\u00f3w i mieszka\u0144. D\u0105\u017cymy do tego, aby nowe mieszkanie z rynku pierwotnego \u2013 tak\u017ce poza \u015bcis\u0142ym centrum Warszawy \u2013 by\u0142o korzystn\u0105 inwestycj\u0105 w przysz\u0142o\u015b\u0107.<\/span><\/li>\r\n<\/ul>\r\n<ul>\r\n \t<li aria-level=\"1\"><b>Sprawny zakup nowego mieszkania<\/b><span style=\"font-weight: 400;\">. Zapewniamy profesjonalne wsparcie w zakupie mieszkania \u2013 na ka\u017cdym etapie, pocz\u0105wszy od wyboru odpowiedniego lokalu, a sko\u0144czywszy na kwestiach formalnych. U\u0142atwiamy i przyspieszamy ca\u0142y proces, a zarazem dbamy o spok\u00f3j inwestora. D\u0105\u017cymy do tego, aby zakup mieszkania by\u0142 przyjemn\u0105 chwil\u0105.<\/span><\/li>\r\n<\/ul>\r\n<h2><span style=\"font-weight: 400;\">Warszawa: mieszkania od dewelopera godnego zaufania<\/span><\/h2>\r\n<span style=\"font-weight: 400;\">Aktywnie budujemy zaufanie Klient\u00f3w, zapewniaj\u0105c profesjonalne doradztwo i wsparcie. Wsp\u00f3\u0142tworzymy tkank\u0119 miejsk\u0105, kt\u00f3ra oferuje mieszka\u0144com bezpiecze\u0144stwo, codzienny komfort \u017cycia i mo\u017cliwo\u015b\u0107 zr\u00f3wnowa\u017conego rozwoju.\u00a0<\/span>\r\n\r\n<b>Jako do\u015bwiadczony deweloper <\/b><b>\u2013 <\/b><b>o stabilnej i silnej pozycji <\/b><b>\u2013 <\/b><b>jeste\u015bmy pewnym partnerem <\/b><span style=\"font-weight: 400;\">na warszawskim rynku<\/span> <span style=\"font-weight: 400;\">pierwotnym nieruchomo\u015bci, dlatego aktywnie dzia\u0142amy r\u00f3wnie\u017c na rzecz mieszka\u0144c\u00f3w. Przyjmujemy odpowiedzialno\u015b\u0107 spo\u0142eczn\u0105 i ekologiczn\u0105 biznesu \u2013 anga\u017cujemy si\u0119 w pomoc wielu grupom spo\u0142ecznym oraz w dzia\u0142ania \u015brodowiskowe, inwestujemy w przysz\u0142o\u015b\u0107 miasta i ca\u0142ej aglomeracji.<\/span>\r\n<h2><span style=\"font-weight: 400;\">Inwestycja w nowe mieszkania od dewelopera w Warszawie<\/span><\/h2>\r\n<span style=\"font-weight: 400;\">Mieszkania na sprzeda\u017c w Warszawie tworzymy z my\u015bl\u0105 o tym, by w zar\u00f3wno bliskiej, jak i dalszej przysz\u0142o\u015bci zapewni\u0142y ich nabywcom korzy\u015bci inwestycyjne. St\u0105d troska o atrakcyjn\u0105 lokalizacj\u0119, rozbudowan\u0105 infrastruktur\u0119, solidno\u015b\u0107 oraz estetyk\u0119 wykonania.\u00a0<\/span>\r\n\r\n<span style=\"font-weight: 400;\">Mieszkania gotowe do urz\u0105dzania <\/span><b>zaaran\u017cujesz zgodnie ze swoimi potrzebami lub planami biznesowymi<\/b><span style=\"font-weight: 400;\">. Inwestuj\u0105c w rynek pierwotny w Warszawie, zyskujesz niezale\u017cno\u015b\u0107 wraz z nowymi mo\u017cliwo\u015bciami oraz zabezpieczasz przysz\u0142o\u015b\u0107 swoj\u0105 i bliskich \u2013 a my z przyjemno\u015bci\u0105 pomo\u017cemy zrealizowa\u0107 to wa\u017cne przedsi\u0119wzi\u0119cie.\u00a0<\/span>\r\n\r\n<span style=\"font-weight: 400;\">Zach\u0119camy do \u015bledzenia naszej oferty. Wype\u0142nij formularz, aby otrzymywa\u0107 powiadomienia o naszych inwestycjach \u2013 i znajd\u017a <\/span><i><span style=\"font-weight: 400;\">swoje<\/span><\/i><span style=\"font-weight: 400;\"> miejsce do \u017cycia czy pracy.<\/span>","_content":"field_655377d0e4850"},"mode":"edit"},"innerBlocks":[],"innerHTML":"","innerContent":[]},{"blockName":"acf\/separator","attrs":{"name":"acf\/separator","data":{"separator_values_min":"32","_separator_values_min":"field_659d1d0e47ee6","separator_values_max":"96","_separator_values_max":"field_659d1d4547ee7","separator_values":"","_separator_values":"field_659d261a7f4e0"},"mode":"edit"},"innerBlocks":[],"innerHTML":"","innerContent":[]}],"meta_data":{"container":"","menu_theme":"light"},"_links":{"self":[{"href":"https:\/\/www.warynski.pl\/index.php\/wp-json\/wp\/v2\/pages\/970","targetHints":{"allow":["GET"]}}],"collection":[{"href":"https:\/\/www.warynski.pl\/index.php\/wp-json\/wp\/v2\/pages"}],"about":[{"href":"https:\/\/www.warynski.pl\/index.php\/wp-json\/wp\/v2\/types\/page"}],"author":[{"embeddable":true,"href":"https:\/\/www.warynski.pl\/index.php\/wp-json\/wp\/v2\/users\/1"}],"replies":[{"embeddable":true,"href":"https:\/\/www.warynski.pl\/index.php\/wp-json\/wp\/v2\/comments?post=970"}],"version-history":[{"count":12,"href":"https:\/\/www.warynski.pl\/index.php\/wp-json\/wp\/v2\/pages\/970\/revisions"}],"predecessor-version":[{"id":3364,"href":"https:\/\/www.warynski.pl\/index.php\/wp-json\/wp\/v2\/pages\/970\/revisions\/3364"}],"up":[{"embeddable":true,"href":"https:\/\/www.warynski.pl\/index.php\/wp-json\/wp\/v2\/pages\/836"}],"wp:attachment":[{"href":"https:\/\/www.warynski.pl\/index.php\/wp-json\/wp\/v2\/media?parent=970"}],"curies":[{"name":"wp","href":"https:\/\/api.w.org\/{rel}","templated":true}]}}