{"id":835,"date":"2025-02-18T12:20:18","date_gmt":"2025-02-18T11:20:18","guid":{"rendered":"https:\/\/warynski.empressia.dev\/?post_type=war_res_inv&#038;p=835"},"modified":"2025-02-21T09:29:48","modified_gmt":"2025-02-21T08:29:48","slug":"osiedle-kwitnacych-jabloni","status":"publish","type":"war_res_inv","link":"https:\/\/www.warynski.pl\/inwestycja-mieszkalna\/osiedle-kwitnacych-jabloni\/","title":{"rendered":"Osiedle Kwitn\u0105cych Jab\u0142oni"},"content":{"rendered":"\t<section class=\"hero alignfull relative\">\n\n\t\t\t\t\t<div class=\"flex items-end h-[50vh] lg:h-[60vh] min-h-[20rem] sm:min-h-[30rem] lg:min-h-[59rem] xxl:min-h-[80.4rem]\">\n\t<div class=\"absolute left-0 top-0 size-full\">\n\t\t\n    \n       \n          \n\t<figure class=\"overflow-hidden h-full\">\n\n\t\t\n\t\t\t\t\t\t\t\t\t\n\t\t\t<img decoding=\"async\" src=\"https:\/\/www.warynski.pl\/wp-content\/uploads\/2024\/09\/Osiedle-Kwitnacych-Jabloni.jpg\" srcset=\"https:\/\/www.warynski.pl\/wp-content\/uploads\/2024\/09\/Osiedle-Kwitnacych-Jabloni.jpg 1920w, https:\/\/www.warynski.pl\/wp-content\/uploads\/2024\/09\/Osiedle-Kwitnacych-Jabloni-300x169.jpg 300w, https:\/\/www.warynski.pl\/wp-content\/uploads\/2024\/09\/Osiedle-Kwitnacych-Jabloni-1024x576.jpg 1024w, https:\/\/www.warynski.pl\/wp-content\/uploads\/2024\/09\/Osiedle-Kwitnacych-Jabloni-768x432.jpg 768w, https:\/\/www.warynski.pl\/wp-content\/uploads\/2024\/09\/Osiedle-Kwitnacych-Jabloni-1536x864.jpg 1536w, https:\/\/www.warynski.pl\/wp-content\/uploads\/2024\/09\/Osiedle-Kwitnacych-Jabloni-500x281.jpg 500w\" sizes=\"(max-width: 1920px) 100vw, 1920px\" alt=\"Osiedle Kwitn\u0105cych Jab\u0142oni\" class=\"h-full w-full object-cover\" width=\"1920\" height=\"1080\"  loading=\"lazy\" \/>\n\n\t\t\n\t<\/figure>\n\n\n       \n    \n\t<\/div>\n\t<div class=\"absolute left-0 top-0 size-full bg-page-hero\"><\/div>\n\t<div class=\"container h-full relative z-[1] [&#038;_br]:hidden sm:[&#038;_br]:block lg:pl-55 flex flex-col gap-clamp-40 justify-center items-center\">\n\t\t\n\t\t<div class=\"max-w-[77.5rem] \">\n\t\t\t\n    <div class=\"heading default center white flex flex-col gap-clamp-32\">\n                \n        \n            <h1 class=\"   \">\n\n                    Osiedle Kwitn\u0105cych Jab\u0142oni\n\n            <\/h1>\n\n            <\/div>\n\n\t\t<\/div>\n\n\t<\/div>\n<\/div>\n\t\t\t<\/section>\n\n\t\t\t<div class=\"mt-clamp-24 alignfull\">\n\t\t\t<div class=\"container\">\n\t\t\t\t<div class=\"breadcrumbs overflow-x-auto\">\n\t<div class=\"breadcrumbs__inner flex w-max\">\n\t\t<span><span><a href=\"https:\/\/www.warynski.pl\/\">Strona g\u0142\u00f3wna<\/a><\/span><\/span>\n\t<\/div>\n<\/div>\n\t\t\t<\/div>\n\t\t<\/div>\n\t\n\n\n<div style=\"height: clamp(5.2rem, 8vw, 10.4rem);\" aria-hidden=\"true\"><\/div>\n\n\n<section class=\"submenu group alignfull [&#038;.navigation-active]:h-[7.5rem]\">\n\t<nav class=\"submenu__nav border-b-1 border-neutral-100 w-full top-0 bg-white left-0 group-[.is-active]:top-[7.5rem] lg:group-[.is-active]:top-86 transition-all duration-300 z-[39] [&#038;.fixed]:border-t-1\">\n\t\t<div class=\"submenu__nav-scroll overflow-x-auto overflow-y-hidden lg:flex justify-center\">\n\t\t\t<div class=\"w-max lg:w-full flex \">\n\t\t\t\t<ul class=\"flex items-center sm:justify-center gap-clamp-40 mx-auto\">\n\t\t\t\t\t\t\t\t\t\t\t<li>\n\t\t\t\t\t\t\t<a href=\"#opis-o-inwestycji\" class=\"inline-block text-nowrap py-clamp-20 px-clamp-16 text-lg text-neutral-1000 font-medium border-b-3 border-b-transparent [&#038;.is-active]:border-b-primary-50 hover:border-b-primary-50 -mb-1\">Opis \/ O inwestycji<\/a>\n\t\t\t\t\t\t<\/li>\n\t\t\t\t\t\t\t\t\t\t\t<li>\n\t\t\t\t\t\t\t<a href=\"#lokalizacja\" class=\"inline-block text-nowrap py-clamp-20 px-clamp-16 text-lg text-neutral-1000 font-medium border-b-3 border-b-transparent [&#038;.is-active]:border-b-primary-50 hover:border-b-primary-50 -mb-1\">Lokalizacja<\/a>\n\t\t\t\t\t\t<\/li>\n\t\t\t\t\t\t\t\t\t\t\t<li>\n\t\t\t\t\t\t\t<a href=\"#kontakt-zapytaj-o-inwestycje\" class=\"inline-block text-nowrap py-clamp-20 px-clamp-16 text-lg text-neutral-1000 font-medium border-b-3 border-b-transparent [&#038;.is-active]:border-b-primary-50 hover:border-b-primary-50 -mb-1\">Kontakt \/ Zapytaj o inwestycj\u0119 <\/a>\n\t\t\t\t\t\t<\/li>\n\t\t\t\t\t\t\t\t\t<\/ul>\n\t\t\t<\/div>\n\t\t<\/div>\n\t<\/nav>\n<\/section>\n\n\n\n<div id=\"opis-o-inwestycji\" class=\"wp-block-group eplus-wrapper\"><div class=\"wp-block-group__inner-container is-layout-constrained wp-block-group-is-layout-constrained\"><div style=\"height: clamp(6.4rem, 8vw, 12.8rem);\" aria-hidden=\"true\"><\/div>\n\n\n<section class=\"alternating-sections flex flex-col gap-clamp-128\">\n\n\t\t\t<div data-aos=\"fade-up\" class=\"flex flex-col lg:flex-row even:lg:flex-row-reverse gap-clamp-128\">\n\t\t\t<div class=\"flex flex-col gap-clamp-40\">\n\t\t\t\t\n    <div class=\"heading h5 left black flex flex-col gap-clamp-32\">\n                \n        \n            <h3 class=\"h5  \">\n\n                    O inwestycji\n\n            <\/h3>\n\n            <\/div>\n\n\n\t\t\t\t\t\t\t\t\t<div class=\"text-content space-y-clamp-40 [&#038;_ul]:list-disc [&#038;_ul]:space-y-clamp-24\"><p><span style=\"font-weight: 400;\">Zamieszkaj z dala od zgie\u0142ku stolicy, ale w jej pobli\u017cu, w towarzystwie natury i w\u015br\u00f3d niedu\u017cej spo\u0142eczno\u015bci \u2013 na Osiedlu Kwitn\u0105cych Jab\u0142oni. <\/span><b>Odetchnij, wycisz si\u0119, zyskaj r\u00f3wnowag\u0119, nie rezygnuj\u0105c z mo\u017cliwo\u015bci, kt\u00f3re zapewnia Warszawa<\/b><span style=\"font-weight: 400;\">. Kameralne osiedle w podwarszawskiej Jab\u0142onnie to nowa inwestycja Grupy Wary\u0144ski. Z\u0142o\u017c\u0105 si\u0119 na ni\u0105 4 kameralne budynki mieszkalne wielorodzinne (po 8 lokali), zesp\u00f3\u0142 11 dom\u00f3w jednorodzinnych w zabudowie szeregowej i wolnostoj\u0105cej (po 2 lokale) oraz jeden budynek wielorodzinny z us\u0142ugowym parterem.<\/span><\/p>\n<p><span style=\"font-weight: 400;\">Inwestycja obecnie znajduje si\u0119 w fazie projektowej. Zach\u0119camy jednak do \u015bledzenia oferty, a tak\u017ce kontaktu z nasz\u0105 firm\u0105. Jako sp\u00f3\u0142ka skarbu pa\u0144stwa oraz cz\u0142onek Polskiego Zwi\u0105zku Firm Deweloperskich gwarantujemy transparentno\u015b\u0107 oferty i wsparcie na ka\u017cdym etapie inwestycji.<\/span><\/p>\n<\/div>\n\t\t\t\t\n\t\t\t<\/div>\n\t\t\t<div class=\"flex-none lg:w-[40%] xl:w-[53.8rem] relative after:block after:absolute after:-right-12 after:-top-12 after:w-[25.2rem] after:h-[17.8rem] after:bg-main after:z-[-1]\">\n\t\t\t\t\n    \n       \n          \n\t<figure class=\"overflow-hidden \">\n\n\t\t\n\t\t\t\t\t\t\t\t\t\n\t\t\t<img decoding=\"async\" src=\"https:\/\/www.warynski.pl\/wp-content\/uploads\/2024\/09\/O-inwestycji.png\" srcset=\"https:\/\/www.warynski.pl\/wp-content\/uploads\/2024\/09\/O-inwestycji.png 551w, https:\/\/www.warynski.pl\/wp-content\/uploads\/2024\/09\/O-inwestycji-300x208.png 300w, https:\/\/www.warynski.pl\/wp-content\/uploads\/2024\/09\/O-inwestycji-500x347.png 500w\" sizes=\"(max-width: 551px) 100vw, 551px\" alt=\"O inwestycji\" class=\"h-full w-full object-cover\" width=\"551\" height=\"382\"  loading=\"lazy\" \/>\n\n\t\t\n\t<\/figure>\n\n\n       \n    \n\t\t\t<\/div>\n\t\t<\/div>\n\t\t\t<div data-aos=\"fade-up\" class=\"flex flex-col lg:flex-row even:lg:flex-row-reverse gap-clamp-128\">\n\t\t\t<div class=\"flex flex-col gap-clamp-40\">\n\t\t\t\t\n    <div class=\"heading h5 left black flex flex-col gap-clamp-32\">\n                \n        \n            <h3 class=\"h5  \">\n\n                    Spok\u00f3j, oddech, r\u00f3wnowaga \u2013 skorzystaj z urok\u00f3w podmiejskiego \u017cycia\n\n            <\/h3>\n\n            <\/div>\n\n\n\t\t\t\t\t\t\t\t\t<div class=\"text-content space-y-clamp-40 [&#038;_ul]:list-disc [&#038;_ul]:space-y-clamp-24\"><p><span style=\"font-weight: 400;\">Osiedle Kwitn\u0105cych Jab\u0142oni to przestrze\u0144 tworzona z my\u015bl\u0105 zar\u00f3wno o rodzinach, jak i singlach czy seniorach. Zapewni znakomit\u0105 komunikacj\u0119 z Warszaw\u0105: sprawny dojazd do centrum, a tak\u017ce ka\u017cdej dzielnicy Warszawy, jednocze\u015bnie uwzgl\u0119dniaj\u0105c wszystkie uroki podmiejskiego \u017cycia. Przyszli nabywcy b\u0119d\u0105 si\u0119 tu cieszy\u0107 cisz\u0105, towarzystwem natury i spokojem, tworz\u0105c niewielk\u0105 s\u0105siedzk\u0105 spo\u0142eczno\u015b\u0107.<\/span><\/p>\n<p><span style=\"font-weight: 400;\">Mimo podwarszawskiej lokalizacji nieruchomo\u015b\u0107 wyr\u00f3\u017cni wysoki miejski standard, a tak\u017ce nowoczesny design. Projektujemy <\/span><b>praktyczne mieszkania \u2013 przestronne, z funkcjonalnym rozk\u0142adem i du\u017c\u0105 ilo\u015bci\u0105 naturalnego \u015bwiat\u0142a<\/b><span style=\"font-weight: 400;\">, kt\u00f3re dzi\u0119ki nowym technologiom oraz innowacjom zapewni\u0105 codzienny komfort.<\/span><\/p>\n<\/div>\n\t\t\t\t\n\t\t\t<\/div>\n\t\t\t<div class=\"flex-none lg:w-[40%] xl:w-[53.8rem] relative after:block after:absolute after:-left-12  after:-top-12 after:w-[25.2rem] after:h-[17.8rem] after:bg-main after:z-[-1]\">\n\t\t\t\t\n    \n       \n          \n\t<figure class=\"overflow-hidden \">\n\n\t\t\n\t\t\t\t\t\t\t\t\t\n\t\t\t<img decoding=\"async\" src=\"https:\/\/www.warynski.pl\/wp-content\/uploads\/2024\/09\/UJECIE-01_13-scaled.jpg\" srcset=\"https:\/\/www.warynski.pl\/wp-content\/uploads\/2024\/09\/UJECIE-01_13-scaled.jpg 2560w, https:\/\/www.warynski.pl\/wp-content\/uploads\/2024\/09\/UJECIE-01_13-300x192.jpg 300w, https:\/\/www.warynski.pl\/wp-content\/uploads\/2024\/09\/UJECIE-01_13-1024x655.jpg 1024w, https:\/\/www.warynski.pl\/wp-content\/uploads\/2024\/09\/UJECIE-01_13-768x491.jpg 768w, https:\/\/www.warynski.pl\/wp-content\/uploads\/2024\/09\/UJECIE-01_13-1536x982.jpg 1536w, https:\/\/www.warynski.pl\/wp-content\/uploads\/2024\/09\/UJECIE-01_13-2048x1309.jpg 2048w, https:\/\/www.warynski.pl\/wp-content\/uploads\/2024\/09\/UJECIE-01_13-500x320.jpg 500w\" sizes=\"(max-width: 2560px) 100vw, 2560px\" alt=\"UJECIE 01_13\" class=\"h-full w-full object-cover\" width=\"2560\" height=\"1636\"  loading=\"lazy\" \/>\n\n\t\t\n\t<\/figure>\n\n\n       \n    \n\t\t\t<\/div>\n\t\t<\/div>\n\t\n<\/section>\n<\/div><\/div>\n\n\n\n<div id=\"lokalizacja\" class=\"wp-block-group alignfull eplus-wrapper\"><div class=\"wp-block-group__inner-container is-layout-constrained wp-block-group-is-layout-constrained\"><div style=\"height: clamp(8rem, 8vw, 16rem);\" aria-hidden=\"true\"><\/div>\n\n\n<section class=\"google-map alignfull py-clamp-80 bg-neutral-50 \">\n\t<div class=\"container \">\n\t\t<div class=\"max-w-[111.9rem] mx-auto flex flex-col lg:flex-row items-center gap-clamp-32 lg:gap-clamp-128 \">\n\n\n\t\t\t<div class=\"flex-none lg:max-w-[43.8rem] flex flex-col gap-clamp-32\">\n\t\t\t\t\n    <div class=\"heading h4 left black flex flex-col gap-clamp-32\">\n                \n        \n            <h2 class=\"h4  \">\n\n                    Z dala od zgie\u0142ku miasta, ale ze sprawnym dojazdem do stolicy\n\n            <\/h2>\n\n            <\/div>\n\n\t\t\t\t\t\t\t\t\t<div class=\"text-content\"><p><span style=\"font-weight: 400;\">Ogromnym atutem inwestycji jest lokalizacja. W pobli\u017cu znajduj\u0105 si\u0119 nie tylko liczne tereny zielone (w tym zesp\u00f3\u0142 parkowo-pa\u0142acowy), lecz tak\u017ce punkty handlowe i us\u0142ugowe oraz infrastruktura szkolno-przedszkolna. Ka\u017cdy mieszkaniec osiedla sprawnie dojedzie do stolicy zar\u00f3wno samochodem (oko\u0142o 20\u201330 minut), jak i \u015brodkami transportu publicznego (oko\u0142o godziny). <\/span><\/p>\n<\/div>\n\t\t\t\t\t\t\t<\/div>\n\n\t\t\t<div class=\"flex-1 google-map-container aspect-square w-full\">\n\n\t\t\t\t\n\t\t\t\t\t\n\t\t\t\t\t\n\t\t\t\t\t\t<div id=\"gmap\" class=\"h-full w-full\" data-key=\"AIzaSyAslimTqyYLCwZz1l-so8hXJmEqGf_qyWY\" data-marker=\"https:\/\/www.warynski.pl\/wp-content\/uploads\/2024\/09\/znacznik_logo_icon.svg\" data-lng=\"20.919832412839103\" data-lat=\"52.377283855992744\"><\/div>\n\n\t\t\t\t\t\n\t\t\t\t\n\t\t\t<\/div>\n\t\t<\/div>\n\t<\/div>\n<\/section>\n<\/div><\/div>\n\n\n\n<div id=\"kontakt-zapytaj-o-inwestycje\" class=\"wp-block-group eplus-wrapper\"><div class=\"wp-block-group__inner-container is-layout-constrained wp-block-group-is-layout-constrained\"><div style=\"height: clamp(8rem, 8vw, 16rem);\" aria-hidden=\"true\"><\/div>\n\n\n\t<section data-aos=\"fade-up\" class=\"quote alignfull\">\n\t<div class=\"container\">\n\t\t<div class=\"py-clamp-48 px-24 lg:px-clamp-112 flex flex-col lg:flex-row items-center justify-between gap-clamp-40 relative before:border-primary-50 after:border-primary-50 before:absolute before:left-0 before:top-0 before:size-clamp-40 before:border-l-5 before:border-t-5 after:absolute after:right-0 after:bottom-0 after:size-clamp-40 after:border-r-5 after:border-b-5 max-w-[111.4rem] mx-auto\">\n\t\t\t<div class=\"h5 text-neutral-1000 font-semibold\">\n\t\t\t\t<p class=\"h5\">B\u0105d\u017a na bie\u017c\u0105co, nie przegap startu inwestycji. Poinformujemy Ci\u0119 w pierwszej kolejno\u015bci o uruchomieniu przedsprzeda\u017cy.<\/p>\n\n\t\t\t<\/div>\n\t\t\t<div class=\" flex justify-end \">\n\t\t\t\t\n\n\n\t\n\t\t<a href=\"#!\" target=\"_self\"  class=\"button primary pr-clamp-24 popup-button text-nowrap pr-0\">\n\n\t\t\t<span class=\"button__icon\">\n\t\t\t\t<span>\n\t\t\t\t\t\t\t\t\t\t\t<svg xmlns=\"http:\/\/www.w3.org\/2000\/svg\" width=\"24\" height=\"24\" viewBox=\"0 0 24 24\" fill=\"none\">\n<path d=\"M10 7L15 12L10 17\" stroke=\"currentColor\" stroke-width=\"4\" stroke-linecap=\"square\"\/>\n<\/svg>\n\t\t\t\t\t\n\t\t\t\t<\/span>\n\t\t\t<\/span>\n\n\t\t\t\t\t\t\t<span class=\"button__text\">\n\t\t\t\t\tSkontaktuj si\u0119 z nami\n\t\t\t\t<\/span>\n\t\t\t\t\t<\/a>\n\n\t\n\t\t\t<\/div>\n\t\t<\/div>\n\t<\/div>\n<\/section>\n<\/div><\/div>\n\n\n<dialog class=\"popup [&#038;::backdrop]:bg-black\/70\" data-trigger-class=\"popup-button\">\n  <div class=\"relative bg-neutral-0 px-24 sm:px-clamp-72 py-clamp-56 lg:max-w-[66.2rem]\">\n    \n    <div class=\"heading default left black flex flex-col gap-clamp-32\">\n                \n        \n            <h4 class=\"   mb-8\">\n\n                    Formularz kontaktowy\n\n            <\/h4>\n\n            <\/div>\n\n\n    \n    <div class=\"mt-clamp-32\">\n\n                \n<div class=\"wpcf7 no-js\" id=\"wpcf7-f1058-o2\" lang=\"pl-PL\" dir=\"ltr\" data-wpcf7-id=\"1058\">\n<div class=\"screen-reader-response\"><p role=\"status\" aria-live=\"polite\" aria-atomic=\"true\"><\/p> <ul><\/ul><\/div>\n<form action=\"\/index.php\/wp-json\/wp\/v2\/war_res_inv\/835#wpcf7-f1058-o2\" method=\"post\" class=\"wpcf7-form init\" aria-label=\"Formularz kontaktowy\" novalidate=\"novalidate\" data-status=\"init\">\n<fieldset class=\"hidden-fields-container\"><input type=\"hidden\" name=\"_wpcf7\" value=\"1058\" \/><input type=\"hidden\" name=\"_wpcf7_version\" value=\"6.1.5\" \/><input type=\"hidden\" name=\"_wpcf7_locale\" value=\"pl_PL\" \/><input type=\"hidden\" name=\"_wpcf7_unit_tag\" value=\"wpcf7-f1058-o2\" \/><input type=\"hidden\" name=\"_wpcf7_container_post\" value=\"0\" \/><input type=\"hidden\" name=\"_wpcf7_posted_data_hash\" value=\"\" \/><input type=\"hidden\" name=\"_wpcf7_recaptcha_response\" value=\"\" \/>\n<\/fieldset>\n<div class=\"form-row\">\n<label>Imi\u0119 i nazwisko<\/label>\n<span class=\"wpcf7-form-control-wrap\" data-name=\"your-name\"><input size=\"40\" maxlength=\"400\" class=\"wpcf7-form-control wpcf7-text wpcf7-validates-as-required\" autocomplete=\"name\" aria-required=\"true\" aria-invalid=\"false\" value=\"\" type=\"text\" name=\"your-name\" \/><\/span>\n<\/div>\n\n<div class=\"form-row\">\n<label>Adres e-mail<\/label>\n<span class=\"wpcf7-form-control-wrap\" data-name=\"your-email\"><input size=\"40\" maxlength=\"400\" class=\"wpcf7-form-control wpcf7-email wpcf7-validates-as-required wpcf7-text wpcf7-validates-as-email\" autocomplete=\"email\" aria-required=\"true\" aria-invalid=\"false\" value=\"\" type=\"email\" name=\"your-email\" \/><\/span>\n<\/div>\n\n<div class=\"form-row\">\n<label>Numer telefonu (opcjonalnie)<\/label>\n<span class=\"wpcf7-form-control-wrap\" data-name=\"your-phone-number\"><input size=\"40\" maxlength=\"400\" class=\"wpcf7-form-control wpcf7-tel wpcf7-text wpcf7-validates-as-tel\" aria-invalid=\"false\" value=\"\" type=\"tel\" name=\"your-phone-number\" \/><\/span>\n<\/div>\n\n<div class=\"form-row\">\n<label>Wiadomo\u015b\u0107<\/label>\n<span class=\"wpcf7-form-control-wrap\" data-name=\"your-message\"><textarea cols=\"40\" rows=\"1\" maxlength=\"2000\" class=\"wpcf7-form-control wpcf7-textarea wpcf7-validates-as-required\" aria-required=\"true\" aria-invalid=\"false\" name=\"your-message\"><\/textarea><\/span> \n<\/div>\n\n<span class=\"wpcf7-form-control-wrap\" data-name=\"acceptance-gdpr\"><span class=\"wpcf7-form-control wpcf7-acceptance\"><span class=\"wpcf7-list-item\"><label><input type=\"checkbox\" name=\"acceptance-gdpr\" value=\"1\" aria-invalid=\"false\" \/><span class=\"wpcf7-list-item-label\">Administratorem Twoich danych jest Wary\u0144ski S.A. Grupa Holdingowa (kontakt: <a href=\"mailto:biuro@warynski.pl\">biuro@warynski.pl<\/a>). Twoje dane podane w formularzu przetwarzamy w celu kontaktu z Tob\u0105 i udzielenia odpowiedzi na Twoj\u0105 wiadomo\u015b\u0107. Masz prawo do: dost\u0119pu do swoich danych, ich sprostowania, usuni\u0119cia, ograniczenia przetwarzania oraz przenoszenia, sprzeciwu wobec przetwarzania danych, a tak\u017ce z\u0142o\u017cenia skargi dotycz\u0105cej przetwarzania danych. Wi\u0119cej informacji na temat przetwarzania danych osobowych znajdziesz <a href=\"\/klauzula-informacyjna\/\">tutaj<\/a>.<\/span><\/label><\/span><\/span><\/span>\n\n<div class=\"flex justify-end\">\n<div class=\"flex items-center relative\">\n<input class=\"wpcf7-form-control wpcf7-submit has-spinner button\" type=\"submit\" value=\"Wy\u015blij wiadomo\u015b\u0107\" \/>\n<\/div>\n<\/div><input type='hidden' class='wpcf7-pum' value='{\"closepopup\":false,\"closedelay\":0,\"openpopup\":false,\"openpopup_id\":0}' \/><div class=\"wpcf7-response-output\" aria-hidden=\"true\"><\/div>\n<\/form>\n<\/div>\n\n        \n    <\/div>\n\n    <button type=\"button\"\n        autofocus\n        class=\"absolute top-12 lg:top-clamp-24 right-12 lg:right-clamp-24 cursor-pointer hover:rotate-[360deg] transition-transform\"\n        data-close-button>\n        <span class=\"svg-container block size-clamp-56\"><svg width=\"56\" height=\"56\" viewbox=\"0 0 56 56\" fill=\"none\" xmlns=\"http:\/\/www.w3.org\/2000\/svg\">\n\t<path d=\"M15.2721 15.2721L40.7279 40.7279\" stroke=\"#161616\" stroke-width=\"4\"\/>\n\t<path d=\"M40.7283 15.2721L15.2725 40.7279\" stroke=\"#161616\" stroke-width=\"4\"\/>\n<\/svg><\/span>\n    <\/button>\n  <\/div>\n<\/dialog>\n\n<div style=\"height: clamp(8rem, 8vw, 16rem);\" aria-hidden=\"true\"><\/div>\n","protected":false},"featured_media":879,"template":"","war_city":[8],"class_list":["post-835","war_res_inv","type-war_res_inv","status-publish","has-post-thumbnail","hentry","war_city-jablonna"],"acf":[],"yoast_head":"<!-- This site is optimized with the Yoast SEO plugin v27.3 - https:\/\/yoast.com\/product\/yoast-seo-wordpress\/ -->\n<title>Osiedle Kwitn\u0105cych Jab\u0142oni - Wary\u0144ski S.A. Grupa Holdingowa<\/title>\n<meta name=\"robots\" content=\"index, follow, max-snippet:-1, max-image-preview:large, max-video-preview:-1\" \/>\n<link rel=\"canonical\" href=\"https:\/\/www.warynski.pl\/inwestycja-mieszkalna\/osiedle-kwitnacych-jabloni\/\" \/>\n<meta property=\"og:locale\" content=\"pl_PL\" \/>\n<meta property=\"og:type\" content=\"article\" \/>\n<meta property=\"og:title\" content=\"Osiedle Kwitn\u0105cych Jab\u0142oni - Wary\u0144ski S.A. Grupa Holdingowa\" \/>\n<meta property=\"og:url\" content=\"https:\/\/www.warynski.pl\/inwestycja-mieszkalna\/osiedle-kwitnacych-jabloni\/\" \/>\n<meta property=\"og:site_name\" content=\"Wary\u0144ski S.A. Grupa Holdingowa\" \/>\n<meta property=\"article:publisher\" content=\"https:\/\/www.facebook.com\/GrupaWarynski\" \/>\n<meta property=\"article:modified_time\" content=\"2025-02-21T08:29:48+00:00\" \/>\n<meta property=\"og:image\" content=\"https:\/\/www.warynski.pl\/wp-content\/uploads\/2024\/09\/Osiedle-Kwitnacych-Jabloni.jpg\" \/>\n\t<meta property=\"og:image:width\" content=\"1920\" \/>\n\t<meta property=\"og:image:height\" content=\"1080\" \/>\n\t<meta property=\"og:image:type\" content=\"image\/jpeg\" \/>\n<meta name=\"twitter:card\" content=\"summary_large_image\" \/>\n<meta name=\"twitter:label1\" content=\"Szacowany czas czytania\" \/>\n\t<meta name=\"twitter:data1\" content=\"1 minuta\" \/>\n<script type=\"application\/ld+json\" class=\"yoast-schema-graph\">{\"@context\":\"https:\\\/\\\/schema.org\",\"@graph\":[{\"@type\":\"WebPage\",\"@id\":\"https:\\\/\\\/www.warynski.pl\\\/inwestycja-mieszkalna\\\/osiedle-kwitnacych-jabloni\\\/\",\"url\":\"https:\\\/\\\/www.warynski.pl\\\/inwestycja-mieszkalna\\\/osiedle-kwitnacych-jabloni\\\/\",\"name\":\"Osiedle Kwitn\u0105cych Jab\u0142oni - Wary\u0144ski S.A. Grupa Holdingowa\",\"isPartOf\":{\"@id\":\"https:\\\/\\\/www.warynski.pl\\\/#website\"},\"primaryImageOfPage\":{\"@id\":\"https:\\\/\\\/www.warynski.pl\\\/inwestycja-mieszkalna\\\/osiedle-kwitnacych-jabloni\\\/#primaryimage\"},\"image\":{\"@id\":\"https:\\\/\\\/www.warynski.pl\\\/inwestycja-mieszkalna\\\/osiedle-kwitnacych-jabloni\\\/#primaryimage\"},\"thumbnailUrl\":\"https:\\\/\\\/www.warynski.pl\\\/wp-content\\\/uploads\\\/2024\\\/09\\\/Osiedle-Kwitnacych-Jabloni.jpg\",\"datePublished\":\"2025-02-18T11:20:18+00:00\",\"dateModified\":\"2025-02-21T08:29:48+00:00\",\"breadcrumb\":{\"@id\":\"https:\\\/\\\/www.warynski.pl\\\/inwestycja-mieszkalna\\\/osiedle-kwitnacych-jabloni\\\/#breadcrumb\"},\"inLanguage\":\"pl-PL\",\"potentialAction\":[{\"@type\":\"ReadAction\",\"target\":[\"https:\\\/\\\/www.warynski.pl\\\/inwestycja-mieszkalna\\\/osiedle-kwitnacych-jabloni\\\/\"]}]},{\"@type\":\"ImageObject\",\"inLanguage\":\"pl-PL\",\"@id\":\"https:\\\/\\\/www.warynski.pl\\\/inwestycja-mieszkalna\\\/osiedle-kwitnacych-jabloni\\\/#primaryimage\",\"url\":\"https:\\\/\\\/www.warynski.pl\\\/wp-content\\\/uploads\\\/2024\\\/09\\\/Osiedle-Kwitnacych-Jabloni.jpg\",\"contentUrl\":\"https:\\\/\\\/www.warynski.pl\\\/wp-content\\\/uploads\\\/2024\\\/09\\\/Osiedle-Kwitnacych-Jabloni.jpg\",\"width\":1920,\"height\":1080},{\"@type\":\"BreadcrumbList\",\"@id\":\"https:\\\/\\\/www.warynski.pl\\\/inwestycja-mieszkalna\\\/osiedle-kwitnacych-jabloni\\\/#breadcrumb\",\"itemListElement\":[{\"@type\":\"ListItem\",\"position\":1,\"name\":\"Strona g\u0142\u00f3wna\",\"item\":\"https:\\\/\\\/www.warynski.pl\\\/\"},{\"@type\":\"ListItem\",\"position\":2,\"name\":\"Inwestycje Mieszkaniowe\",\"item\":\"https:\\\/\\\/www.warynski.pl\\\/inwestycje-mieszkaniowe\\\/\"},{\"@type\":\"ListItem\",\"position\":3,\"name\":\"Osiedle Kwitn\u0105cych Jab\u0142oni\"}]},{\"@type\":\"WebSite\",\"@id\":\"https:\\\/\\\/www.warynski.pl\\\/#website\",\"url\":\"https:\\\/\\\/www.warynski.pl\\\/\",\"name\":\"Wary\u0144ski S.A. Grupa Holdingowa\",\"description\":\"\",\"publisher\":{\"@id\":\"https:\\\/\\\/www.warynski.pl\\\/#organization\"},\"potentialAction\":[{\"@type\":\"SearchAction\",\"target\":{\"@type\":\"EntryPoint\",\"urlTemplate\":\"https:\\\/\\\/www.warynski.pl\\\/?s={search_term_string}\"},\"query-input\":{\"@type\":\"PropertyValueSpecification\",\"valueRequired\":true,\"valueName\":\"search_term_string\"}}],\"inLanguage\":\"pl-PL\"},{\"@type\":\"Organization\",\"@id\":\"https:\\\/\\\/www.warynski.pl\\\/#organization\",\"name\":\"Wary\u0144ski S.A. Grupa Holdingowa\",\"url\":\"https:\\\/\\\/www.warynski.pl\\\/\",\"logo\":{\"@type\":\"ImageObject\",\"inLanguage\":\"pl-PL\",\"@id\":\"https:\\\/\\\/www.warynski.pl\\\/#\\\/schema\\\/logo\\\/image\\\/\",\"url\":\"https:\\\/\\\/www.warynski.pl\\\/wp-content\\\/uploads\\\/2024\\\/09\\\/logo-signet-1.svg\",\"contentUrl\":\"https:\\\/\\\/www.warynski.pl\\\/wp-content\\\/uploads\\\/2024\\\/09\\\/logo-signet-1.svg\",\"width\":56,\"height\":56,\"caption\":\"Wary\u0144ski S.A. Grupa Holdingowa\"},\"image\":{\"@id\":\"https:\\\/\\\/www.warynski.pl\\\/#\\\/schema\\\/logo\\\/image\\\/\"},\"sameAs\":[\"https:\\\/\\\/www.facebook.com\\\/GrupaWarynski\",\"https:\\\/\\\/www.instagram.com\\\/warynski_s_a\\\/\"]}]}<\/script>\n<!-- \/ Yoast SEO plugin. -->","yoast_head_json":{"title":"Osiedle Kwitn\u0105cych Jab\u0142oni - Wary\u0144ski S.A. Grupa Holdingowa","robots":{"index":"index","follow":"follow","max-snippet":"max-snippet:-1","max-image-preview":"max-image-preview:large","max-video-preview":"max-video-preview:-1"},"canonical":"https:\/\/www.warynski.pl\/inwestycja-mieszkalna\/osiedle-kwitnacych-jabloni\/","og_locale":"pl_PL","og_type":"article","og_title":"Osiedle Kwitn\u0105cych Jab\u0142oni - Wary\u0144ski S.A. Grupa Holdingowa","og_url":"https:\/\/www.warynski.pl\/inwestycja-mieszkalna\/osiedle-kwitnacych-jabloni\/","og_site_name":"Wary\u0144ski S.A. Grupa Holdingowa","article_publisher":"https:\/\/www.facebook.com\/GrupaWarynski","article_modified_time":"2025-02-21T08:29:48+00:00","og_image":[{"width":1920,"height":1080,"url":"https:\/\/www.warynski.pl\/wp-content\/uploads\/2024\/09\/Osiedle-Kwitnacych-Jabloni.jpg","type":"image\/jpeg"}],"twitter_card":"summary_large_image","twitter_misc":{"Szacowany czas czytania":"1 minuta"},"schema":{"@context":"https:\/\/schema.org","@graph":[{"@type":"WebPage","@id":"https:\/\/www.warynski.pl\/inwestycja-mieszkalna\/osiedle-kwitnacych-jabloni\/","url":"https:\/\/www.warynski.pl\/inwestycja-mieszkalna\/osiedle-kwitnacych-jabloni\/","name":"Osiedle Kwitn\u0105cych Jab\u0142oni - Wary\u0144ski S.A. Grupa Holdingowa","isPartOf":{"@id":"https:\/\/www.warynski.pl\/#website"},"primaryImageOfPage":{"@id":"https:\/\/www.warynski.pl\/inwestycja-mieszkalna\/osiedle-kwitnacych-jabloni\/#primaryimage"},"image":{"@id":"https:\/\/www.warynski.pl\/inwestycja-mieszkalna\/osiedle-kwitnacych-jabloni\/#primaryimage"},"thumbnailUrl":"https:\/\/www.warynski.pl\/wp-content\/uploads\/2024\/09\/Osiedle-Kwitnacych-Jabloni.jpg","datePublished":"2025-02-18T11:20:18+00:00","dateModified":"2025-02-21T08:29:48+00:00","breadcrumb":{"@id":"https:\/\/www.warynski.pl\/inwestycja-mieszkalna\/osiedle-kwitnacych-jabloni\/#breadcrumb"},"inLanguage":"pl-PL","potentialAction":[{"@type":"ReadAction","target":["https:\/\/www.warynski.pl\/inwestycja-mieszkalna\/osiedle-kwitnacych-jabloni\/"]}]},{"@type":"ImageObject","inLanguage":"pl-PL","@id":"https:\/\/www.warynski.pl\/inwestycja-mieszkalna\/osiedle-kwitnacych-jabloni\/#primaryimage","url":"https:\/\/www.warynski.pl\/wp-content\/uploads\/2024\/09\/Osiedle-Kwitnacych-Jabloni.jpg","contentUrl":"https:\/\/www.warynski.pl\/wp-content\/uploads\/2024\/09\/Osiedle-Kwitnacych-Jabloni.jpg","width":1920,"height":1080},{"@type":"BreadcrumbList","@id":"https:\/\/www.warynski.pl\/inwestycja-mieszkalna\/osiedle-kwitnacych-jabloni\/#breadcrumb","itemListElement":[{"@type":"ListItem","position":1,"name":"Strona g\u0142\u00f3wna","item":"https:\/\/www.warynski.pl\/"},{"@type":"ListItem","position":2,"name":"Inwestycje Mieszkaniowe","item":"https:\/\/www.warynski.pl\/inwestycje-mieszkaniowe\/"},{"@type":"ListItem","position":3,"name":"Osiedle Kwitn\u0105cych Jab\u0142oni"}]},{"@type":"WebSite","@id":"https:\/\/www.warynski.pl\/#website","url":"https:\/\/www.warynski.pl\/","name":"Wary\u0144ski S.A. Grupa Holdingowa","description":"","publisher":{"@id":"https:\/\/www.warynski.pl\/#organization"},"potentialAction":[{"@type":"SearchAction","target":{"@type":"EntryPoint","urlTemplate":"https:\/\/www.warynski.pl\/?s={search_term_string}"},"query-input":{"@type":"PropertyValueSpecification","valueRequired":true,"valueName":"search_term_string"}}],"inLanguage":"pl-PL"},{"@type":"Organization","@id":"https:\/\/www.warynski.pl\/#organization","name":"Wary\u0144ski S.A. Grupa Holdingowa","url":"https:\/\/www.warynski.pl\/","logo":{"@type":"ImageObject","inLanguage":"pl-PL","@id":"https:\/\/www.warynski.pl\/#\/schema\/logo\/image\/","url":"https:\/\/www.warynski.pl\/wp-content\/uploads\/2024\/09\/logo-signet-1.svg","contentUrl":"https:\/\/www.warynski.pl\/wp-content\/uploads\/2024\/09\/logo-signet-1.svg","width":56,"height":56,"caption":"Wary\u0144ski S.A. Grupa Holdingowa"},"image":{"@id":"https:\/\/www.warynski.pl\/#\/schema\/logo\/image\/"},"sameAs":["https:\/\/www.facebook.com\/GrupaWarynski","https:\/\/www.instagram.com\/warynski_s_a\/"]}]}},"gutenberg_blocks":[{"blockName":"custom-styles","attrs":{"styles":""}},{"blockName":"acf\/hero","attrs":{"name":"acf\/hero","data":{"bg_image":879,"_bg_image":"field_66c4a64b85c23","title_label":"","_title_label":"field_66be02efc147b","title_heading_text":"Osiedle Kwitn\u0105cych Jab\u0142oni","_title_heading_text":"field_638627ccced84","title_heading_level":"h1","_title_heading_level":"field_638627e7ced85","title_heading_variant":"default","_title_heading_variant":"field_63862847ced86","title_heading_color":"white","_title_heading_color":"field_66be0317c147d","title_heading_alignment":"center","_title_heading_alignment":"field_66be0333c147e","title_extra_classes":"","_title_extra_classes":"field_638628eeced88","title":"","_title":"field_66c4a65685c24","variant":"page-big","_variant":"field_66c4a87485c2c"},"mode":"edit"},"innerBlocks":[],"innerHTML":"","innerContent":[]},{"blockName":"acf\/separator","attrs":{"name":"acf\/separator","data":{"separator_values_min":"52","_separator_values_min":"field_659d1d0e47ee6","separator_values_max":"104","_separator_values_max":"field_659d1d4547ee7","separator_values":"","_separator_values":"field_659d261a7f4e0"},"mode":"edit"},"innerBlocks":[],"innerHTML":"","innerContent":[]},{"blockName":"acf\/submenu","attrs":{"name":"acf\/submenu","data":{"submenu_0_name":"Opis \/ O inwestycji","_submenu_0_name":"field_66d97cfd8832b","submenu_0_anchor":"opis-o-inwestycji","_submenu_0_anchor":"field_66d97d088832c","submenu_1_name":"Lokalizacja","_submenu_1_name":"field_66d97cfd8832b","submenu_1_anchor":"lokalizacja","_submenu_1_anchor":"field_66d97d088832c","submenu_2_name":"Kontakt \/ Zapytaj o inwestycj\u0119 ","_submenu_2_name":"field_66d97cfd8832b","submenu_2_anchor":"kontakt-zapytaj-o-inwestycje","_submenu_2_anchor":"field_66d97d088832c","submenu":3,"_submenu":"field_66d97ceb88329"},"mode":"edit"},"innerBlocks":[],"innerHTML":"","innerContent":[]},{"blockName":"core\/group","attrs":{"className":"eplus-wrapper","layout":{"type":"constrained"}},"innerBlocks":[{"blockName":"acf\/separator","attrs":{"name":"acf\/separator","data":{"separator_values_min":"64","_separator_values_min":"field_659d1d0e47ee6","separator_values_max":"128","_separator_values_max":"field_659d1d4547ee7","separator_values":"","_separator_values":"field_659d261a7f4e0"},"mode":"edit"},"innerBlocks":[],"innerHTML":"","innerContent":[]},{"blockName":"acf\/alternating-sections","attrs":{"name":"acf\/alternating-sections","data":{"sections_0_heading_label":"","_sections_0_heading_label":"field_66be02efc147b","sections_0_heading_heading_text":"O inwestycji","_sections_0_heading_heading_text":"field_638627ccced84","sections_0_heading_heading_level":"h3","_sections_0_heading_heading_level":"field_638627e7ced85","sections_0_heading_heading_variant":"h5","_sections_0_heading_heading_variant":"field_63862847ced86","sections_0_heading_heading_color":"black","_sections_0_heading_heading_color":"field_66be0317c147d","sections_0_heading_heading_alignment":"left","_sections_0_heading_heading_alignment":"field_66be0333c147e","sections_0_heading_extra_classes":"","_sections_0_heading_extra_classes":"field_638628eeced88","sections_0_heading":"","_sections_0_heading":"field_66e024f86bb15","sections_0_text":"<span style=\"font-weight: 400;\">Zamieszkaj z dala od zgie\u0142ku stolicy, ale w jej pobli\u017cu, w towarzystwie natury i w\u015br\u00f3d niedu\u017cej spo\u0142eczno\u015bci \u2013 na Osiedlu Kwitn\u0105cych Jab\u0142oni. <\/span><b>Odetchnij, wycisz si\u0119, zyskaj r\u00f3wnowag\u0119, nie rezygnuj\u0105c z mo\u017cliwo\u015bci, kt\u00f3re zapewnia Warszawa<\/b><span style=\"font-weight: 400;\">. Kameralne osiedle w podwarszawskiej Jab\u0142onnie to nowa inwestycja Grupy Wary\u0144ski. Z\u0142o\u017c\u0105 si\u0119 na ni\u0105 4 kameralne budynki mieszkalne wielorodzinne (po 8 lokali), zesp\u00f3\u0142 11 dom\u00f3w jednorodzinnych w zabudowie szeregowej i wolnostoj\u0105cej (po 2 lokale) oraz jeden budynek wielorodzinny z us\u0142ugowym parterem.<\/span>\r\n\r\n<span style=\"font-weight: 400;\">Inwestycja obecnie znajduje si\u0119 w fazie projektowej. Zach\u0119camy jednak do \u015bledzenia oferty, a tak\u017ce kontaktu z nasz\u0105 firm\u0105. Jako sp\u00f3\u0142ka skarbu pa\u0144stwa oraz cz\u0142onek Polskiego Zwi\u0105zku Firm Deweloperskich gwarantujemy transparentno\u015b\u0107 oferty i wsparcie na ka\u017cdym etapie inwestycji.<\/span>","_sections_0_text":"field_66e025106bb16","sections_0_img":1329,"_sections_0_img":"field_66e025a36bb17","sections_1_heading_label":"","_sections_1_heading_label":"field_66be02efc147b","sections_1_heading_heading_text":"Spok\u00f3j, oddech, r\u00f3wnowaga \u2013 skorzystaj z urok\u00f3w podmiejskiego \u017cycia","_sections_1_heading_heading_text":"field_638627ccced84","sections_1_heading_heading_level":"h3","_sections_1_heading_heading_level":"field_638627e7ced85","sections_1_heading_heading_variant":"h5","_sections_1_heading_heading_variant":"field_63862847ced86","sections_1_heading_heading_color":"black","_sections_1_heading_heading_color":"field_66be0317c147d","sections_1_heading_heading_alignment":"left","_sections_1_heading_heading_alignment":"field_66be0333c147e","sections_1_heading_extra_classes":"","_sections_1_heading_extra_classes":"field_638628eeced88","sections_1_heading":"","_sections_1_heading":"field_66e024f86bb15","sections_1_text":"<span style=\"font-weight: 400;\">Osiedle Kwitn\u0105cych Jab\u0142oni to przestrze\u0144 tworzona z my\u015bl\u0105 zar\u00f3wno o rodzinach, jak i singlach czy seniorach. Zapewni znakomit\u0105 komunikacj\u0119 z Warszaw\u0105: sprawny dojazd do centrum, a tak\u017ce ka\u017cdej dzielnicy Warszawy, jednocze\u015bnie uwzgl\u0119dniaj\u0105c wszystkie uroki podmiejskiego \u017cycia. Przyszli nabywcy b\u0119d\u0105 si\u0119 tu cieszy\u0107 cisz\u0105, towarzystwem natury i spokojem, tworz\u0105c niewielk\u0105 s\u0105siedzk\u0105 spo\u0142eczno\u015b\u0107.<\/span>\r\n\r\n<span style=\"font-weight: 400;\">Mimo podwarszawskiej lokalizacji nieruchomo\u015b\u0107 wyr\u00f3\u017cni wysoki miejski standard, a tak\u017ce nowoczesny design. Projektujemy <\/span><b>praktyczne mieszkania \u2013 przestronne, z funkcjonalnym rozk\u0142adem i du\u017c\u0105 ilo\u015bci\u0105 naturalnego \u015bwiat\u0142a<\/b><span style=\"font-weight: 400;\">, kt\u00f3re dzi\u0119ki nowym technologiom oraz innowacjom zapewni\u0105 codzienny komfort.<\/span>","_sections_1_text":"field_66e025106bb16","sections_1_img":2915,"_sections_1_img":"field_66e025a36bb17","sections":2,"_sections":"field_66e024e86bb14"},"mode":"edit"},"innerBlocks":[],"innerHTML":"","innerContent":[]}],"innerHTML":"\n<div id=\"opis-o-inwestycji\" class=\"wp-block-group eplus-wrapper\">\n\n<\/div>\n","innerContent":["\n<div id=\"opis-o-inwestycji\" class=\"wp-block-group eplus-wrapper\">",null,"\n\n",null,"<\/div>\n"]},{"blockName":"core\/group","attrs":{"className":"alignfull eplus-wrapper","layout":{"type":"constrained"}},"innerBlocks":[{"blockName":"acf\/separator","attrs":{"name":"acf\/separator","data":{"separator_values_min":"80","_separator_values_min":"field_659d1d0e47ee6","separator_values_max":"160","_separator_values_max":"field_659d1d4547ee7","separator_values":"","_separator_values":"field_659d261a7f4e0"},"mode":"edit"},"innerBlocks":[],"innerHTML":"","innerContent":[]},{"blockName":"acf\/google-map","attrs":{"name":"acf\/google-map","data":{"heading_label":"","_heading_label":"field_66be02efc147b","heading_heading_text":"Z dala od zgie\u0142ku miasta, ale ze sprawnym dojazdem do stolicy","_heading_heading_text":"field_638627ccced84","heading_heading_level":"h2","_heading_heading_level":"field_638627e7ced85","heading_heading_variant":"h4","_heading_heading_variant":"field_63862847ced86","heading_heading_color":"black","_heading_heading_color":"field_66be0317c147d","heading_heading_alignment":"left","_heading_heading_alignment":"field_66be0333c147e","heading_extra_classes":"","_heading_extra_classes":"field_638628eeced88","heading":"","_heading":"field_66e0188201e19","text":"<span style=\"font-weight: 400;\">Ogromnym atutem inwestycji jest lokalizacja. W pobli\u017cu znajduj\u0105 si\u0119 nie tylko liczne tereny zielone (w tym zesp\u00f3\u0142 parkowo-pa\u0142acowy), lecz tak\u017ce punkty handlowe i us\u0142ugowe oraz infrastruktura szkolno-przedszkolna. Ka\u017cdy mieszkaniec osiedla sprawnie dojedzie do stolicy zar\u00f3wno samochodem (oko\u0142o 20\u201330 minut), jak i \u015brodkami transportu publicznego (oko\u0142o godziny). <\/span>","_text":"field_66e0189b01e1a","which_map_displayed":"google_map","_which_map_displayed":"field_642bfdc84e484","gm_api_key":"AIzaSyAslimTqyYLCwZz1l-so8hXJmEqGf_qyWY","_gm_api_key":"field_642c10dc1e2c8","latitude":"52.377283855992744","_latitude":"field_642bfec855a19","longitude":"20.919832412839103","_longitude":"field_642bff1fcedbf","marker_icon":2711,"_marker_icon":"field_642c111b1e2c9"},"mode":"edit"},"innerBlocks":[],"innerHTML":"","innerContent":[]}],"innerHTML":"\n<div id=\"lokalizacja\" class=\"wp-block-group alignfull eplus-wrapper\">\n\n<\/div>\n","innerContent":["\n<div id=\"lokalizacja\" class=\"wp-block-group alignfull eplus-wrapper\">",null,"\n\n",null,"<\/div>\n"]},{"blockName":"core\/group","attrs":{"className":"eplus-wrapper","layout":{"type":"constrained"}},"innerBlocks":[{"blockName":"acf\/separator","attrs":{"name":"acf\/separator","data":{"separator_values_min":"80","_separator_values_min":"field_659d1d0e47ee6","separator_values_max":"160","_separator_values_max":"field_659d1d4547ee7","separator_values":"","_separator_values":"field_659d261a7f4e0"},"mode":"edit"},"innerBlocks":[],"innerHTML":"","innerContent":[]},{"blockName":"acf\/quote","attrs":{"name":"acf\/quote","data":{"variant":"investment","_variant":"field_66dadc3ac3cf1","text":"<p class=\"h5\">B\u0105d\u017a na bie\u017c\u0105co, nie przegap startu inwestycji. Poinformujemy Ci\u0119 w pierwszej kolejno\u015bci o uruchomieniu przedsprzeda\u017cy.","_text":"field_66d6a694b5db6","button_title":"Skontaktuj si\u0119 z nami","_button_title":"field_61d40397c2f0a","button_button_type":"link","_button_button_type":"field_63bbde3b8f0d0","button_url":"#!","_button_url":"field_61d4039bc2f0b","button_icon":"","_button_icon":"field_66be1c7b32422","button_button_style":"primary","_button_button_style":"field_63872d045d0f0","button_target":"_self","_button_target":"field_63872c705d0ef","button_button_extra_classes":"popup-button","_button_button_extra_classes":"field_642beab6a97de","button":"","_button":"field_66d6a69cb5db7"},"mode":"edit"},"innerBlocks":[],"innerHTML":"","innerContent":[]}],"innerHTML":"\n<div id=\"kontakt-zapytaj-o-inwestycje\" class=\"wp-block-group eplus-wrapper\">\n\n<\/div>\n","innerContent":["\n<div id=\"kontakt-zapytaj-o-inwestycje\" class=\"wp-block-group eplus-wrapper\">",null,"\n\n",null,"<\/div>\n"]},{"blockName":"acf\/popup","attrs":{"name":"acf\/popup","data":{"contact_form":["1058"],"_contact_form":"field_66daa2b25afad","title_label":"","_title_label":"field_66be02efc147b","title_heading_text":"Formularz kontaktowy","_title_heading_text":"field_638627ccced84","title_heading_level":"h4","_title_heading_level":"field_638627e7ced85","title_heading_variant":"default","_title_heading_variant":"field_63862847ced86","title_heading_color":"black","_title_heading_color":"field_66be0317c147d","title_heading_alignment":"left","_title_heading_alignment":"field_66be0333c147e","title_extra_classes":"","_title_extra_classes":"field_638628eeced88","title":"","_title":"field_66daaa39f2ffe","text":"","_text":"field_66daaa60f2fff","trigger_class":"popup-button","_trigger_class":"field_66daaa7df3001"},"mode":"edit"},"innerBlocks":[],"innerHTML":"","innerContent":[]},{"blockName":"acf\/separator","attrs":{"name":"acf\/separator","data":{"separator_values_min":"80","_separator_values_min":"field_659d1d0e47ee6","separator_values_max":"160","_separator_values_max":"field_659d1d4547ee7","separator_values":"","_separator_values":"field_659d261a7f4e0"},"mode":"edit"},"innerBlocks":[],"innerHTML":"","innerContent":[]}],"meta_data":{"stage":"in_progress","address":"Jab\u0142onna, ul. Modli\u0144ska"},"_links":{"self":[{"href":"https:\/\/www.warynski.pl\/index.php\/wp-json\/wp\/v2\/war_res_inv\/835","targetHints":{"allow":["GET"]}}],"collection":[{"href":"https:\/\/www.warynski.pl\/index.php\/wp-json\/wp\/v2\/war_res_inv"}],"about":[{"href":"https:\/\/www.warynski.pl\/index.php\/wp-json\/wp\/v2\/types\/war_res_inv"}],"wp:featuredmedia":[{"embeddable":true,"href":"https:\/\/www.warynski.pl\/index.php\/wp-json\/wp\/v2\/media\/879"}],"wp:attachment":[{"href":"https:\/\/www.warynski.pl\/index.php\/wp-json\/wp\/v2\/media?parent=835"}],"wp:term":[{"taxonomy":"war_city","embeddable":true,"href":"https:\/\/www.warynski.pl\/index.php\/wp-json\/wp\/v2\/war_city?post=835"}],"curies":[{"name":"wp","href":"https:\/\/api.w.org\/{rel}","templated":true}]}}