{"id":3411,"date":"2026-03-16T14:11:43","date_gmt":"2026-03-16T13:11:43","guid":{"rendered":"https:\/\/www.warynski.pl\/?post_type=war_shareholders&#038;p=3411"},"modified":"2026-03-17T10:19:59","modified_gmt":"2026-03-17T09:19:59","slug":"zwolanie-zwyczajnego-walnego-zgromadzenia-adextra-s-a-w-likwidacji-2","status":"publish","type":"war_shareholders","link":"https:\/\/www.warynski.pl\/akcjonariat\/zwolanie-zwyczajnego-walnego-zgromadzenia-adextra-s-a-w-likwidacji-2\/","title":{"rendered":"Zwo\u0142anie Nadzwyczajnego Walnego Zgromadzenia Adextra S.A. w likwidacji"},"content":{"rendered":"\n<p class=\"has-text-align-left\">Likwidator Adextra S.A. w likwidacji z siedzib\u0105 w&nbsp;Warszawie, wpisanej do Krajowego Rejestru S\u0105dowego Rejestru Przedsi\u0119biorc\u00f3w prowadzonego przez S\u0105d Rejonowy dla m.st. Warszawy XIII Wydzia\u0142 Gospodarczy KRS pod numerem KRS 0000153943, dzia\u0142aj\u0105c na podstawie art. 399 \u00a7 1, art. 402 \u00a7 1 K.s.h. zwo\u0142uje <strong>Nadzwyczajne Walne Zgromadzenie<\/strong> Adextra S.A. w&nbsp;likwidacji <strong>na dzie\u0144 23 marca 2026 roku o godz. 9<sup>00<\/sup>&nbsp;<\/strong>w siedzibie Sp\u00f3\u0142ki w Warszawie, przy ul. Jana Kazimierza 3 (biurowiec EQlibrium &#8211; X pi\u0119tro) z nast\u0119puj\u0105cym porz\u0105dkiem obrad:<\/p>\n\n\n\n<p>1. Otwarcie obrad Walnego Zgromadzenia Adextra S.A. w likwidacji.<\/p>\n\n\n\n<p>2. Wyb\u00f3r Przewodnicz\u0105cego Zgromadzenia.<\/p>\n\n\n\n<p>3. Stwierdzenie prawid\u0142owo\u015bci zwo\u0142ania Zgromadzenia&nbsp; i&nbsp;jego zdolno\u015bci do podejmowania uchwa\u0142.<\/p>\n\n\n\n<p>4. Przyj\u0119cie porz\u0105dku obrad.<\/p>\n\n\n\n<p>5. Powzi\u0119cie uchwa\u0142y w sprawie wyra\u017cenia zgody na zbycie nieruchomo\u015bci po\u0142o\u017conej przy ul. Markowskiego w Piasecznie bez przeprowadzania przetargu na rzecz El\u017cbiety i Jerzego Zi\u0119tkiewicz\u00f3w na uzgodnionych warunkach (\u00a7 58<sup>1 <\/sup>ust. 2 Statutu).<\/p>\n\n\n\n<p>6. Zamkni\u0119cie obrad Walnego Zgromadzenia.<\/p>\n","protected":false},"excerpt":{"rendered":"<p>Likwidator Adextra S.A. w likwidacji z siedzib\u0105 w&nbsp;Warszawie, wpisanej do Krajowego Rejestru S\u0105dowego Rejestru Przedsi\u0119biorc\u00f3w prowadzonego przez S\u0105d Rejonowy dla m.st. Warszawy XIII Wydzia\u0142 Gospodarczy KRS pod numerem KRS 0000153943, dzia\u0142aj\u0105c na podstawie art. 399 \u00a7 1, art. 402 \u00a7 1 K.s.h. zwo\u0142uje Nadzwyczajne Walne Zgromadzenie Adextra S.A. w&nbsp;likwidacji na dzie\u0144 23 marca 2026 roku [&hellip;]<\/p>\n","protected":false},"featured_media":3142,"template":"","class_list":["post-3411","war_shareholders","type-war_shareholders","status-publish","has-post-thumbnail","hentry"],"acf":[],"yoast_head":"<!-- This site is optimized with the Yoast SEO plugin v27.3 - https:\/\/yoast.com\/product\/yoast-seo-wordpress\/ -->\n<title>Zwo\u0142anie Nadzwyczajnego Walnego Zgromadzenia Adextra S.A. w likwidacji - Wary\u0144ski S.A. Grupa Holdingowa<\/title>\n<meta name=\"robots\" content=\"index, follow, max-snippet:-1, max-image-preview:large, max-video-preview:-1\" \/>\n<link rel=\"canonical\" href=\"https:\/\/www.warynski.pl\/akcjonariat\/zwolanie-zwyczajnego-walnego-zgromadzenia-adextra-s-a-w-likwidacji-2\/\" \/>\n<meta property=\"og:locale\" content=\"pl_PL\" \/>\n<meta property=\"og:type\" content=\"article\" \/>\n<meta property=\"og:title\" content=\"Zwo\u0142anie Nadzwyczajnego Walnego Zgromadzenia Adextra S.A. w likwidacji - Wary\u0144ski S.A. Grupa Holdingowa\" \/>\n<meta property=\"og:description\" content=\"Likwidator Adextra S.A. w likwidacji z siedzib\u0105 w&nbsp;Warszawie, wpisanej do Krajowego Rejestru S\u0105dowego Rejestru Przedsi\u0119biorc\u00f3w prowadzonego przez S\u0105d Rejonowy dla m.st. Warszawy XIII Wydzia\u0142 Gospodarczy KRS pod numerem KRS 0000153943, dzia\u0142aj\u0105c na podstawie art. 399 \u00a7 1, art. 402 \u00a7 1 K.s.h. zwo\u0142uje Nadzwyczajne Walne Zgromadzenie Adextra S.A. w&nbsp;likwidacji na dzie\u0144 23 marca 2026 roku [&hellip;]\" \/>\n<meta property=\"og:url\" content=\"https:\/\/www.warynski.pl\/akcjonariat\/zwolanie-zwyczajnego-walnego-zgromadzenia-adextra-s-a-w-likwidacji-2\/\" \/>\n<meta property=\"og:site_name\" content=\"Wary\u0144ski S.A. Grupa Holdingowa\" \/>\n<meta property=\"article:publisher\" content=\"https:\/\/www.facebook.com\/GrupaWarynski\" \/>\n<meta property=\"article:modified_time\" content=\"2026-03-17T09:19:59+00:00\" \/>\n<meta property=\"og:image\" content=\"https:\/\/www.warynski.pl\/wp-content\/uploads\/2025\/06\/Bez-nazwy-A4-orientacja-pozioma-e1750687530456-1024x377.png\" \/>\n\t<meta property=\"og:image:width\" content=\"1024\" \/>\n\t<meta property=\"og:image:height\" content=\"377\" \/>\n\t<meta property=\"og:image:type\" content=\"image\/png\" \/>\n<meta name=\"twitter:card\" content=\"summary_large_image\" \/>\n<meta name=\"twitter:label1\" content=\"Szacowany czas czytania\" \/>\n\t<meta name=\"twitter:data1\" content=\"2 minuty\" \/>\n<script type=\"application\/ld+json\" class=\"yoast-schema-graph\">{\"@context\":\"https:\\\/\\\/schema.org\",\"@graph\":[{\"@type\":\"WebPage\",\"@id\":\"https:\\\/\\\/www.warynski.pl\\\/akcjonariat\\\/zwolanie-zwyczajnego-walnego-zgromadzenia-adextra-s-a-w-likwidacji-2\\\/\",\"url\":\"https:\\\/\\\/www.warynski.pl\\\/akcjonariat\\\/zwolanie-zwyczajnego-walnego-zgromadzenia-adextra-s-a-w-likwidacji-2\\\/\",\"name\":\"Zwo\u0142anie Nadzwyczajnego Walnego Zgromadzenia Adextra S.A. w likwidacji - Wary\u0144ski S.A. Grupa Holdingowa\",\"isPartOf\":{\"@id\":\"https:\\\/\\\/www.warynski.pl\\\/#website\"},\"primaryImageOfPage\":{\"@id\":\"https:\\\/\\\/www.warynski.pl\\\/akcjonariat\\\/zwolanie-zwyczajnego-walnego-zgromadzenia-adextra-s-a-w-likwidacji-2\\\/#primaryimage\"},\"image\":{\"@id\":\"https:\\\/\\\/www.warynski.pl\\\/akcjonariat\\\/zwolanie-zwyczajnego-walnego-zgromadzenia-adextra-s-a-w-likwidacji-2\\\/#primaryimage\"},\"thumbnailUrl\":\"https:\\\/\\\/www.warynski.pl\\\/wp-content\\\/uploads\\\/2025\\\/06\\\/Bez-nazwy-A4-orientacja-pozioma-e1750687530456.png\",\"datePublished\":\"2026-03-16T13:11:43+00:00\",\"dateModified\":\"2026-03-17T09:19:59+00:00\",\"breadcrumb\":{\"@id\":\"https:\\\/\\\/www.warynski.pl\\\/akcjonariat\\\/zwolanie-zwyczajnego-walnego-zgromadzenia-adextra-s-a-w-likwidacji-2\\\/#breadcrumb\"},\"inLanguage\":\"pl-PL\",\"potentialAction\":[{\"@type\":\"ReadAction\",\"target\":[\"https:\\\/\\\/www.warynski.pl\\\/akcjonariat\\\/zwolanie-zwyczajnego-walnego-zgromadzenia-adextra-s-a-w-likwidacji-2\\\/\"]}]},{\"@type\":\"ImageObject\",\"inLanguage\":\"pl-PL\",\"@id\":\"https:\\\/\\\/www.warynski.pl\\\/akcjonariat\\\/zwolanie-zwyczajnego-walnego-zgromadzenia-adextra-s-a-w-likwidacji-2\\\/#primaryimage\",\"url\":\"https:\\\/\\\/www.warynski.pl\\\/wp-content\\\/uploads\\\/2025\\\/06\\\/Bez-nazwy-A4-orientacja-pozioma-e1750687530456.png\",\"contentUrl\":\"https:\\\/\\\/www.warynski.pl\\\/wp-content\\\/uploads\\\/2025\\\/06\\\/Bez-nazwy-A4-orientacja-pozioma-e1750687530456.png\",\"width\":2000,\"height\":737},{\"@type\":\"BreadcrumbList\",\"@id\":\"https:\\\/\\\/www.warynski.pl\\\/akcjonariat\\\/zwolanie-zwyczajnego-walnego-zgromadzenia-adextra-s-a-w-likwidacji-2\\\/#breadcrumb\",\"itemListElement\":[{\"@type\":\"ListItem\",\"position\":1,\"name\":\"Strona g\u0142\u00f3wna\",\"item\":\"https:\\\/\\\/www.warynski.pl\\\/\"},{\"@type\":\"ListItem\",\"position\":2,\"name\":\"Akcjonariusze\",\"item\":\"https:\\\/\\\/www.warynski.pl\\\/o-nas\\\/akcjonariusze\\\/\"},{\"@type\":\"ListItem\",\"position\":3,\"name\":\"Zwo\u0142anie Nadzwyczajnego Walnego Zgromadzenia Adextra S.A. w likwidacji\"}]},{\"@type\":\"WebSite\",\"@id\":\"https:\\\/\\\/www.warynski.pl\\\/#website\",\"url\":\"https:\\\/\\\/www.warynski.pl\\\/\",\"name\":\"Wary\u0144ski S.A. Grupa Holdingowa\",\"description\":\"\",\"publisher\":{\"@id\":\"https:\\\/\\\/www.warynski.pl\\\/#organization\"},\"potentialAction\":[{\"@type\":\"SearchAction\",\"target\":{\"@type\":\"EntryPoint\",\"urlTemplate\":\"https:\\\/\\\/www.warynski.pl\\\/?s={search_term_string}\"},\"query-input\":{\"@type\":\"PropertyValueSpecification\",\"valueRequired\":true,\"valueName\":\"search_term_string\"}}],\"inLanguage\":\"pl-PL\"},{\"@type\":\"Organization\",\"@id\":\"https:\\\/\\\/www.warynski.pl\\\/#organization\",\"name\":\"Wary\u0144ski S.A. Grupa Holdingowa\",\"url\":\"https:\\\/\\\/www.warynski.pl\\\/\",\"logo\":{\"@type\":\"ImageObject\",\"inLanguage\":\"pl-PL\",\"@id\":\"https:\\\/\\\/www.warynski.pl\\\/#\\\/schema\\\/logo\\\/image\\\/\",\"url\":\"https:\\\/\\\/www.warynski.pl\\\/wp-content\\\/uploads\\\/2024\\\/09\\\/logo-signet-1.svg\",\"contentUrl\":\"https:\\\/\\\/www.warynski.pl\\\/wp-content\\\/uploads\\\/2024\\\/09\\\/logo-signet-1.svg\",\"width\":56,\"height\":56,\"caption\":\"Wary\u0144ski S.A. Grupa Holdingowa\"},\"image\":{\"@id\":\"https:\\\/\\\/www.warynski.pl\\\/#\\\/schema\\\/logo\\\/image\\\/\"},\"sameAs\":[\"https:\\\/\\\/www.facebook.com\\\/GrupaWarynski\",\"https:\\\/\\\/www.instagram.com\\\/warynski_s_a\\\/\"]}]}<\/script>\n<!-- \/ Yoast SEO plugin. -->","yoast_head_json":{"title":"Zwo\u0142anie Nadzwyczajnego Walnego Zgromadzenia Adextra S.A. w likwidacji - Wary\u0144ski S.A. Grupa Holdingowa","robots":{"index":"index","follow":"follow","max-snippet":"max-snippet:-1","max-image-preview":"max-image-preview:large","max-video-preview":"max-video-preview:-1"},"canonical":"https:\/\/www.warynski.pl\/akcjonariat\/zwolanie-zwyczajnego-walnego-zgromadzenia-adextra-s-a-w-likwidacji-2\/","og_locale":"pl_PL","og_type":"article","og_title":"Zwo\u0142anie Nadzwyczajnego Walnego Zgromadzenia Adextra S.A. w likwidacji - Wary\u0144ski S.A. Grupa Holdingowa","og_description":"Likwidator Adextra S.A. w likwidacji z siedzib\u0105 w&nbsp;Warszawie, wpisanej do Krajowego Rejestru S\u0105dowego Rejestru Przedsi\u0119biorc\u00f3w prowadzonego przez S\u0105d Rejonowy dla m.st. Warszawy XIII Wydzia\u0142 Gospodarczy KRS pod numerem KRS 0000153943, dzia\u0142aj\u0105c na podstawie art. 399 \u00a7 1, art. 402 \u00a7 1 K.s.h. zwo\u0142uje Nadzwyczajne Walne Zgromadzenie Adextra S.A. w&nbsp;likwidacji na dzie\u0144 23 marca 2026 roku [&hellip;]","og_url":"https:\/\/www.warynski.pl\/akcjonariat\/zwolanie-zwyczajnego-walnego-zgromadzenia-adextra-s-a-w-likwidacji-2\/","og_site_name":"Wary\u0144ski S.A. Grupa Holdingowa","article_publisher":"https:\/\/www.facebook.com\/GrupaWarynski","article_modified_time":"2026-03-17T09:19:59+00:00","og_image":[{"width":1024,"height":377,"url":"https:\/\/www.warynski.pl\/wp-content\/uploads\/2025\/06\/Bez-nazwy-A4-orientacja-pozioma-e1750687530456-1024x377.png","type":"image\/png"}],"twitter_card":"summary_large_image","twitter_misc":{"Szacowany czas czytania":"2 minuty"},"schema":{"@context":"https:\/\/schema.org","@graph":[{"@type":"WebPage","@id":"https:\/\/www.warynski.pl\/akcjonariat\/zwolanie-zwyczajnego-walnego-zgromadzenia-adextra-s-a-w-likwidacji-2\/","url":"https:\/\/www.warynski.pl\/akcjonariat\/zwolanie-zwyczajnego-walnego-zgromadzenia-adextra-s-a-w-likwidacji-2\/","name":"Zwo\u0142anie Nadzwyczajnego Walnego Zgromadzenia Adextra S.A. w likwidacji - Wary\u0144ski S.A. Grupa Holdingowa","isPartOf":{"@id":"https:\/\/www.warynski.pl\/#website"},"primaryImageOfPage":{"@id":"https:\/\/www.warynski.pl\/akcjonariat\/zwolanie-zwyczajnego-walnego-zgromadzenia-adextra-s-a-w-likwidacji-2\/#primaryimage"},"image":{"@id":"https:\/\/www.warynski.pl\/akcjonariat\/zwolanie-zwyczajnego-walnego-zgromadzenia-adextra-s-a-w-likwidacji-2\/#primaryimage"},"thumbnailUrl":"https:\/\/www.warynski.pl\/wp-content\/uploads\/2025\/06\/Bez-nazwy-A4-orientacja-pozioma-e1750687530456.png","datePublished":"2026-03-16T13:11:43+00:00","dateModified":"2026-03-17T09:19:59+00:00","breadcrumb":{"@id":"https:\/\/www.warynski.pl\/akcjonariat\/zwolanie-zwyczajnego-walnego-zgromadzenia-adextra-s-a-w-likwidacji-2\/#breadcrumb"},"inLanguage":"pl-PL","potentialAction":[{"@type":"ReadAction","target":["https:\/\/www.warynski.pl\/akcjonariat\/zwolanie-zwyczajnego-walnego-zgromadzenia-adextra-s-a-w-likwidacji-2\/"]}]},{"@type":"ImageObject","inLanguage":"pl-PL","@id":"https:\/\/www.warynski.pl\/akcjonariat\/zwolanie-zwyczajnego-walnego-zgromadzenia-adextra-s-a-w-likwidacji-2\/#primaryimage","url":"https:\/\/www.warynski.pl\/wp-content\/uploads\/2025\/06\/Bez-nazwy-A4-orientacja-pozioma-e1750687530456.png","contentUrl":"https:\/\/www.warynski.pl\/wp-content\/uploads\/2025\/06\/Bez-nazwy-A4-orientacja-pozioma-e1750687530456.png","width":2000,"height":737},{"@type":"BreadcrumbList","@id":"https:\/\/www.warynski.pl\/akcjonariat\/zwolanie-zwyczajnego-walnego-zgromadzenia-adextra-s-a-w-likwidacji-2\/#breadcrumb","itemListElement":[{"@type":"ListItem","position":1,"name":"Strona g\u0142\u00f3wna","item":"https:\/\/www.warynski.pl\/"},{"@type":"ListItem","position":2,"name":"Akcjonariusze","item":"https:\/\/www.warynski.pl\/o-nas\/akcjonariusze\/"},{"@type":"ListItem","position":3,"name":"Zwo\u0142anie Nadzwyczajnego Walnego Zgromadzenia Adextra S.A. w likwidacji"}]},{"@type":"WebSite","@id":"https:\/\/www.warynski.pl\/#website","url":"https:\/\/www.warynski.pl\/","name":"Wary\u0144ski S.A. Grupa Holdingowa","description":"","publisher":{"@id":"https:\/\/www.warynski.pl\/#organization"},"potentialAction":[{"@type":"SearchAction","target":{"@type":"EntryPoint","urlTemplate":"https:\/\/www.warynski.pl\/?s={search_term_string}"},"query-input":{"@type":"PropertyValueSpecification","valueRequired":true,"valueName":"search_term_string"}}],"inLanguage":"pl-PL"},{"@type":"Organization","@id":"https:\/\/www.warynski.pl\/#organization","name":"Wary\u0144ski S.A. Grupa Holdingowa","url":"https:\/\/www.warynski.pl\/","logo":{"@type":"ImageObject","inLanguage":"pl-PL","@id":"https:\/\/www.warynski.pl\/#\/schema\/logo\/image\/","url":"https:\/\/www.warynski.pl\/wp-content\/uploads\/2024\/09\/logo-signet-1.svg","contentUrl":"https:\/\/www.warynski.pl\/wp-content\/uploads\/2024\/09\/logo-signet-1.svg","width":56,"height":56,"caption":"Wary\u0144ski S.A. Grupa Holdingowa"},"image":{"@id":"https:\/\/www.warynski.pl\/#\/schema\/logo\/image\/"},"sameAs":["https:\/\/www.facebook.com\/GrupaWarynski","https:\/\/www.instagram.com\/warynski_s_a\/"]}]}},"gutenberg_blocks":[{"blockName":"custom-styles","attrs":{"styles":""}},{"blockName":"core\/paragraph","attrs":{"align":"left"},"innerBlocks":[],"innerHTML":"\n<p class=\"has-text-align-left\">Likwidator Adextra S.A. w likwidacji z siedzib\u0105 w&nbsp;Warszawie, wpisanej do Krajowego Rejestru S\u0105dowego Rejestru Przedsi\u0119biorc\u00f3w prowadzonego przez S\u0105d Rejonowy dla m.st. Warszawy XIII Wydzia\u0142 Gospodarczy KRS pod numerem KRS 0000153943, dzia\u0142aj\u0105c na podstawie art. 399 \u00a7 1, art. 402 \u00a7 1 K.s.h. zwo\u0142uje <strong>Nadzwyczajne Walne Zgromadzenie<\/strong> Adextra S.A. w&nbsp;likwidacji <strong>na dzie\u0144 23 marca 2026 roku o godz. 9<sup>00<\/sup>&nbsp;<\/strong>w siedzibie Sp\u00f3\u0142ki w Warszawie, przy ul. Jana Kazimierza 3 (biurowiec EQlibrium - X pi\u0119tro) z nast\u0119puj\u0105cym porz\u0105dkiem obrad:<\/p>\n","innerContent":["\n<p class=\"has-text-align-left\">Likwidator Adextra S.A. w likwidacji z siedzib\u0105 w&nbsp;Warszawie, wpisanej do Krajowego Rejestru S\u0105dowego Rejestru Przedsi\u0119biorc\u00f3w prowadzonego przez S\u0105d Rejonowy dla m.st. Warszawy XIII Wydzia\u0142 Gospodarczy KRS pod numerem KRS 0000153943, dzia\u0142aj\u0105c na podstawie art. 399 \u00a7 1, art. 402 \u00a7 1 K.s.h. zwo\u0142uje <strong>Nadzwyczajne Walne Zgromadzenie<\/strong> Adextra S.A. w&nbsp;likwidacji <strong>na dzie\u0144 23 marca 2026 roku o godz. 9<sup>00<\/sup>&nbsp;<\/strong>w siedzibie Sp\u00f3\u0142ki w Warszawie, przy ul. Jana Kazimierza 3 (biurowiec EQlibrium - X pi\u0119tro) z nast\u0119puj\u0105cym porz\u0105dkiem obrad:<\/p>\n"]},{"blockName":"core\/paragraph","attrs":[],"innerBlocks":[],"innerHTML":"\n<p>1. Otwarcie obrad Walnego Zgromadzenia Adextra S.A. w likwidacji.<\/p>\n","innerContent":["\n<p>1. Otwarcie obrad Walnego Zgromadzenia Adextra S.A. w likwidacji.<\/p>\n"]},{"blockName":"core\/paragraph","attrs":[],"innerBlocks":[],"innerHTML":"\n<p>2. Wyb\u00f3r Przewodnicz\u0105cego Zgromadzenia.<\/p>\n","innerContent":["\n<p>2. Wyb\u00f3r Przewodnicz\u0105cego Zgromadzenia.<\/p>\n"]},{"blockName":"core\/paragraph","attrs":[],"innerBlocks":[],"innerHTML":"\n<p>3. Stwierdzenie prawid\u0142owo\u015bci zwo\u0142ania Zgromadzenia&nbsp; i&nbsp;jego zdolno\u015bci do podejmowania uchwa\u0142.<\/p>\n","innerContent":["\n<p>3. Stwierdzenie prawid\u0142owo\u015bci zwo\u0142ania Zgromadzenia&nbsp; i&nbsp;jego zdolno\u015bci do podejmowania uchwa\u0142.<\/p>\n"]},{"blockName":"core\/paragraph","attrs":[],"innerBlocks":[],"innerHTML":"\n<p>4. Przyj\u0119cie porz\u0105dku obrad.<\/p>\n","innerContent":["\n<p>4. Przyj\u0119cie porz\u0105dku obrad.<\/p>\n"]},{"blockName":"core\/paragraph","attrs":[],"innerBlocks":[],"innerHTML":"\n<p>5. Powzi\u0119cie uchwa\u0142y w sprawie wyra\u017cenia zgody na zbycie nieruchomo\u015bci po\u0142o\u017conej przy ul. Markowskiego w Piasecznie bez przeprowadzania przetargu na rzecz El\u017cbiety i Jerzego Zi\u0119tkiewicz\u00f3w na uzgodnionych warunkach (\u00a7 58<sup>1 <\/sup>ust. 2 Statutu).<\/p>\n","innerContent":["\n<p>5. Powzi\u0119cie uchwa\u0142y w sprawie wyra\u017cenia zgody na zbycie nieruchomo\u015bci po\u0142o\u017conej przy ul. Markowskiego w Piasecznie bez przeprowadzania przetargu na rzecz El\u017cbiety i Jerzego Zi\u0119tkiewicz\u00f3w na uzgodnionych warunkach (\u00a7 58<sup>1 <\/sup>ust. 2 Statutu).<\/p>\n"]},{"blockName":"core\/paragraph","attrs":[],"innerBlocks":[],"innerHTML":"\n<p>6. Zamkni\u0119cie obrad Walnego Zgromadzenia.<\/p>\n","innerContent":["\n<p>6. Zamkni\u0119cie obrad Walnego Zgromadzenia.<\/p>\n"]}],"meta_data":false,"_links":{"self":[{"href":"https:\/\/www.warynski.pl\/index.php\/wp-json\/wp\/v2\/war_shareholders\/3411","targetHints":{"allow":["GET"]}}],"collection":[{"href":"https:\/\/www.warynski.pl\/index.php\/wp-json\/wp\/v2\/war_shareholders"}],"about":[{"href":"https:\/\/www.warynski.pl\/index.php\/wp-json\/wp\/v2\/types\/war_shareholders"}],"wp:featuredmedia":[{"embeddable":true,"href":"https:\/\/www.warynski.pl\/index.php\/wp-json\/wp\/v2\/media\/3142"}],"wp:attachment":[{"href":"https:\/\/www.warynski.pl\/index.php\/wp-json\/wp\/v2\/media?parent=3411"}],"curies":[{"name":"wp","href":"https:\/\/api.w.org\/{rel}","templated":true}]}}